{"id":45444,"date":"2024-08-03T16:12:56","date_gmt":"2024-08-03T16:12:56","guid":{"rendered":"https:\/\/aja.pt\/?post_type=product&#038;p=45444"},"modified":"2024-08-03T16:27:51","modified_gmt":"2024-08-03T16:27:51","slug":"circulo-cultural-de-setubal","status":"publish","type":"product","link":"https:\/\/aja.pt\/en\/produto\/circulo-cultural-de-setubal\/","title":{"rendered":"O C\u00edrculo Cultural de Set\u00fabal&#8230;"},"content":{"rendered":"<p><span>Um livro que nos fala da relev\u00e2ncia que o C\u00edrculo Cultural de Set\u00fabal teve no \u00faltimo per\u00edodo da ditadura, do Governo de Marcelo Caetano. Uma associa\u00e7\u00e3o que deve ter sido \u00fanica no Pa\u00eds pelo grande dinamismo cultural que conseguiu imprimir \u00e0 sua ac\u00e7\u00e3o e por ter agrupado v\u00e1rias dezenas de jovens, provenientes de v\u00e1rias \u00e1reas pol\u00edticas e que fizeram a vida negra \u00e0 pol\u00edcia pol\u00edtica.<br \/>\nJos\u00e9 Afonso, que teve um papel de grande import\u00e2ncia na funda\u00e7\u00e3o do C\u00edrculo Cultural de Set\u00fabal, tendo sido um dos seus fundadores, \u00e9 lembrado na terceira parte da obra atrav\u00e9s da sua dimens\u00e3o de interventor pol\u00edtico, onde se mostra\u00a0<em>\u201co calv\u00e1rio e as persegui\u00e7\u00f5es\u201d<\/em>\u00a0sofridas pelo professor, poeta e m\u00fasico, autor de \u201cGr\u00e2ndola, Vila Morena\u201d, uma das senhas da revolu\u00e7\u00e3o de 25 de Abril,\u00a0<em>\u201cum homem profundamente livre, mas tamb\u00e9m profundamente solit\u00e1rio\u201d<\/em><\/span><\/p>\n","protected":false},"excerpt":{"rendered":"<p><span>O C\u00edrculo Cultural de Set\u00fabal \u2013 De Ninho Oposicionista a Quartel-General da Revolu\u00e7\u00e3o \u2013 O Redondo Voc\u00e1bulo pela m\u00e3o de Jos\u00e9 Afonso<\/span><\/p>\n","protected":false},"featured_media":45442,"template":"","meta":[],"product_cat":[62],"product_tag":[],"_links":{"self":[{"href":"https:\/\/aja.pt\/en\/wp-json\/wp\/v2\/product\/45444"}],"collection":[{"href":"https:\/\/aja.pt\/en\/wp-json\/wp\/v2\/product"}],"about":[{"href":"https:\/\/aja.pt\/en\/wp-json\/wp\/v2\/types\/product"}],"wp:featuredmedia":[{"embeddable":true,"href":"https:\/\/aja.pt\/en\/wp-json\/wp\/v2\/media\/45442"}],"wp:attachment":[{"href":"https:\/\/aja.pt\/en\/wp-json\/wp\/v2\/media?parent=45444"}],"wp:term":[{"taxonomy":"product_cat","embeddable":true,"href":"https:\/\/aja.pt\/en\/wp-json\/wp\/v2\/product_cat?post=45444"},{"taxonomy":"product_tag","embeddable":true,"href":"https:\/\/aja.pt\/en\/wp-json\/wp\/v2\/product_tag?post=45444"}],"curies":[{"name":"wp","href":"https:\/\/api.w.org\/{rel}","templated":true}]}}