{"id":40449,"date":"2022-11-15T18:54:58","date_gmt":"2022-11-15T18:54:58","guid":{"rendered":"https:\/\/aja.pt\/?post_type=product&#038;p=40449"},"modified":"2026-01-19T16:12:24","modified_gmt":"2026-01-19T16:12:24","slug":"jose-afonso-obra-poetica","status":"publish","type":"product","link":"https:\/\/aja.pt\/en\/produto\/jose-afonso-obra-poetica\/","title":{"rendered":"Jos\u00e9 Afonso &#8211; Obra Po\u00e9tica"},"content":{"rendered":"<p><span>\u00abA presente edi\u00e7\u00e3o reflete pequenos ajustamentos de atualiza\u00e7\u00e3o da obra, introduz quatro poemas n\u00e3o publicados nas edi\u00e7\u00f5es anteriores, agrega os textos de can\u00e7\u00f5es e outros poemas, mantendo a sua ordena\u00e7\u00e3o cronol\u00f3gica, conforme foi a vontade de Jos\u00e9 Afonso para a primeira edi\u00e7\u00e3o. [\u2026] Curiosamente, como se a ordem cronol\u00f3gica dos poemas desse um sentido inverso ao destino, o seu primeiro poema, \u201cPela Quietude das Tuas M\u00e3os Unidas\u201d, \u00e9 uma profunda reflex\u00e3o sobre a tristeza e o mist\u00e9rio da morte, e o \u00faltimo, \u201cAlegria da Cria\u00e7\u00e3o\u201d (1985), \u00e9 uma reflex\u00e3o sobre a vida e a alegria da cria\u00e7\u00e3o, sobre aquele sopro inicial que temporariamente nos visita e nos faz renascer atrav\u00e9s da inquieta\u00e7\u00e3o e do desassossego.\u00bb [Do Pref\u00e1cio de Jorge Abeg\u00e3o]<\/span><\/p>\n","protected":false},"excerpt":{"rendered":"<p>A presente edi\u00e7\u00e3o reflete pequenos ajustamentos de atualiza\u00e7\u00e3o da obra, introduz quatro poemas n\u00e3o publicados nas edi\u00e7\u00f5es anteriores&#8230;<\/p>\n","protected":false},"featured_media":40452,"template":"","meta":[],"product_cat":[62],"product_tag":[],"_links":{"self":[{"href":"https:\/\/aja.pt\/en\/wp-json\/wp\/v2\/product\/40449"}],"collection":[{"href":"https:\/\/aja.pt\/en\/wp-json\/wp\/v2\/product"}],"about":[{"href":"https:\/\/aja.pt\/en\/wp-json\/wp\/v2\/types\/product"}],"wp:featuredmedia":[{"embeddable":true,"href":"https:\/\/aja.pt\/en\/wp-json\/wp\/v2\/media\/40452"}],"wp:attachment":[{"href":"https:\/\/aja.pt\/en\/wp-json\/wp\/v2\/media?parent=40449"}],"wp:term":[{"taxonomy":"product_cat","embeddable":true,"href":"https:\/\/aja.pt\/en\/wp-json\/wp\/v2\/product_cat?post=40449"},{"taxonomy":"product_tag","embeddable":true,"href":"https:\/\/aja.pt\/en\/wp-json\/wp\/v2\/product_tag?post=40449"}],"curies":[{"name":"wp","href":"https:\/\/api.w.org\/{rel}","templated":true}]}}