{"id":40487,"date":"2022-11-16T18:14:21","date_gmt":"2022-11-16T18:14:21","guid":{"rendered":"https:\/\/aja.pt\/?page_id=40487"},"modified":"2024-08-02T16:16:55","modified_gmt":"2024-08-02T16:16:55","slug":"cronologia","status":"publish","type":"page","link":"https:\/\/aja.pt\/en\/cronologia\/","title":{"rendered":"cronologia"},"content":{"rendered":"\t\t<div data-elementor-type=\"wp-page\" data-elementor-id=\"40487\" class=\"elementor elementor-40487\" data-elementor-settings=\"[]\">\n\t\t\t\t\t\t\t<div class=\"elementor-section-wrap\">\n\t\t\t\t\t\t\t<section class=\"elementor-section elementor-top-section elementor-element elementor-element-f9f287b elementor-section-boxed elementor-section-height-default elementor-section-height-default\" data-id=\"f9f287b\" data-element_type=\"section\">\n\t\t\t\t\t\t<div class=\"elementor-container elementor-column-gap-default\">\n\t\t\t\t\t<div class=\"elementor-column elementor-col-50 elementor-top-column elementor-element elementor-element-a5366a4\" data-id=\"a5366a4\" data-element_type=\"column\">\n\t\t\t<div class=\"elementor-widget-wrap elementor-element-populated\">\n\t\t\t\t\t\t\t\t<div class=\"elementor-element elementor-element-d1179b1 elementor-widget elementor-widget-text-editor\" data-id=\"d1179b1\" data-element_type=\"widget\" data-widget_type=\"text-editor.default\">\n\t\t\t\t<div class=\"elementor-widget-container\">\n\t\t\t<style>\/*! elementor - v3.5.6 - 28-02-2022 *\/\n.elementor-widget-text-editor.elementor-drop-cap-view-stacked .elementor-drop-cap{background-color:#818a91;color:#fff}.elementor-widget-text-editor.elementor-drop-cap-view-framed .elementor-drop-cap{color:#818a91;border:3px solid;background-color:transparent}.elementor-widget-text-editor:not(.elementor-drop-cap-view-default) .elementor-drop-cap{margin-top:8px}.elementor-widget-text-editor:not(.elementor-drop-cap-view-default) .elementor-drop-cap-letter{width:1em;height:1em}.elementor-widget-text-editor .elementor-drop-cap{float:left;text-align:center;line-height:1;font-size:50px}.elementor-widget-text-editor .elementor-drop-cap-letter{display:inline-block}<\/style>\t\t\t\t<h4>Esta cronologia que aqui partilhamos tem como refer\u00eancia a T\u00e1bua Cronol\u00f3gica apresentada por Jo\u00e3o Afonso dos Santos, irm\u00e3o de Jos\u00e9 Afonso, no livro &#8220;Jos\u00e9 Afonso &#8211; Um Olhar Fraterno&#8221; com a seguinte nota:<\/h4>\t\t\t\t\t\t<\/div>\n\t\t\t\t<\/div>\n\t\t\t\t\t<\/div>\n\t\t<\/div>\n\t\t\t\t<div class=\"elementor-column elementor-col-50 elementor-top-column elementor-element elementor-element-6f2f78c\" data-id=\"6f2f78c\" data-element_type=\"column\">\n\t\t\t<div class=\"elementor-widget-wrap elementor-element-populated\">\n\t\t\t\t\t\t\t\t<div class=\"elementor-element elementor-element-2aa2d08 elementor-widget elementor-widget-text-editor\" data-id=\"2aa2d08\" data-element_type=\"widget\" data-widget_type=\"text-editor.default\">\n\t\t\t\t<div class=\"elementor-widget-container\">\n\t\t\t\t\t\t\t<p><span style=\"font-family: Jost; font-size: 18px; font-weight: 400;\">Os acontecimentos indicados s\u00e3o meros t\u00f3picos avusos com conex\u00e3o por vezes indirecta e difusa ao texto, outros nem isso. Optou-se por designar as localidades africanas pelos nomes que tinham na altura a que se reportam os acontecimentos referenciados. Por fim, no tocante \u00e0 discografia, n\u00e3o se indica a maior parte dos desdobramentos e recomposi\u00e7\u00f5es por que passaram as edi\u00e7\u00f5es origin\u00e1rias.<\/span><\/p>\t\t\t\t\t\t<\/div>\n\t\t\t\t<\/div>\n\t\t\t\t\t<\/div>\n\t\t<\/div>\n\t\t\t\t\t\t\t<\/div>\n\t\t<\/section>\n\t\t\t\t<section class=\"elementor-section elementor-top-section elementor-element elementor-element-9f4ea7b elementor-section-boxed elementor-section-height-default elementor-section-height-default\" data-id=\"9f4ea7b\" data-element_type=\"section\">\n\t\t\t\t\t\t<div class=\"elementor-container elementor-column-gap-default\">\n\t\t\t\t\t<div class=\"elementor-column elementor-col-100 elementor-top-column elementor-element elementor-element-cfdea71\" data-id=\"cfdea71\" data-element_type=\"column\">\n\t\t\t<div class=\"elementor-widget-wrap elementor-element-populated\">\n\t\t\t\t\t\t\t\t<div class=\"elementor-element elementor-element-9a1dfd0 elementor-widget elementor-widget-spacer\" data-id=\"9a1dfd0\" data-element_type=\"widget\" data-widget_type=\"spacer.default\">\n\t\t\t\t<div class=\"elementor-widget-container\">\n\t\t\t\t\t<div class=\"elementor-spacer\">\n\t\t\t<div class=\"elementor-spacer-inner\"><\/div>\n\t\t<\/div>\n\t\t\t\t<\/div>\n\t\t\t\t<\/div>\n\t\t\t\t<div class=\"elementor-element elementor-element-7203726 elementor-widget elementor-widget-timeline-widget-addon\" data-id=\"7203726\" data-element_type=\"widget\" data-widget_type=\"timeline-widget-addon.default\">\n\t\t\t\t<div class=\"elementor-widget-container\">\n\t\t\t<!-- ========= Timeline Widget Addon For Elementor 1.4 ========= -->\r\n<div id=\"twae-wrapper-7203726\" class=\"twae-vertical twae-wrapper  twae-both-sided \">   \r\n    <div class=\"twae-start\"><\/div>    \r\n    <div id=\"twea-timeline-7203726\" class=\"twae-timeline\" ><div class=\"twae-year twae-year-container  story-year-b353150\">\r\n                <div class=\"twae-year-label twae-year-text\">1929<\/div>\r\n            <\/div><div id=\"story-b353150\" class=\"twae-story twae-repeater-item twae-story-right twae-story-icon\">\r\n                <div class=\"twae-labels\" ><div class=\"twae-label-big\">2 de Agosto<\/div><\/div><div class=\"twae-icon\"><i aria-hidden=\"true\" class=\"far fa-clock\"><\/i><\/div><div class=\"twae-arrow\"><\/div><div class=\"twae-content\"><div class=\"twae-title\">Uma luz muito difusa<\/div><div class=\"twae-media  medium_large\"><img width=\"500\" height=\"500\" src=\"https:\/\/aja.pt\/wp-content\/uploads\/2022\/11\/Crono-1929-2.jpg\" class=\"attachment-medium_large size-medium_large\" alt=\"\" loading=\"lazy\" srcset=\"https:\/\/aja.pt\/wp-content\/uploads\/2022\/11\/Crono-1929-2.jpg 500w, https:\/\/aja.pt\/wp-content\/uploads\/2022\/11\/Crono-1929-2-300x300.jpg 300w, https:\/\/aja.pt\/wp-content\/uploads\/2022\/11\/Crono-1929-2-150x150.jpg 150w, https:\/\/aja.pt\/wp-content\/uploads\/2022\/11\/Crono-1929-2-240x240.jpg 240w\" sizes=\"(max-width: 500px) 100vw, 500px\" \/><\/div><div class=\"twae-description\"><p><strong>Jos\u00e9 Afonso, de seu nome completo Jos\u00e9 Manuel Cerqueira Afonso dos Santos, nasce a 2-8-1929, em Aveiro (freguesia da Gl\u00f3ria), no piso superior e residencial da \"escola infantil\" de que a m\u00e3e, Maria das Dores Dantas Cerqueira, professora prim\u00e1ria, \u00e9 directora. O pai, Jos\u00e9 Nepomuceno Afonso, \u00e9 subdelegado do Procurador da Rep\u00fablica.<\/strong><\/p><p><span style=\"font-size: 18px;text-align: var(--tw-cbx-text-align)\"><b><br \/><\/b><\/span><span style=\"font-size: 18px;text-align: var(--tw-cbx-text-align)\">\"Eu n\u00e3o sei se isso de recordar o nascimento <\/span><span style=\"font-size: 18px;text-align: var(--tw-cbx-text-align)\">corresponde a um conte\u00fado repetido dos sonhos(...). Agora que existe uma imagem persistente, uma luz muito difusa (...). Como se fosse um banho de leite (...). Uma larva branca. \u00c9 a impress\u00e3o que eu tenho.\" (Jos\u00e9 Afonso)<\/span><\/p><p><em><br \/>Bruno e Vitorio, os dois filhos de Mussolini, s\u00e3o recebidos pelo General Oscar Carmona, desempenhando as fun\u00e7\u00f5es de chefe de Estado e com ele fotografados nas suas fardetas de ballila escursionisti, ap\u00f3s o que o mesmo Carmona visita Espanha sob a ditadura de Primo de Rivera (pai): Setembro e Outubro.<\/em><\/p><p><span style=\"font-size: 18px;text-align: var(--tw-cbx-text-align)\"><i><br \/><\/i>Crash bolsista de Nova Iorque e a grande depress\u00e3o que se lhe seguiu. Tratado de Latr\u00e3o celebrado entre o Vaticano e a It\u00e1lia fascista com privil\u00e9gios a favor da Igreja Cat\u00f3lica italiana. Pio XI sa\u00fada em Mussolini \u00abo homem da Provid\u00eancia\u00bb.<\/span><\/p><\/div>\r\n                <\/div>\r\n        <\/div><div class=\"twae-year twae-year-container  story-year-98a76d2\">\r\n                <div class=\"twae-year-label twae-year-text\">1930<\/div>\r\n            <\/div><div id=\"story-98a76d2\" class=\"twae-story twae-repeater-item twae-story-left twae-story-icon\">\r\n                <div class=\"twae-labels\" ><div class=\"twae-label-big\"><\/div><\/div><div class=\"twae-icon\"><i aria-hidden=\"true\" class=\"far fa-clock\"><\/i><\/div><div class=\"twae-arrow\"><\/div><div class=\"twae-content\"><div class=\"twae-title\">Separa\u00e7\u00e3o<\/div><div class=\"twae-media  large\"><img width=\"500\" height=\"500\" src=\"https:\/\/aja.pt\/wp-content\/uploads\/2022\/11\/Cronologia-1930.jpg\" class=\"attachment-large size-large\" alt=\"\" loading=\"lazy\" srcset=\"https:\/\/aja.pt\/wp-content\/uploads\/2022\/11\/Cronologia-1930.jpg 500w, https:\/\/aja.pt\/wp-content\/uploads\/2022\/11\/Cronologia-1930-300x300.jpg 300w, https:\/\/aja.pt\/wp-content\/uploads\/2022\/11\/Cronologia-1930-150x150.jpg 150w, https:\/\/aja.pt\/wp-content\/uploads\/2022\/11\/Cronologia-1930-240x240.jpg 240w\" sizes=\"(max-width: 500px) 100vw, 500px\" \/><\/div><div class=\"twae-description\"><p><strong>Pais e irm\u00e3o embarcam para Angola (Novo Redondo) onde o pai fora colocado como delegado do Procurador da Rep\u00fablica. Zeca fica entregue aos av\u00f3s e tia paternos a residirem perto do edif\u00edcio da Capitania, \u00e0 beira de um dos bra\u00e7os da ria.<\/strong><\/p><p><span style=\"font-size: 18px;text-align: var(--tw-cbx-text-align-alternate)\"><b><br \/><\/b>\"N\u00e3o foi talvez, nem a minha inf\u00e2ncia em Portugal, nem a segunda fase em \u00c1frica; foi a fase interm\u00e9dia que foi a mais marcante. (...) A \u00c1frica era uma coisa imensa, uma natureza inacess\u00edvel que n\u00e3o tinha fim (...).\" (Jos\u00e9 Afonso)<\/span><\/p><p><em><br \/>\"\u00c9 da ess\u00eancia da Na\u00e7\u00e3o Portuguesa desempenhar a fun\u00e7\u00e3o hist\u00f3<\/em><em>rica de possuir e colonizar dom\u00ednios ultramarinos e de civilizar as <\/em><em>popula\u00e7\u00f5es ind\u00edgenas.\" <\/em>(Art. <em>2.\" do Acto Colonial de <\/em>1930.)<\/p><\/div>\r\n                <\/div>\r\n        <\/div><div class=\"twae-year twae-year-container  story-year-da66023\">\r\n                <div class=\"twae-year-label twae-year-text\">1931<\/div>\r\n            <\/div><div id=\"story-da66023\" class=\"twae-story twae-repeater-item twae-story-right twae-story-icon\">\r\n                <div class=\"twae-labels\" ><div class=\"twae-label-big\"><\/div><\/div><div class=\"twae-icon\"><i aria-hidden=\"true\" class=\"far fa-clock\"><\/i><\/div><div class=\"twae-arrow\"><\/div><div class=\"twae-content\"><div class=\"twae-title\">Aveiro<\/div><div class=\"twae-media  large\"><img width=\"500\" height=\"500\" src=\"https:\/\/aja.pt\/wp-content\/uploads\/2022\/11\/Crono-1932-1.jpg\" class=\"attachment-large size-large\" alt=\"\" loading=\"lazy\" srcset=\"https:\/\/aja.pt\/wp-content\/uploads\/2022\/11\/Crono-1932-1.jpg 500w, https:\/\/aja.pt\/wp-content\/uploads\/2022\/11\/Crono-1932-1-300x300.jpg 300w, https:\/\/aja.pt\/wp-content\/uploads\/2022\/11\/Crono-1932-1-150x150.jpg 150w, https:\/\/aja.pt\/wp-content\/uploads\/2022\/11\/Crono-1932-1-240x240.jpg 240w\" sizes=\"(max-width: 500px) 100vw, 500px\" \/><\/div><div class=\"twae-description\"><p><strong>Transfer\u00eancia, em 1931, da casa da av\u00f3 e tia paternas, para a da tia Jej\u00e9 (tia materna), moradora no Largo das Cinco Bicas (Lu\u00eds de Cam\u00f5es), \u00e0 mesma em Aveiro, na sequ\u00eancia de uma dilig\u00eancia directa da m\u00e3e que, para o efeito, se deslocou a Portugal.<\/strong><\/p><p><em><br \/>Revolta da Madeira: 4-4-1931<\/em><\/p><p><br \/>Proclama\u00e7\u00e3o da Rep\u00fablica Espanhola<\/p><\/div>\r\n                <\/div>\r\n        <\/div><div class=\"twae-year twae-year-container  story-year-003a835\">\r\n                <div class=\"twae-year-label twae-year-text\">1932<\/div>\r\n            <\/div><div id=\"story-003a835\" class=\"twae-story twae-repeater-item twae-story-left twae-story-icon\">\r\n                <div class=\"twae-labels\" ><div class=\"twae-label-big\">21 de Mar\u00e7o<\/div><\/div><div class=\"twae-icon\"><i aria-hidden=\"true\" class=\"far fa-clock\"><\/i><\/div><div class=\"twae-arrow\"><\/div><div class=\"twae-content\"><div class=\"twae-title\">Mariazinha<\/div><div class=\"twae-description\"><p><strong>Nascimento da irm\u00e3 Mariazinha em Silva Porto (Angola), para cuja comarca o pai fora entretanto transferido.<\/strong><\/p><\/div>\r\n                <\/div>\r\n        <\/div><div class=\"twae-year twae-year-container  story-year-3395d6b\">\r\n                <div class=\"twae-year-label twae-year-text\">1933<\/div>\r\n            <\/div><div id=\"story-3395d6b\" class=\"twae-story twae-repeater-item twae-story-right twae-story-icon\">\r\n                <div class=\"twae-labels\" ><div class=\"twae-label-big\"><\/div><\/div><div class=\"twae-icon\"><i aria-hidden=\"true\" class=\"far fa-clock\"><\/i><\/div><div class=\"twae-arrow\"><\/div><div class=\"twae-content\"><div class=\"twae-title\">Angola<\/div><div class=\"twae-media  large\"><img width=\"500\" height=\"500\" src=\"https:\/\/aja.pt\/wp-content\/uploads\/2022\/11\/Crono-1933.jpg\" class=\"attachment-large size-large\" alt=\"\" loading=\"lazy\" srcset=\"https:\/\/aja.pt\/wp-content\/uploads\/2022\/11\/Crono-1933.jpg 500w, https:\/\/aja.pt\/wp-content\/uploads\/2022\/11\/Crono-1933-300x300.jpg 300w, https:\/\/aja.pt\/wp-content\/uploads\/2022\/11\/Crono-1933-150x150.jpg 150w, https:\/\/aja.pt\/wp-content\/uploads\/2022\/11\/Crono-1933-240x240.jpg 240w\" sizes=\"(max-width: 500px) 100vw, 500px\" \/><\/div><div class=\"twae-description\"><p><strong>Por exig\u00eancia da m\u00e3e, segue para Angola, ao encontro da fam\u00edlia, no paquete Mouzinho, em companhia de um primo desconhecido e sua mulher, casados de fresco. O \"homem das barbas\" faz-lhe companhia durante parte da viagem: princ\u00edpios de 1933. Inicia os estudos da instru\u00e7\u00e3o prim\u00e1ria.<\/strong><\/p><p><span style=\"color: var(--tw-cbx-des-color);font-size: 18px;text-align: var(--tw-cbx-text-align)\"><b><br \/><\/b><i>Revolta dos vidreiros na Marinha Grande: 18 de Janeiro. Constitui\u00e7\u00e3o Pol\u00edtica do Estado Novo: 11-4-1933. Neste mesmo ano ocorrem outros actos institucionais e jur\u00eddicos de confirma\u00e7\u00e3o da ditadura implantada em 28-5-1926 e instauradores do regime fascista: cria\u00e7\u00e3o da Pol\u00edcia de Vigil\u00e2ncia e Defesa do Estado (que havia de ser depois duas vezes crismada), instaura\u00e7\u00e3o do \"exame pr\u00e9vio\" e reformula\u00e7\u00e3o da censura, cria\u00e7\u00e3o de um \u00fanico Tribunal Militar Especial (para julgamento dos \"crimes pol\u00edticos\"), do Secretariado de Propaganda Nacional, dos Sindicatos Nacionais, etc.<\/i><\/span><\/p><p><span style=\"font-size: 18px;text-align: var(--tw-cbx-text-align)\"><i><br \/><\/i>Adolf Hitler \u00e9 nomeado chanceler da Alemanha: 30 de Janeiro. <\/span><span style=\"font-size: 18px;text-align: var(--tw-cbx-text-align)\">Concordata entre a Santa S\u00e9 e o III Reich, negociada em nome da primeira por Monsenhor Pacelli e assinada sendo este j\u00e1 o Papa Pio XII.<\/span><\/p><\/div>\r\n                <\/div>\r\n        <\/div><div class=\"twae-year twae-year-container  story-year-fc196b0\">\r\n                <div class=\"twae-year-label twae-year-text\">1934<\/div>\r\n            <\/div><div id=\"story-fc196b0\" class=\"twae-story twae-repeater-item twae-story-left twae-story-icon\">\r\n                <div class=\"twae-labels\" ><div class=\"twae-label-big\"><\/div><\/div><div class=\"twae-icon\"><i aria-hidden=\"true\" class=\"far fa-clock\"><\/i><\/div><div class=\"twae-arrow\"><\/div><div class=\"twae-content\"><div class=\"twae-title\">Luanda<\/div><div class=\"twae-media  large\"><img width=\"500\" height=\"500\" src=\"https:\/\/aja.pt\/wp-content\/uploads\/2022\/11\/Crono-1934-1.jpg\" class=\"attachment-large size-large\" alt=\"\" loading=\"lazy\" srcset=\"https:\/\/aja.pt\/wp-content\/uploads\/2022\/11\/Crono-1934-1.jpg 500w, https:\/\/aja.pt\/wp-content\/uploads\/2022\/11\/Crono-1934-1-300x300.jpg 300w, https:\/\/aja.pt\/wp-content\/uploads\/2022\/11\/Crono-1934-1-150x150.jpg 150w, https:\/\/aja.pt\/wp-content\/uploads\/2022\/11\/Crono-1934-1-240x240.jpg 240w\" sizes=\"(max-width: 500px) 100vw, 500px\" \/><\/div><div class=\"twae-description\"><p><strong>Transfer\u00eancia com a fam\u00edlia de Silva Porto para Luanda.<\/strong><\/p><p><span style=\"color: var(--tw-cbx-des-color);font-size: 18px;text-align: var(--tw-cbx-text-align-alternate)\"><b><br \/><\/b><i>\"Os inimigos do Estado Novo s\u00e3o inimigos da Na\u00e7\u00e3o.\u00a0 Ao servi\u00e7o\u00a0<\/i><\/span><em style=\"color: var(--tw-cbx-des-color);font-size: 18px;text-align: var(--tw-cbx-text-align-alternate)\">da Na\u00e7\u00e3o isto \u00e9: da Ordem, do interesse comum e da justi\u00e7a para todos pode e deve ser usada a for\u00e7a que realize, neste caso, a leg\u00edtima defesa da P\u00e1tria.\" (10.a regra do Dec\u00e1logo do Estado Novo, impresso em cartaz, em 1934, Pelo Secretariado de Propaganda Nacional, dirigido por Ant\u00f3nio Ferro (\u00f3rg\u00e3o antecessor do Secretariado Nacional de Informa\u00e7\u00e3o). Abertura da Exposi\u00e7\u00e3o Colonial Portuguesa: 16 de junho.<\/em><\/p><\/div>\r\n                <\/div>\r\n        <\/div><div class=\"twae-year twae-year-container  story-year-08449ac\">\r\n                <div class=\"twae-year-label twae-year-text\">1936<\/div>\r\n            <\/div><div id=\"story-08449ac\" class=\"twae-story twae-repeater-item twae-story-right twae-story-icon\">\r\n                <div class=\"twae-labels\" ><div class=\"twae-label-big\"><\/div><\/div><div class=\"twae-icon\"><i aria-hidden=\"true\" class=\"far fa-clock\"><\/i><\/div><div class=\"twae-arrow\"><\/div><div class=\"twae-content\"><div class=\"twae-title\">2\u00aa classe<\/div><div class=\"twae-media  large\"><img width=\"500\" height=\"500\" src=\"https:\/\/aja.pt\/wp-content\/uploads\/2022\/11\/Crono-1936-1.jpg\" class=\"attachment-large size-large\" alt=\"\" loading=\"lazy\" srcset=\"https:\/\/aja.pt\/wp-content\/uploads\/2022\/11\/Crono-1936-1.jpg 500w, https:\/\/aja.pt\/wp-content\/uploads\/2022\/11\/Crono-1936-1-300x300.jpg 300w, https:\/\/aja.pt\/wp-content\/uploads\/2022\/11\/Crono-1936-1-150x150.jpg 150w, https:\/\/aja.pt\/wp-content\/uploads\/2022\/11\/Crono-1936-1-240x240.jpg 240w\" sizes=\"(max-width: 500px) 100vw, 500px\" \/><\/div><div class=\"twae-description\"><p><strong>Viagem a Portugal, com a fam\u00edlia (licen\u00e7a graciosa do pai).\u00a0 <\/strong><strong>Zeca faz a segunda classe em Aveiro.<\/strong><\/p><p><span style=\"font-size: 18px;text-align: var(--tw-cbx-text-align)\"><b><br \/><\/b>\"Aos sete anos em Aveiro \u00e9 a escola prim\u00e1ria. Foi violentamente traumatizante: um professor pendurava-me pelas orelhas porque eu era distra\u00eddo.\" (Jos\u00e9 Afonso)<\/span><\/p><p><em><br \/>Cria\u00e7\u00e3o da Col\u00f3nia Penal do Tarrafal (ilha de Santiago, em Cabo Verde), destinada a presos pol\u00edticos (arts. 1.\u00b0 e 2.\" do Dec.-Lei 26539, de 23-4-1936). Cria\u00e7\u00e3o da Mocidade Portuguesa (19-5-1936) e da Legi\u00e3o Portuguesa (30-9-1936).\u00a0<\/em><em>\u00abSer\u00e1 dada \u00e0 mocidade portuguesa uma organiza\u00e7\u00e3o nacional e\u00a0<\/em><em>pr\u00e9-militar que estimule o desenvolvimento integral da sua capacidade f\u00edsica, a forma\u00e7\u00e3o do car\u00e1cter e a devo\u00e7\u00e3o \u00e0 P\u00e1tria e a coloque em condi\u00e7\u00f5es de poder concorrer eficazmente para a sua defesa\u00bb (Base XI da Lei de 11 de Abril de 1936). <\/em><em>Atentado bombista contra Salazar: 4 de Julho.<\/em><\/p><p><span style=\"font-size: 18px;text-align: var(--tw-cbx-text-align)\"><i><br \/><\/i>In\u00edcio da guerra civil espanhola: 18 de Julho.\u00a0<\/span><span style=\"font-size: 18px;text-align: var(--tw-cbx-text-align)\">Execu\u00e7\u00e3o de Frederico Garcia Lorca pelos nacionalistas durante o levantamento de Granada: 19 de Julho (pela madrugada).<\/span><\/p><\/div>\r\n                <\/div>\r\n        <\/div><div class=\"twae-year twae-year-container  story-year-405e88b\">\r\n                <div class=\"twae-year-label twae-year-text\">1937<\/div>\r\n            <\/div><div id=\"story-405e88b\" class=\"twae-story twae-repeater-item twae-story-left twae-story-icon\">\r\n                <div class=\"twae-labels\" ><div class=\"twae-label-big\"><\/div><\/div><div class=\"twae-icon\"><i aria-hidden=\"true\" class=\"far fa-clock\"><\/i><\/div><div class=\"twae-arrow\"><\/div><div class=\"twae-content\"><div class=\"twae-title\">Mo\u00e7ambique<\/div><div class=\"twae-media  large\"><img width=\"500\" height=\"500\" src=\"https:\/\/aja.pt\/wp-content\/uploads\/2022\/11\/Crono-1937-1.jpg\" class=\"attachment-large size-large\" alt=\"\" loading=\"lazy\" srcset=\"https:\/\/aja.pt\/wp-content\/uploads\/2022\/11\/Crono-1937-1.jpg 500w, https:\/\/aja.pt\/wp-content\/uploads\/2022\/11\/Crono-1937-1-300x300.jpg 300w, https:\/\/aja.pt\/wp-content\/uploads\/2022\/11\/Crono-1937-1-150x150.jpg 150w, https:\/\/aja.pt\/wp-content\/uploads\/2022\/11\/Crono-1937-1-240x240.jpg 240w\" sizes=\"(max-width: 500px) 100vw, 500px\" \/><\/div><div class=\"twae-description\"><p><strong>Viagem de Portugal para Louren\u00e7o Marques (Mo\u00e7ambique), <\/strong><strong>para onde o pai fora transferido: Setembro ou Outubro.<\/strong><\/p><p><span style=\"font-size: 18px;text-align: var(--tw-cbx-text-align-alternate)\"><b><br><\/b>\"Aos oito anos regresso a \u00c1frica. Agora \u00e9 Mo\u00e7ambique, n\u00e3o \u00e9 Angola. Pouco tempo ali estou, mas \u00e9 de novo o para\u00edso. Somos eu, o meu irm\u00e3o e a minha irm\u00e3 (...) eu sonhava nunca mais abandonar aquela terra.\" (Jos\u00e9 Afonso)<\/span><\/p>\n<p><em><br>\"A nossa ditadura aproxima-se, evidentemente, da Ditadura fas<\/em><em>cista no refor\u00e7o da autoridade, na guerra declarada a certos prin<\/em><em>c\u00edpios da democracia, no seu car\u00e1cter acentuadamente nacionalista, nas suas preocupa\u00e7\u00f5es de ordem social. Mas afasta-se dela nos seus processos de renova\u00e7\u00e3o, [...J.\" (Afirma\u00e7\u00f5es de Ant\u00f3nio de Oliveira Salazar em Cornment ont rel\u00e8ve un Etat, Paris, Flammarion, 1937) (1).&nbsp;<\/em><em>Morte, em Paris, de Afonso Costa: 11 de Maio.<\/em><\/p><\/div>\r\n                <\/div>\r\n        <\/div><div class=\"twae-year twae-year-container  story-year-559d942\">\r\n                <div class=\"twae-year-label twae-year-text\">1938<\/div>\r\n            <\/div><div id=\"story-559d942\" class=\"twae-story twae-repeater-item twae-story-right twae-story-icon\">\r\n                <div class=\"twae-labels\" ><div class=\"twae-label-big\"><\/div><\/div><div class=\"twae-icon\"><i aria-hidden=\"true\" class=\"far fa-clock\"><\/i><\/div><div class=\"twae-arrow\"><\/div><div class=\"twae-content\"><div class=\"twae-title\">3\u00aa classe<\/div><div class=\"twae-media  large\"><img width=\"500\" height=\"500\" src=\"https:\/\/aja.pt\/wp-content\/uploads\/2022\/11\/Crono-1938-1.jpg\" class=\"attachment-large size-large\" alt=\"\" loading=\"lazy\" srcset=\"https:\/\/aja.pt\/wp-content\/uploads\/2022\/11\/Crono-1938-1.jpg 500w, https:\/\/aja.pt\/wp-content\/uploads\/2022\/11\/Crono-1938-1-300x300.jpg 300w, https:\/\/aja.pt\/wp-content\/uploads\/2022\/11\/Crono-1938-1-150x150.jpg 150w, https:\/\/aja.pt\/wp-content\/uploads\/2022\/11\/Crono-1938-1-240x240.jpg 240w\" sizes=\"(max-width: 500px) 100vw, 500px\" \/><\/div><div class=\"twae-description\"><p><strong>Faz a terceira classe na Escola Rebelo da Silva, em Lou<\/strong><strong>ren\u00e7o Marques: ano lectivo 1937-38.<\/strong><\/p><p><span style=\"font-size: 18px;text-align: var(--tw-cbx-text-align)\"><b><br \/><\/b>Munique: 29 de Setembro.\u00a0<\/span><span style=\"font-size: 18px;text-align: var(--tw-cbx-text-align)\">Ocupa\u00e7\u00e3o pelos alem\u00e3es dos Sudetas (Checoslov\u00e1quia) : 1 de Outubro. \"<\/span><span style=\"font-size: 18px;text-align: var(--tw-cbx-text-align)\">Tudo o que temos de civiliza\u00e7\u00e3o humana, da ci\u00eancia e da t\u00e9cnica, \u00e9 quase exclusivamente fruto dos arianos [...]. Sem a possibilidade de empregar homens de ra\u00e7a inferior, o ariano nunca teria podido dar os primeiros passos no caminho da sua <\/span><span style=\"font-size: 18px;text-align: var(--tw-cbx-text-align)\">civiliza\u00e7\u00e3o.\" (Adolf Hitler, Mein Kampf, Lisboa, Hugin Editores, 1988, pp. 227 e ss.)<\/span><\/p><\/div>\r\n                <\/div>\r\n        <\/div><div class=\"twae-year twae-year-container  story-year-dd35641\">\r\n                <div class=\"twae-year-label twae-year-text\">1939<\/div>\r\n            <\/div><div id=\"story-dd35641\" class=\"twae-story twae-repeater-item twae-story-left twae-story-icon\">\r\n                <div class=\"twae-labels\" ><div class=\"twae-label-big\"><\/div><\/div><div class=\"twae-icon\"><i aria-hidden=\"true\" class=\"far fa-clock\"><\/i><\/div><div class=\"twae-arrow\"><\/div><div class=\"twae-content\"><div class=\"twae-title\">Coimbra<\/div><div class=\"twae-media  large\"><img width=\"500\" height=\"500\" src=\"https:\/\/aja.pt\/wp-content\/uploads\/2022\/11\/Crono-1939-2.jpg\" class=\"attachment-large size-large\" alt=\"\" loading=\"lazy\" srcset=\"https:\/\/aja.pt\/wp-content\/uploads\/2022\/11\/Crono-1939-2.jpg 500w, https:\/\/aja.pt\/wp-content\/uploads\/2022\/11\/Crono-1939-2-300x300.jpg 300w, https:\/\/aja.pt\/wp-content\/uploads\/2022\/11\/Crono-1939-2-150x150.jpg 150w, https:\/\/aja.pt\/wp-content\/uploads\/2022\/11\/Crono-1939-2-240x240.jpg 240w\" sizes=\"(max-width: 500px) 100vw, 500px\" \/><\/div><div class=\"twae-description\"><p><strong>Faz a quarta classe e parte, com o irm\u00e3o, para Portugal <\/strong><strong>(Coimbra), em meados de Julho. Primeira estadia em casa da tia <\/strong><strong>Avrilete, na Avenida Dias da Silva, \u00e0 Cumeada.&nbsp;<\/strong><strong>Embarque, nos \u00faltimos dias de Julho ou princ\u00edpios de Agos<\/strong><strong>to, dos pais e irm\u00e3, de Louren\u00e7o Marques para Timor (Dili), onde <\/strong><strong>o pai fora colocado como juiz, ap\u00f3s concurso. Chegam a D\u00edli <\/strong><strong>em <\/strong><strong>1 de Setembro.<\/strong><\/p>\n<p><span style=\"color: var(--tw-cbx-des-color);font-family: inherit;text-align: var(--tw-cbx-text-align-alternate)\"><b><br><\/b><i style=\"font-weight: inherit\">Exposi\u00e7\u00e3o Hist\u00f3rica do Mundo Portugu\u00eas, em Lisboa, comemorativa do Duplo Centen\u00e1rio da Funda\u00e7\u00e3o e Restaura\u00e7\u00e3o de Portugal. Assinatura do Pacto Ib\u00e9rico entre Salazar e Franco: 17 de Mar\u00e7o. Fim da guerra civil espanhola: 27 de Mar\u00e7o.<br><\/i><\/span><i style=\"color: var(--tw-cbx-des-color);font-family: inherit;font-weight: inherit;text-align: var(--tw-cbx-text-align-alternate)\">\"A na\u00e7\u00e3o escolhida por Deus como principal instrumento de evangeliza\u00e7\u00e3o do Novo Mundo e como basti\u00e3o inexpugn\u00e1vel da f\u00e9 cat\u00f3lica, acaba de dar aos pros\u00e9litos do ate\u00edsmo materialista do nosso s\u00e9culo a prova mais brilhante da supremacia, sobre todas as coisas, dos valores eternos da religi\u00e3o.\" (Carta de Pio XII, de 16-4-1939.)<\/i><\/p>\n<p><br>Invas\u00e3o da Pol\u00f3nia pelas tropas alem\u00e3s (1 de Setembro). Declara\u00e7\u00e3o de guerra do Reino Unido e da Fran\u00e7a \u00e0 Alemanha e come\u00e7o da Segunda Grande Guerra: 3 de Setembro.<\/p><\/div>\r\n                <\/div>\r\n        <\/div><div class=\"twae-year twae-year-container  story-year-20460d5\">\r\n                <div class=\"twae-year-label twae-year-text\">1940<\/div>\r\n            <\/div><div id=\"story-20460d5\" class=\"twae-story twae-repeater-item twae-story-right twae-story-icon\">\r\n                <div class=\"twae-labels\" ><div class=\"twae-label-big\"><\/div><\/div><div class=\"twae-icon\"><i aria-hidden=\"true\" class=\"far fa-clock\"><\/i><\/div><div class=\"twae-arrow\"><\/div><div class=\"twae-content\"><div class=\"twae-title\">Belmonte<\/div><div class=\"twae-media  large\"><img width=\"500\" height=\"500\" src=\"https:\/\/aja.pt\/wp-content\/uploads\/2022\/11\/Crono-1940.jpg\" class=\"attachment-large size-large\" alt=\"\" loading=\"lazy\" srcset=\"https:\/\/aja.pt\/wp-content\/uploads\/2022\/11\/Crono-1940.jpg 500w, https:\/\/aja.pt\/wp-content\/uploads\/2022\/11\/Crono-1940-300x300.jpg 300w, https:\/\/aja.pt\/wp-content\/uploads\/2022\/11\/Crono-1940-150x150.jpg 150w, https:\/\/aja.pt\/wp-content\/uploads\/2022\/11\/Crono-1940-240x240.jpg 240w\" sizes=\"(max-width: 500px) 100vw, 500px\" \/><\/div><div class=\"twae-description\"><p><strong>Na P\u00e1scoa deste ano segue para Belmonte, com o tio Filomeno, para se preparar para o exame de admiss\u00e3o ao liceu, a\u00ed permanecendo durante o tempo remanescente do ano lectivo. O tio, salazarista convicto, f\u00e1-lo envergar a farda da Mocidade Portuguesa. <\/strong><strong>Fixa\u00e7\u00e3o em Coimbra, em Outubro, em casa da tia paterna, \u00e0 Avenida Dias da Silva, actual n\u00ba 112, depois de feito o exame de admiss\u00e3o ao liceu.\u00a0<\/strong><strong>Zeca entra para o primeiro ano do Liceu D. Jo\u00e3o III (hoje Jos\u00e9 Falc\u00e3o), a dois passos de casa.<\/strong><\/p><p><span style=\"font-size: 18px;text-align: var(--tw-cbx-text-align)\"><b><br \/><\/b><\/span><span style=\"font-size: 18px;text-align: var(--tw-cbx-text-align)\">\"De Mo\u00e7ambique vim para Belmonte onde um tio meu era presidente da c\u00e2mara (...). Uma terra horr\u00edvel. Um per\u00edodo fechado. Privado de contactos. Fiz ali a 4\u00aa classe. (...) O pior ano da minha vida.\" (Jos\u00e9 Afonso)<\/span><\/p><p><em><br \/>Concordata entre o Estado Portugu\u00eas e a Santa S\u00e9: 8 de Maio. <\/em><em>Exposi\u00e7\u00e3o do Mundo Portugu\u00eas, em Bel\u00e9m, Lisboa.<\/em><\/p><p><span style=\"font-size: 18px;text-align: var(--tw-cbx-text-align)\"><i><br \/><\/i>Assassinato no M\u00e9xico de Leon Trotsky.<\/span><\/p><\/div>\r\n                <\/div>\r\n        <\/div><div class=\"twae-year twae-year-container  story-year-a4900c5\">\r\n                <div class=\"twae-year-label twae-year-text\">1941<\/div>\r\n            <\/div><div id=\"story-a4900c5\" class=\"twae-story twae-repeater-item twae-story-left twae-story-icon\">\r\n                <div class=\"twae-labels\" ><div class=\"twae-label-big\"><\/div><\/div><div class=\"twae-icon\"><i aria-hidden=\"true\" class=\"far fa-clock\"><\/i><\/div><div class=\"twae-arrow\"><\/div><div class=\"twae-content\"><div class=\"twae-title\">Pearl Harbour<\/div><div class=\"twae-description\">Ataque dos japoneses a Pearl Harbour (nas ilhas Havai) e in\u00edcio do estado de guerra entre os Estados Unidos e o Jap\u00e3o: 7 de Dezembro.\n<\/div>\r\n                <\/div>\r\n        <\/div><div class=\"twae-year twae-year-container  story-year-d73fa2d\">\r\n                <div class=\"twae-year-label twae-year-text\">1942<\/div>\r\n            <\/div><div id=\"story-d73fa2d\" class=\"twae-story twae-repeater-item twae-story-right twae-story-icon\">\r\n                <div class=\"twae-labels\" ><div class=\"twae-label-big\"><\/div><\/div><div class=\"twae-icon\"><i aria-hidden=\"true\" class=\"far fa-clock\"><\/i><\/div><div class=\"twae-arrow\"><\/div><div class=\"twae-content\"><div class=\"twae-title\">Ocupa\u00e7\u00e3o de Timor<\/div><div class=\"twae-description\"><p><strong>As j\u00e1 prec\u00e1rias liga\u00e7\u00f5es epistolares com a fam\u00edlia, desde a ocupa\u00e7\u00e3o de Timor pelos australianos e neerlandeses (17-12-1941), cessam de todo com a invas\u00e3o japonesa, cerca de dois meses depois.<\/strong><\/p><p><br \/><em>Greves na Carris, constru\u00e7\u00e3o naval, etc. Aplica\u00e7\u00e3o da disciplina <\/em><em>militar aos grevistas: 1942 e 1943.<\/em><\/p><p><br \/>Ocupa\u00e7\u00e3o de Timor pelos japoneses: 20 de Fevereiro.<\/p><\/div>\r\n                <\/div>\r\n        <\/div><div class=\"twae-year twae-year-container  story-year-b9ce6a0\">\r\n                <div class=\"twae-year-label twae-year-text\">1943<\/div>\r\n            <\/div><div id=\"story-b9ce6a0\" class=\"twae-story twae-repeater-item twae-story-left twae-story-icon\">\r\n                <div class=\"twae-labels\" ><div class=\"twae-label-big\"><\/div><\/div><div class=\"twae-icon\"><i aria-hidden=\"true\" class=\"far fa-clock\"><\/i><\/div><div class=\"twae-arrow\"><\/div><div class=\"twae-content\"><div class=\"twae-title\">MUNAF<\/div><div class=\"twae-description\"><p><em>Cria\u00e7\u00e3o do Movimento de Unidade Nacional Antifascista (MUNAF). <\/em><em>Assinatura do acordo entre Portugal e o Reino Unido sobre a utiliza\u00e7\u00e3o da base das Lages, nos A\u00e7ores: 13 de Outubro.<\/em><\/p><p><span style=\"font-size: 18px;text-align: var(--tw-cbx-text-align-alternate)\"><i><br \/><\/i>Deposi\u00e7\u00e3o e deten\u00e7\u00e3o de Mussolini: 23 de Julho.<\/span><\/p><\/div>\r\n                <\/div>\r\n        <\/div><div class=\"twae-year twae-year-container  story-year-3f137c1\">\r\n                <div class=\"twae-year-label twae-year-text\">1944<\/div>\r\n            <\/div><div id=\"story-3f137c1\" class=\"twae-story twae-repeater-item twae-story-right twae-story-icon\">\r\n                <div class=\"twae-labels\" ><div class=\"twae-label-big\"><\/div><\/div><div class=\"twae-icon\"><i aria-hidden=\"true\" class=\"far fa-clock\"><\/i><\/div><div class=\"twae-arrow\"><\/div><div class=\"twae-content\"><div class=\"twae-title\">Liceu<\/div><div class=\"twae-media  large\"><img width=\"500\" height=\"500\" src=\"https:\/\/aja.pt\/wp-content\/uploads\/2022\/11\/Crono-1944-4.jpg\" class=\"attachment-large size-large\" alt=\"\" loading=\"lazy\" srcset=\"https:\/\/aja.pt\/wp-content\/uploads\/2022\/11\/Crono-1944-4.jpg 500w, https:\/\/aja.pt\/wp-content\/uploads\/2022\/11\/Crono-1944-4-300x300.jpg 300w, https:\/\/aja.pt\/wp-content\/uploads\/2022\/11\/Crono-1944-4-150x150.jpg 150w, https:\/\/aja.pt\/wp-content\/uploads\/2022\/11\/Crono-1944-4-240x240.jpg 240w\" sizes=\"(max-width: 500px) 100vw, 500px\" \/><\/div><div class=\"twae-description\"><p><strong>Zeca continua a frequentar o Liceu D. Jo\u00e3o III at\u00e9 cumprir o curso geral e o complementar (nomenclatura da \u00e9poca). Missa obrigat\u00f3ria aos domingos. Nos intervalos das obriga\u00e7\u00f5es e devo\u00e7\u00f5es <\/strong><strong>(n\u00e3o menos inevit\u00e1veis) jogo com bola de trapos e, mais tarde (1947?), futebol no campo de Santa Cruz com as cores da Associa\u00e7\u00e3o Acad\u00e9mica de Coimbra (juniores).<\/strong><\/p><\/div>\r\n                <\/div>\r\n        <\/div><div class=\"twae-year twae-year-container  story-year-66f6487\">\r\n                <div class=\"twae-year-label twae-year-text\">1945<\/div>\r\n            <\/div><div id=\"story-66f6487\" class=\"twae-story twae-repeater-item twae-story-left twae-story-icon\">\r\n                <div class=\"twae-labels\" ><div class=\"twae-label-big\"><\/div><\/div><div class=\"twae-icon\"><i aria-hidden=\"true\" class=\"far fa-clock\"><\/i><\/div><div class=\"twae-arrow\"><\/div><div class=\"twae-content\"><div class=\"twae-title\">Liberta\u00e7\u00e3o de Timor<\/div><div class=\"twae-description\"><p><em>Assassinato de Alex (Alfredo Dinis) pela PIDE: 4 de Julho. <\/em><em>Recusa da Assembleia Magna da Associa\u00e7\u00e3o Acad\u00e9mica de Coimbra a Participar na manifesta\u00e7\u00e3o de homenagem e \"agradecimento\" a Salazar.\u00a0<\/em><em>Funda\u00e7\u00e3o do Movimento de Unidade Democr\u00e1tica (MUD) : 8 de Outubro.<\/em><\/p><p><span style=\"font-size: 18px;text-align: var(--tw-cbx-text-align-alternate)\"><br \/>Capitula\u00e7\u00e3o incondicional da Alemanha: 7 de Maio.<br \/><\/span><span style=\"font-size: 18px;text-align: var(--tw-cbx-text-align-alternate)\">Lan\u00e7amento pelos norte-americanos de uma bomba at\u00f3mica sobre Hiroxima e outra sobre Nagasaqui, respectivamente\u00a0<\/span><span style=\"font-size: 18px;text-align: var(--tw-cbx-text-align-alternate)\">em 6 e 9 de Agosto. Assinatura da rendi\u00e7\u00e3o formal do Jap\u00e3o, em 2 de Setembro.\u00a0<\/span><span style=\"font-size: 18px;text-align: var(--tw-cbx-text-align-alternate)\">Liberta\u00e7\u00e3o de Timor: 3 de Setembro, antes da rendi\u00e7\u00e3o oficial apresentada \u00e0s autoridades australianas em 22 do mesmo m\u00eas.\u00a0<\/span><span style=\"font-size: 18px;text-align: var(--tw-cbx-text-align-alternate)\">Forma\u00e7\u00e3o da Organiza\u00e7\u00e3o das Na\u00e7\u00f5es Unidas (ONU).<\/span><\/p><\/div>\r\n                <\/div>\r\n        <\/div><div class=\"twae-year twae-year-container  story-year-bfd7de2\">\r\n                <div class=\"twae-year-label twae-year-text\">1946<\/div>\r\n            <\/div><div id=\"story-bfd7de2\" class=\"twae-story twae-repeater-item twae-story-right twae-story-icon\">\r\n                <div class=\"twae-labels\" ><div class=\"twae-label-big\">15 de Fevereiro<\/div><\/div><div class=\"twae-icon\"><i aria-hidden=\"true\" class=\"far fa-clock\"><\/i><\/div><div class=\"twae-arrow\"><\/div><div class=\"twae-content\"><div class=\"twae-title\">Reuni\u00e3o com a fam\u00edlia<\/div><div class=\"twae-media  large\"><img width=\"500\" height=\"500\" src=\"https:\/\/aja.pt\/wp-content\/uploads\/2022\/11\/Crono-1946.jpg\" class=\"attachment-large size-large\" alt=\"\" loading=\"lazy\" srcset=\"https:\/\/aja.pt\/wp-content\/uploads\/2022\/11\/Crono-1946.jpg 500w, https:\/\/aja.pt\/wp-content\/uploads\/2022\/11\/Crono-1946-300x300.jpg 300w, https:\/\/aja.pt\/wp-content\/uploads\/2022\/11\/Crono-1946-150x150.jpg 150w, https:\/\/aja.pt\/wp-content\/uploads\/2022\/11\/Crono-1946-240x240.jpg 240w\" sizes=\"(max-width: 500px) 100vw, 500px\" \/><\/div><div class=\"twae-description\"><p><strong>Chegada dos pais e irm\u00e3 a Lisboa, a bordo do Mo\u00e7ambique. Uma nota oficiosa, publicada no Di\u00e1rio de\u00a0<\/strong><strong>Not\u00edcias, em finais de 45, inclu\u00edra-os entre os portugueses existentes, \u00e0 data, em Timor.<\/strong><\/p><p><span style=\"color: var(--tw-cbx-des-color);font-size: 18px;text-align: var(--tw-cbx-text-align)\"><b><br \/><\/b><i>Forma\u00e7\u00e3o do MUD juvenil.\u00a0<\/i><\/span><em style=\"color: var(--tw-cbx-des-color);font-size: 18px;text-align: var(--tw-cbx-text-align)\">Golpe da Mealhada: 10 de Outubro.<\/em><\/p><p><span style=\"font-size: 18px;text-align: var(--tw-cbx-text-align)\"><i><br \/><\/i>Grupos de intelectuais re\u00fanem-se, desde o fim da guerra, em Saint Germain-des-Pr\u00e8s, \u00e0 sombra tutelar de J. P. Sartre <\/span><span style=\"font-size: 18px;text-align: var(--tw-cbx-text-align)\">(I:Existentialisme est un Humanisme, 1946) e de Simone de Beauvoir, com a voz de Juliette Gr\u00e9co. Erup\u00e7\u00e3o dos grupos de\u00a0<\/span><span style=\"font-size: 18px;text-align: var(--tw-cbx-text-align)\">jovens existencialistas.<\/span><\/p><\/div>\r\n                <\/div>\r\n        <\/div><div class=\"twae-year twae-year-container  story-year-2efb5af\">\r\n                <div class=\"twae-year-label twae-year-text\">1947<\/div>\r\n            <\/div><div id=\"story-2efb5af\" class=\"twae-story twae-repeater-item twae-story-left twae-story-icon\">\r\n                <div class=\"twae-labels\" ><div class=\"twae-label-big\"><\/div><\/div><div class=\"twae-icon\"><i aria-hidden=\"true\" class=\"far fa-clock\"><\/i><\/div><div class=\"twae-arrow\"><\/div><div class=\"twae-content\"><div class=\"twae-title\">5\u00ba ano liceal<\/div><div class=\"twae-media  large\"><img width=\"500\" height=\"500\" src=\"https:\/\/aja.pt\/wp-content\/uploads\/2022\/11\/Crono-1947-2.jpg\" class=\"attachment-large size-large\" alt=\"\" loading=\"lazy\" srcset=\"https:\/\/aja.pt\/wp-content\/uploads\/2022\/11\/Crono-1947-2.jpg 500w, https:\/\/aja.pt\/wp-content\/uploads\/2022\/11\/Crono-1947-2-300x300.jpg 300w, https:\/\/aja.pt\/wp-content\/uploads\/2022\/11\/Crono-1947-2-150x150.jpg 150w, https:\/\/aja.pt\/wp-content\/uploads\/2022\/11\/Crono-1947-2-240x240.jpg 240w\" sizes=\"(max-width: 500px) 100vw, 500px\" \/><\/div><div class=\"twae-description\"><p><strong>Zeca, ent\u00e3o a frequentar o quinto ano liceal, inicia as suas deambula\u00e7\u00f5es fadistas pela cidade e fora dela. Segundo Carlos Figueiredo, catedr\u00e1tico nestas mat\u00e9rias, tem \"uma voz suave e branda\" (Via Latina de 22-5-1952).<\/strong><\/p><p><span style=\"font-size: 18px;text-align: var(--tw-cbx-text-align-alternate)\"><b><br \/><\/b><\/span><span style=\"font-size: 18px;text-align: var(--tw-cbx-text-align-alternate)\">\"O liceu \u00e9 a dois passos (...). H\u00e1 l\u00e1 uma ladeira e ao cimo da ladeira era a casa da tia Avrilete, um segundo andar. O ambiente era muito conservador: mulheres de escapul\u00e1rio ao pesco\u00e7o. Proibi\u00e7\u00f5es (...).\" (Jos\u00e9 Afonso)<\/span><\/p><p><em><br \/>Pris\u00e3o pela pol\u00edcia Pol\u00edtica do deposto presidente da Associa\u00e7\u00e3o Acad\u00e9mica de Coimbra, Francisco Salgado Zenha (pertencente \u00e0 direc\u00e7\u00e3o do MUD juvenil). Luto acad\u00e9mico. Divis\u00f5es entre a Acade<\/em><em>mia.<\/em><\/p><p><span style=\"font-size: 18px;text-align: var(--tw-cbx-text-align-alternate)\"><i><br \/><\/i>Plano Marshall programa de apoio econ\u00f3mico e financeiro \u00e0 Europa, autorizado pelo Congresso dos EUA em Dezembro de 1947 (vig\u00eancia entre 1949-1950).\u00a0<\/span><span style=\"font-size: 18px;text-align: var(--tw-cbx-text-align-alternate)\">Independ\u00eancia da Uni\u00e3o Indiana e do Paquist\u00e3o.<\/span><\/p><\/div>\r\n                <\/div>\r\n        <\/div><div class=\"twae-year twae-year-container  story-year-fa5f378\">\r\n                <div class=\"twae-year-label twae-year-text\">1948<\/div>\r\n            <\/div><div id=\"story-fa5f378\" class=\"twae-story twae-repeater-item twae-story-right twae-story-icon\">\r\n                <div class=\"twae-labels\" ><div class=\"twae-label-big\"><\/div><\/div><div class=\"twae-icon\"><i aria-hidden=\"true\" class=\"far fa-clock\"><\/i><\/div><div class=\"twae-arrow\"><\/div><div class=\"twae-content\"><div class=\"twae-title\">Ghandi<\/div><div class=\"twae-description\"><p>Assassinato do \u00abMahatma\u00bb Gandhi.<br \/>Proclama\u00e7\u00e3o do Estado de Israel, na Palestina (na sequ\u00eancia da decis\u00e3o da ONU de 29-11-1947): 14 de Maio.<\/p><\/div>\r\n                <\/div>\r\n        <\/div><div class=\"twae-year twae-year-container  story-year-6f62b55\">\r\n                <div class=\"twae-year-label twae-year-text\">1949<\/div>\r\n            <\/div><div id=\"story-6f62b55\" class=\"twae-story twae-repeater-item twae-story-left twae-story-icon\">\r\n                <div class=\"twae-labels\" ><div class=\"twae-label-big\"><\/div><\/div><div class=\"twae-icon\"><i aria-hidden=\"true\" class=\"far fa-clock\"><\/i><\/div><div class=\"twae-arrow\"><\/div><div class=\"twae-content\"><div class=\"twae-title\">Universidade de Coimbra<\/div><div class=\"twae-media  large\"><img width=\"500\" height=\"500\" src=\"https:\/\/aja.pt\/wp-content\/uploads\/2022\/11\/Crono-1949-5.jpg\" class=\"attachment-large size-large\" alt=\"\" loading=\"lazy\" srcset=\"https:\/\/aja.pt\/wp-content\/uploads\/2022\/11\/Crono-1949-5.jpg 500w, https:\/\/aja.pt\/wp-content\/uploads\/2022\/11\/Crono-1949-5-300x300.jpg 300w, https:\/\/aja.pt\/wp-content\/uploads\/2022\/11\/Crono-1949-5-150x150.jpg 150w, https:\/\/aja.pt\/wp-content\/uploads\/2022\/11\/Crono-1949-5-240x240.jpg 240w\" sizes=\"(max-width: 500px) 100vw, 500px\" \/><\/div><div class=\"twae-description\"><p><strong>Finaliza\u00e7\u00e3o do curso complementar dos liceus (s\u00e9timo ano).<\/strong><br \/><strong>Desloca\u00e7\u00e3o a Angola e Mo\u00e7ambique com o Orfe\u00e3o Acad\u00e9mico da Universidade de Coimbra: Julho a Setembro. A participa\u00e7\u00e3o efectiva n\u00e3o foi duradoira. E como convidado para cantar fados (e outras can\u00e7\u00f5es) que alinhar\u00e1 nas digress\u00f5es posteriores.\u00a0<\/strong><strong>Dispensado do exame de admiss\u00e3o \u00e0 Universidade, inscreve-se no curso de Hist\u00f3rico-Filos\u00f3ficas da Faculdade de Letras da Universidade de Coimbra.<\/strong><\/p><p><span style=\"color: var(--tw-cbx-des-color);font-size: 18px;text-align: var(--tw-cbx-text-align-alternate)\"><b><br \/><\/b><i>O general Franco recebe as ins\u00edgnias de doutor Honoris Causa pela Universidade de Coimbra, por ocasi\u00e3o de uma visita a Portugal. <\/i><\/span><em style=\"color: var(--tw-cbx-des-color);font-size: 18px;text-align: var(--tw-cbx-text-align-alternate)\">Candidatura \u00e0s elei\u00e7\u00f5es presidenciais do general Norton de Matos, de que acaba por desistir por falta das condi\u00e7\u00f5es m\u00ednimas de democraticidade.\u00a0<\/em><em style=\"color: var(--tw-cbx-des-color);font-size: 18px;text-align: var(--tw-cbx-text-align-alternate)\">Participa\u00e7\u00e3o de Portugal na Organiza\u00e7\u00e3o do <\/em><span style=\"font-size: 18px;text-align: var(--tw-cbx-text-align-alternate)\">Tratado <\/span><em style=\"color: var(--tw-cbx-des-color);font-size: 18px;text-align: var(--tw-cbx-text-align-alternate)\">do Atl\u00e2n<\/em><em style=\"color: var(--tw-cbx-des-color);font-size: 18px;text-align: var(--tw-cbx-text-align-alternate)\">tico Norte<\/em><span style=\"font-size: 18px;text-align: var(--tw-cbx-text-align-alternate)\">: <\/span><em style=\"color: var(--tw-cbx-des-color);font-size: 18px;text-align: var(--tw-cbx-text-align-alternate)\">4 de <\/em><em style=\"color: var(--tw-cbx-des-color);font-size: 18px;text-align: var(--tw-cbx-text-align-alternate)\">Abril.<\/em><\/p><p>\u00a0<\/p><\/div>\r\n                <\/div>\r\n        <\/div><div class=\"twae-year twae-year-container  story-year-e189797\">\r\n                <div class=\"twae-year-label twae-year-text\">1950<\/div>\r\n            <\/div><div id=\"story-e189797\" class=\"twae-story twae-repeater-item twae-story-right twae-story-icon\">\r\n                <div class=\"twae-labels\" ><div class=\"twae-label-big\">11 de Novembro<\/div><\/div><div class=\"twae-icon\"><i aria-hidden=\"true\" class=\"far fa-clock\"><\/i><\/div><div class=\"twae-arrow\"><\/div><div class=\"twae-content\"><div class=\"twae-title\">1\u00ba Casamento<\/div><div class=\"twae-media  large\"><img width=\"500\" height=\"500\" src=\"https:\/\/aja.pt\/wp-content\/uploads\/2022\/11\/Crono-1950-1.jpg\" class=\"attachment-large size-large\" alt=\"\" loading=\"lazy\" srcset=\"https:\/\/aja.pt\/wp-content\/uploads\/2022\/11\/Crono-1950-1.jpg 500w, https:\/\/aja.pt\/wp-content\/uploads\/2022\/11\/Crono-1950-1-300x300.jpg 300w, https:\/\/aja.pt\/wp-content\/uploads\/2022\/11\/Crono-1950-1-150x150.jpg 150w, https:\/\/aja.pt\/wp-content\/uploads\/2022\/11\/Crono-1950-1-240x240.jpg 240w\" sizes=\"(max-width: 500px) 100vw, 500px\" \/><\/div><div class=\"twae-description\"><p><strong>Casamento com Maria Am\u00e1lia de Oliveira, na Conservat\u00f3ria de Registo Civil de Coimbra. Completa ignor\u00e2ncia, por parte da fam\u00edlia, quer do casamento quer do romance. O pai, agastado, corta-lhe a mesada, n\u00e3o por muito tempo. P\u00f5e-se a hip\u00f3tese da transfer\u00eancia do casal para Angola (pais e irm\u00e3 viviam ent\u00e3o em Luanda), ideia entretanto abandonada. <\/strong><strong>Zeca d\u00e1 explica\u00e7\u00f5es a alunos liceais e rev\u00ea provas no Di\u00e1rio de Coimbra. No in\u00edcio de 1950 integra-se num grupo de Can\u00e7\u00e3o de Coimbra com Luiz Goes, Fernando Rolim, Flor\u00eancio de Carvalho, Aur\u00e9lio Reis, M\u00e1rio de Castro, Ant\u00f3nio Pinho Brojo e Ant\u00f3nio Portugal, ao qual aderem mais tarde Fernando Machado Soares e Sutil Roque, cabendo ainda de permeio a colabora\u00e7\u00e3o com este grupo de cantores como Alexandre Herculano, Augusto Camacho e Higino Faria. Grupo que a partir de 1952 por ensaiar em casa de Pinho Brojo ficou conhecido por \"Tert\u00falia do Calhab\u00e9\".<\/strong><\/p><p><span style=\"font-size: 18px;text-align: var(--tw-cbx-text-align)\"><b><br \/><\/b>O Papa Pio XII proclama o dogma da Assun\u00e7\u00e3o da Virgem Maria.<\/span><\/p><\/div>\r\n                <\/div>\r\n        <\/div><div class=\"twae-year twae-year-container  story-year-45b0b6a\">\r\n                <div class=\"twae-year-label twae-year-text\">1951<\/div>\r\n            <\/div><div id=\"story-45b0b6a\" class=\"twae-story twae-repeater-item twae-story-left twae-story-icon\">\r\n                <div class=\"twae-labels\" ><div class=\"twae-label-big\"><\/div><\/div><div class=\"twae-icon\"><i aria-hidden=\"true\" class=\"far fa-clock\"><\/i><\/div><div class=\"twae-arrow\"><\/div><div class=\"twae-content\"><div class=\"twae-title\">Queima das Fitas<\/div><div class=\"twae-media  large\"><img width=\"500\" height=\"500\" src=\"https:\/\/aja.pt\/wp-content\/uploads\/2022\/11\/Crono-1951-1.jpg\" class=\"attachment-large size-large\" alt=\"\" loading=\"lazy\" srcset=\"https:\/\/aja.pt\/wp-content\/uploads\/2022\/11\/Crono-1951-1.jpg 500w, https:\/\/aja.pt\/wp-content\/uploads\/2022\/11\/Crono-1951-1-300x300.jpg 300w, https:\/\/aja.pt\/wp-content\/uploads\/2022\/11\/Crono-1951-1-150x150.jpg 150w, https:\/\/aja.pt\/wp-content\/uploads\/2022\/11\/Crono-1951-1-240x240.jpg 240w\" sizes=\"(max-width: 500px) 100vw, 500px\" \/><\/div><div class=\"twae-description\"><p><strong>Zeca p\u00f5e \"grelo\" (fita pequena) na Queima das Fitas de Maio. No livrinho dos quartanistas (designa\u00e7\u00e3o n\u00e3o for\u00e7osamente correspondente, nem com a dura\u00e7\u00e3o dos cursos, nem com o ano <\/strong><strong>de frequ\u00eancia) duas quadras lhe s\u00e3o dedicadas. Uma de Maria Am\u00e1lia, outra de uma amiga do casal que termina, em tom popularucho: \"toda a mo\u00e7a j\u00e1 conhece os fados do nosso Z\u00e9.\"<\/strong><\/p><\/div>\r\n                <\/div>\r\n        <\/div><div class=\"twae-year twae-year-container  story-year-f89e16d\">\r\n                <div class=\"twae-year-label twae-year-text\">1952<\/div>\r\n            <\/div><div id=\"story-f89e16d\" class=\"twae-story twae-repeater-item twae-story-right twae-story-icon\">\r\n                <div class=\"twae-labels\" ><div class=\"twae-label-big\"><\/div><\/div><div class=\"twae-icon\"><i aria-hidden=\"true\" class=\"far fa-clock\"><\/i><\/div><div class=\"twae-arrow\"><\/div><div class=\"twae-content\"><div class=\"twae-title\">Associa\u00e7\u00e3o Acad\u00e9mica de Coimbra<\/div><div class=\"twae-media  large\"><img width=\"500\" height=\"500\" src=\"https:\/\/aja.pt\/wp-content\/uploads\/2022\/11\/Crono-1952-1.jpg\" class=\"attachment-large size-large\" alt=\"\" loading=\"lazy\" srcset=\"https:\/\/aja.pt\/wp-content\/uploads\/2022\/11\/Crono-1952-1.jpg 500w, https:\/\/aja.pt\/wp-content\/uploads\/2022\/11\/Crono-1952-1-300x300.jpg 300w, https:\/\/aja.pt\/wp-content\/uploads\/2022\/11\/Crono-1952-1-150x150.jpg 150w, https:\/\/aja.pt\/wp-content\/uploads\/2022\/11\/Crono-1952-1-240x240.jpg 240w\" sizes=\"(max-width: 500px) 100vw, 500px\" \/><\/div><div class=\"twae-description\"><p><strong>Integra\u00e7\u00e3o numa lista de esquerda para a elei\u00e7\u00e3o da direc\u00e7\u00e3o da Associa\u00e7\u00e3o Acad\u00e9mica de Coimbra. A Academia... \"ultrapassando todos os pessimismos... conquistou uma Associa\u00e7\u00e3o Acad\u00e9mica livre: eliminou o regime das Comiss\u00f5es Administrativas e alcan\u00e7ou o direito de autodetermina\u00e7\u00e3o, passando a caber aos estudantes \u2014 e a mais ningu\u00e9m \u2014a escolha dos seus dirigentes\" (folheto de candidatura). <\/strong><strong>Outro folheto de apoio, este dirigido \u00ab\u00c0s Universit\u00e1rias\u00bb, e assinado por umas quantas, reza, a certo passo, o seguinte: \"N\u00f3s, raparigas universit\u00e1rias, n\u00e3o podemos alhear-nos de um acontecimento acad\u00e9mico em que est\u00e3o em jogo os nossos pr\u00f3prios interesses. Antes pelo contr\u00e1rio. Devemos preparar-nos para intervir na vida da Associa\u00e7\u00e3o Acad\u00e9mica com voto consciente e aut\u00f3nomo.\"\u00a0<\/strong><strong>S\u00e3o do pai os versos apadrinhadores da Queima das Fitas deste ano.\u00a0<\/strong><strong>Zeca participa na constitui\u00e7\u00e3o do agrupamento que haveria de se chamar Coral da Faculdade de Letras.<\/strong><\/p><\/div>\r\n                <\/div>\r\n        <\/div><div class=\"twae-year twae-year-container  story-year-11e3063\">\r\n                <div class=\"twae-year-label twae-year-text\">1953<\/div>\r\n            <\/div><div id=\"story-11e3063\" class=\"twae-story twae-repeater-item twae-story-left twae-story-icon\">\r\n                <div class=\"twae-labels\" ><div class=\"twae-label-big\"><\/div><\/div><div class=\"twae-icon\"><i aria-hidden=\"true\" class=\"far fa-clock\"><\/i><\/div><div class=\"twae-arrow\"><\/div><div class=\"twae-content\"><div class=\"twae-title\">Dois filhos e primeiras grava\u00e7\u00f5es<\/div><div class=\"twae-media  large\"><img width=\"1024\" height=\"1024\" src=\"https:\/\/aja.pt\/wp-content\/uploads\/2022\/01\/Single-Fados-de-Coimbra-I-1953-1024x1024.jpg\" class=\"attachment-large size-large\" alt=\"\" loading=\"lazy\" srcset=\"https:\/\/aja.pt\/wp-content\/uploads\/2022\/01\/Single-Fados-de-Coimbra-I-1953-1024x1024.jpg 1024w, https:\/\/aja.pt\/wp-content\/uploads\/2022\/01\/Single-Fados-de-Coimbra-I-1953-540x540.jpg 540w, https:\/\/aja.pt\/wp-content\/uploads\/2022\/01\/Single-Fados-de-Coimbra-I-1953-240x240.jpg 240w, https:\/\/aja.pt\/wp-content\/uploads\/2022\/01\/Single-Fados-de-Coimbra-I-1953-300x300.jpg 300w, https:\/\/aja.pt\/wp-content\/uploads\/2022\/01\/Single-Fados-de-Coimbra-I-1953-150x150.jpg 150w, https:\/\/aja.pt\/wp-content\/uploads\/2022\/01\/Single-Fados-de-Coimbra-I-1953-768x768.jpg 768w, https:\/\/aja.pt\/wp-content\/uploads\/2022\/01\/Single-Fados-de-Coimbra-I-1953-560x560.jpg 560w, https:\/\/aja.pt\/wp-content\/uploads\/2022\/01\/Single-Fados-de-Coimbra-I-1953.jpg 1080w\" sizes=\"(max-width: 1024px) 100vw, 1024px\" \/><\/div><div class=\"twae-description\"><p><strong>Ver\u00e3o de 1953: incorpora\u00e7\u00e3o na Escola Pr\u00e1tica de Infantaria, em Mafra.\u00a0<\/strong><strong>Nascimento dos dois filhos: Jos\u00e9 Manuel, em 18 de Janeiro e Maria Helena, em 29 de Dezembro. S\u00e3o editados dois singles gravados no ano anterior nos <span>Est\u00fadios do Emissor Regional de Coimbra (Emissora Nacional).<\/span><\/strong><\/p><p><strong><br \/>Discografia:<br \/><\/strong><a href=\"https:\/\/aja.pt\/discografia\/fados-de-coimbra-i\/\" target=\"_blank\" rel=\"noopener\">Fados de Coimbra I<\/a>, Single<br \/><a href=\"https:\/\/aja.pt\/discografia\/fados-de-coimbra-ii-1953\/\" target=\"_blank\" rel=\"noopener\">Fados de Coimbra II<\/a>, Single<\/p><p><span style=\"font-size: 18px;text-align: var(--tw-cbx-text-align-alternate)\"><br \/>Armist\u00edcio da guerra da Coreia.<\/span><\/p><\/div>\r\n                <\/div>\r\n        <\/div><div class=\"twae-year twae-year-container  story-year-88d3baa\">\r\n                <div class=\"twae-year-label twae-year-text\">1954<\/div>\r\n            <\/div><div id=\"story-88d3baa\" class=\"twae-story twae-repeater-item twae-story-right twae-story-icon\">\r\n                <div class=\"twae-labels\" ><div class=\"twae-label-big\">Janeiro<\/div><\/div><div class=\"twae-icon\"><i aria-hidden=\"true\" class=\"far fa-clock\"><\/i><\/div><div class=\"twae-arrow\"><\/div><div class=\"twae-content\"><div class=\"twae-title\">Oficial miliciano<\/div><div class=\"twae-media  large\"><img width=\"500\" height=\"500\" src=\"https:\/\/aja.pt\/wp-content\/uploads\/2022\/11\/Crono-1954-1.jpg\" class=\"attachment-large size-large\" alt=\"\" loading=\"lazy\" srcset=\"https:\/\/aja.pt\/wp-content\/uploads\/2022\/11\/Crono-1954-1.jpg 500w, https:\/\/aja.pt\/wp-content\/uploads\/2022\/11\/Crono-1954-1-300x300.jpg 300w, https:\/\/aja.pt\/wp-content\/uploads\/2022\/11\/Crono-1954-1-150x150.jpg 150w, https:\/\/aja.pt\/wp-content\/uploads\/2022\/11\/Crono-1954-1-240x240.jpg 240w\" sizes=\"(max-width: 500px) 100vw, 500px\" \/><\/div><div class=\"twae-description\"><p><strong>Coloca\u00e7\u00e3o, no princ\u00edpio do ano, no Quartel de Infantaria 12, em Coimbra, como aspirante a oficial miliciano.<\/strong><\/p><p><em><br \/>Assassinato a tiro pela GNR (tenente Carrajola) da trabalhado<\/em><em>ra rural alentejana, Catarina Euf\u00e9ntia, quando, com outros, reclamava <\/em><em>aumento de jorna: 19 de Maio. Este acontecimento ser\u00e1 musicado por Zeca e integrado, sete anos mais tarde, no \u00e1lbum <a href=\"https:\/\/aja.pt\/discografia\/cantigas-do-maio-1971\/\" target=\"_blank\" rel=\"noopener\">Cantigas do Maio<\/a> (Cantar Alentejano).<\/em><\/p><p><em><br \/><\/em>Confer\u00eancia afro-asi\u00e1tica de Bandoeng e seu empenhamento anticolonial.<em><br \/><\/em><\/p><\/div>\r\n                <\/div>\r\n        <\/div><div class=\"twae-year twae-year-container  story-year-1f78ab4\">\r\n                <div class=\"twae-year-label twae-year-text\">1955<\/div>\r\n            <\/div><div id=\"story-1f78ab4\" class=\"twae-story twae-repeater-item twae-story-left twae-story-icon\">\r\n                <div class=\"twae-labels\" ><div class=\"twae-label-big\"><\/div><\/div><div class=\"twae-icon\"><i aria-hidden=\"true\" class=\"far fa-clock\"><\/i><\/div><div class=\"twae-arrow\"><\/div><div class=\"twae-content\"><div class=\"twae-title\">Jos\u00e9 Manuel<\/div><div class=\"twae-media  large\"><img width=\"500\" height=\"500\" src=\"https:\/\/aja.pt\/wp-content\/uploads\/2022\/11\/Crono-1955-1.jpg\" class=\"attachment-large size-large\" alt=\"\" loading=\"lazy\" srcset=\"https:\/\/aja.pt\/wp-content\/uploads\/2022\/11\/Crono-1955-1.jpg 500w, https:\/\/aja.pt\/wp-content\/uploads\/2022\/11\/Crono-1955-1-300x300.jpg 300w, https:\/\/aja.pt\/wp-content\/uploads\/2022\/11\/Crono-1955-1-150x150.jpg 150w, https:\/\/aja.pt\/wp-content\/uploads\/2022\/11\/Crono-1955-1-240x240.jpg 240w\" sizes=\"(max-width: 500px) 100vw, 500px\" \/><\/div><div class=\"twae-description\"><p><strong>Embarque (na companhia de um amigo de fam\u00edlia), ao encontro dos av\u00f3s, a residirem em Louren\u00e7o Marques, do filho Jos\u00e9 <\/strong><strong>Manuel. Da\u00ed voltar\u00e1 com eles a Portugal, meses depois (em 1956), <\/strong><strong>por ocasi\u00e3o do gozo de licen\u00e7a do av\u00f4.<\/strong><\/p><p>Portugal entra na Organiza\u00e7\u00e3o das Na\u00e7\u00f5es Unidas: 14-2-1955.<\/p><\/div>\r\n                <\/div>\r\n        <\/div><div class=\"twae-year twae-year-container  story-year-873f3aa\">\r\n                <div class=\"twae-year-label twae-year-text\">1956<\/div>\r\n            <\/div><div id=\"story-873f3aa\" class=\"twae-story twae-repeater-item twae-story-right twae-story-icon\">\r\n                <div class=\"twae-labels\" ><div class=\"twae-label-big\"><\/div><\/div><div class=\"twae-icon\"><i aria-hidden=\"true\" class=\"far fa-clock\"><\/i><\/div><div class=\"twae-arrow\"><\/div><div class=\"twae-content\"><div class=\"twae-title\">P\u00e9riplo por \u00c1frica<\/div><div class=\"twae-media  large\"><img width=\"500\" height=\"500\" src=\"https:\/\/aja.pt\/wp-content\/uploads\/2022\/11\/Crono-1956.jpg\" class=\"attachment-large size-large\" alt=\"\" loading=\"lazy\" srcset=\"https:\/\/aja.pt\/wp-content\/uploads\/2022\/11\/Crono-1956.jpg 500w, https:\/\/aja.pt\/wp-content\/uploads\/2022\/11\/Crono-1956-300x300.jpg 300w, https:\/\/aja.pt\/wp-content\/uploads\/2022\/11\/Crono-1956-150x150.jpg 150w, https:\/\/aja.pt\/wp-content\/uploads\/2022\/11\/Crono-1956-240x240.jpg 240w\" sizes=\"(max-width: 500px) 100vw, 500px\" \/><\/div><div class=\"twae-description\"><p><strong>Baixa da tropa por doen\u00e7a: 14 de Janeiro.<\/strong><br \/><strong>Ida a Paris com o Grupo Coral da Faculdade de Letras. <\/strong><strong>P\u00e9riplo de \u00c1frica com a Tuna Acad\u00e9mica da Universidade de Coimbra, no Vera Cruz: 8 de Agosto a 29 de Setembro. Em Louren\u00e7o Marques, Zeca instala-se em casa dos pais, ent\u00e3o de licen\u00e7a em Portugal.<\/strong><\/p><p><strong><br \/>Discografia:<\/strong><br \/>Grava\u00e7\u00e3o do EP <a href=\"https:\/\/aja.pt\/discografia\/coimbra-1960\/\" target=\"_blank\" rel=\"noopener\">Coimbra<\/a> <span>(Alvorada MEP 60280)<\/span>, que viria a ser publicado em 1960. \u00c9 neste disco que Jos\u00e9 Afonso \u00e9 acompanhado pela primeira vez s\u00f3 \u00e0 viola.<\/p><p><em><br \/>Movimento estudantil contra o refor\u00e7o da tutela administrativa sobre as associa\u00e7\u00f5es acad\u00e9micas (D.-L. 40 900). Revoga\u00e7\u00e3o do diploma.<\/em><\/p><p><span style=\"font-size: 18px;text-align: var(--tw-cbx-text-align)\"><i><br \/><\/i>Repress\u00e3o da subleva\u00e7\u00e3o h\u00fangara pela Uni\u00e3o Sovi\u00e9tica: 4 de Novembro. <\/span><span style=\"font-size: 18px;text-align: var(--tw-cbx-text-align)\">Kruschev denuncia os \"crimes de Estaline e o culto da per<\/span><span style=\"font-size: 18px;text-align: var(--tw-cbx-text-align)\">sonalidade\" no XX Congresso do PCUS.\u00a0<\/span><span style=\"font-size: 18px;text-align: var(--tw-cbx-text-align)\">Nacionaliza\u00e7\u00e3o do Canal de Suez por Gamal Abdel Nasser <\/span><span style=\"font-size: 18px;text-align: var(--tw-cbx-text-align)\">(Egipto).<\/span><\/p><\/div>\r\n                <\/div>\r\n        <\/div><div class=\"twae-year twae-year-container  story-year-26c2268\">\r\n                <div class=\"twae-year-label twae-year-text\">1957<\/div>\r\n            <\/div><div id=\"story-26c2268\" class=\"twae-story twae-repeater-item twae-story-left twae-story-icon\">\r\n                <div class=\"twae-labels\" ><div class=\"twae-label-big\"><\/div><\/div><div class=\"twae-icon\"><i aria-hidden=\"true\" class=\"far fa-clock\"><\/i><\/div><div class=\"twae-arrow\"><\/div><div class=\"twae-content\"><div class=\"twae-title\">Professor<\/div><div class=\"twae-media  large\"><img width=\"500\" height=\"500\" src=\"https:\/\/aja.pt\/wp-content\/uploads\/2022\/11\/Crono-1957-1.jpg\" class=\"attachment-large size-large\" alt=\"\" loading=\"lazy\" srcset=\"https:\/\/aja.pt\/wp-content\/uploads\/2022\/11\/Crono-1957-1.jpg 500w, https:\/\/aja.pt\/wp-content\/uploads\/2022\/11\/Crono-1957-1-300x300.jpg 300w, https:\/\/aja.pt\/wp-content\/uploads\/2022\/11\/Crono-1957-1-150x150.jpg 150w, https:\/\/aja.pt\/wp-content\/uploads\/2022\/11\/Crono-1957-1-240x240.jpg 240w\" sizes=\"(max-width: 500px) 100vw, 500px\" \/><\/div><div class=\"twae-description\"><p><strong>Professor provis\u00f3rio dos Col\u00e9gios de S\u00e3o Jos\u00e9 e Santa Maria (dois col\u00e9gios e um s\u00f3 verdadeiro), em Mangualde (oitavo grupo): 6-1-1957 a 30-9-1957.\u00a0<\/strong><strong>Separa\u00e7\u00e3o de facto consumada entre Zeca e Maria Am\u00e1lia. <\/strong><strong>Partida dos dois filhos para Louren\u00e7o Marques, confiados aos av\u00f3s <\/strong><strong>paternos, que, meses antes, tinham estado em Portugal: Junho. A 4 de Dezembro de 1957 Jos\u00e9 Afonso actua em Paris, no Teatro \"Champs Elys\u00e9es\" ao lado de Fernando Rolim (voz), Ant\u00f3nio Portugal e David Leandro (guitarras) e Paulo Al\u00e3o (viola).<\/strong><\/p><p><span style=\"font-size: 18px;text-align: var(--tw-cbx-text-align-alternate)\"><b><br \/><\/b><\/span><span style=\"font-size: 18px;text-align: var(--tw-cbx-text-align-alternate)\">\"A minha ac\u00e7\u00e3o como professor era mais de car\u00e1cter existencial...\" (Jos\u00e9 Afonso)<\/span><\/p><p><em><br \/>Encontro entre Salazar e Franco em Ciudad Rodrigo: 10 de Julho.<\/em><\/p><p><span style=\"font-size: 18px;text-align: var(--tw-cbx-text-align-alternate)\"><br \/>Tratado de Roma criando a Comunidade Econ\u00f3mica Europeia. <\/span><span style=\"font-size: 18px;text-align: var(--tw-cbx-text-align-alternate)\">Lan\u00e7amento do Sputnik I, primeiro sat\u00e9lite artificial da Terra: 4 de Outubro.<\/span><\/p><\/div>\r\n                <\/div>\r\n        <\/div><div class=\"twae-year twae-year-container  story-year-1b2e0fe\">\r\n                <div class=\"twae-year-label twae-year-text\">1958<\/div>\r\n            <\/div><div id=\"story-1b2e0fe\" class=\"twae-story twae-repeater-item twae-story-right twae-story-icon\">\r\n                <div class=\"twae-labels\" ><div class=\"twae-label-big\"><\/div><\/div><div class=\"twae-icon\"><i aria-hidden=\"true\" class=\"far fa-clock\"><\/i><\/div><div class=\"twae-arrow\"><\/div><div class=\"twae-content\"><div class=\"twae-title\">Algarve<\/div><div class=\"twae-media  large\"><img width=\"500\" height=\"500\" src=\"https:\/\/aja.pt\/wp-content\/uploads\/2022\/11\/Crono-1958-2.jpg\" class=\"attachment-large size-large\" alt=\"\" loading=\"lazy\" srcset=\"https:\/\/aja.pt\/wp-content\/uploads\/2022\/11\/Crono-1958-2.jpg 500w, https:\/\/aja.pt\/wp-content\/uploads\/2022\/11\/Crono-1958-2-300x300.jpg 300w, https:\/\/aja.pt\/wp-content\/uploads\/2022\/11\/Crono-1958-2-150x150.jpg 150w, https:\/\/aja.pt\/wp-content\/uploads\/2022\/11\/Crono-1958-2-240x240.jpg 240w\" sizes=\"(max-width: 500px) 100vw, 500px\" \/><\/div><div class=\"twae-description\"><p><strong>Conting\u00eancias da vida dos professores provis\u00f3rios, vai parar a Lagos, como professor da Escola Industrial e Comercial (oitavo grupo, segundo grau). Cumpre a\u00ed o ano lectivo de 1957-58 (28<\/strong><strong>-10-1957 a 22-7-1958). <\/strong><strong>Come\u00e7a, com dificuldade, a preparar a tese de licenciatura. <\/strong><strong>Viagem com a Tuna Acad\u00e9mica da Universidade de Coimbra a Angola, integrado num grupo constitu\u00eddo por David Leandro e Jos\u00e9 Niza (guitarras), Sousa Rafael e Levy Baptista (violas). Salto de avi\u00e3o a Louren\u00e7o Marques, por dois dias, para ver os filhos, bilhete oferecido pelos antigos estudantes de l\u00e1: Agosto.<\/strong><\/p><p><span style=\"font-size: 18px;text-align: var(--tw-cbx-text-align)\"><b><br \/><\/b>\"A minha melhor cria\u00e7\u00e3o parece ter sido um fado de Lisboa <\/span><span style=\"font-size: 18px;text-align: var(--tw-cbx-text-align)\">que costumo cantar acompanhado \u00e0 orquestra. Eliminado o <em>d\u00e9cor <\/em><\/span><span style=\"font-size: 18px;text-align: var(--tw-cbx-text-align)\">sentimental das serenatas com os antigos estudantes a compor o<br \/><\/span><span style=\"font-size: 18px;text-align: var(--tw-cbx-text-align)\">pano de fundo, evoco em requebros arrufiados a est\u00fardia dos <\/span><span style=\"font-size: 18px;text-align: var(--tw-cbx-text-align)\">bairros malandros de Lisboa. Ambiente aut\u00eantico em que a apa<\/span><span style=\"font-size: 18px;text-align: var(--tw-cbx-text-align)\">tia lusitana procura express\u00e3o adequada. No fado de Coimbra \u00e9\u00a0<\/span><span style=\"font-size: 18px;text-align: var(--tw-cbx-text-align)\">diferente. Tudo \u00e9 composto: fica bem e \u00e9 bonito os ais da paix\u00e3o\u00a0<\/span><span style=\"font-size: 18px;text-align: var(--tw-cbx-text-align)\">adolescente com l\u00e1grimas de peregrino a caminho do \u00faltimo mist\u00e9rio.\" (Carta aos pais, escrita de Mo\u00e7\u00e2medes, com o carimbo de 12-9-1958). Esta variedade extracoimbr\u00e3 j\u00e1 fora apresentada em 1956.<\/span><\/p><p><em><br \/>Candidatura do General Humberto Delgado \u00e0 elei\u00e7\u00e3o para a presid\u00eancia da Rep\u00fablica de 8 de Junho. <\/em><em>\"... Embora n\u00e3o admirasse totalmente o Humberto, gostei da capacidade de loucura com que se prop\u00f4s, pessoalmente, representar e conduzir as causas perdidas. Precisamos em Portugal de mitos e suicidas.\" (carta de Jos\u00e9 Afonso dirigida ao irm\u00e3o com o carimbo de 30 de Setembro de 1958). <\/em><em>Carta do Bispo do Porto, D. Ant\u00f3nio Ferreira Gomes, a Salazar: \"... O que est\u00e1 diante de n\u00f3s \u00e9 a amea\u00e7a imediata de uma tremenda irrup\u00e7\u00e3o an\u00e1rquico-social-comunista [...].\"<\/em><\/p><p><span style=\"font-size: 18px;text-align: var(--tw-cbx-text-align)\"><i><br \/><\/i>Invas\u00e3o da Checoslov\u00e1quia pela URSS: Agosto.<\/span><\/p><\/div>\r\n                <\/div>\r\n        <\/div><div class=\"twae-year twae-year-container  story-year-00bdb62\">\r\n                <div class=\"twae-year-label twae-year-text\">1959<\/div>\r\n            <\/div><div id=\"story-00bdb62\" class=\"twae-story twae-repeater-item twae-story-left twae-story-icon\">\r\n                <div class=\"twae-labels\" ><div class=\"twae-label-big\"><\/div><\/div><div class=\"twae-icon\"><i aria-hidden=\"true\" class=\"far fa-clock\"><\/i><\/div><div class=\"twae-arrow\"><\/div><div class=\"twae-content\"><div class=\"twae-title\">Faro e Aljustrel<\/div><div class=\"twae-media  large\"><img width=\"500\" height=\"500\" src=\"https:\/\/aja.pt\/wp-content\/uploads\/2022\/11\/Crono-1959.jpg\" class=\"attachment-large size-large\" alt=\"\" loading=\"lazy\" srcset=\"https:\/\/aja.pt\/wp-content\/uploads\/2022\/11\/Crono-1959.jpg 500w, https:\/\/aja.pt\/wp-content\/uploads\/2022\/11\/Crono-1959-300x300.jpg 300w, https:\/\/aja.pt\/wp-content\/uploads\/2022\/11\/Crono-1959-150x150.jpg 150w, https:\/\/aja.pt\/wp-content\/uploads\/2022\/11\/Crono-1959-240x240.jpg 240w\" sizes=\"(max-width: 500px) 100vw, 500px\" \/><\/div><div class=\"twae-description\"><p><strong>Professor provis\u00f3rio da Escola Industrial e Comercial de Faro (oitavo grupo, segundo grau) no ano lectivo de 1958-59 (7-10-1958 a 18-7-1959). Professor, depois, num col\u00e9gio de Aljustrel, no princ\u00edpio do ano lectivo de 59, a\u00ed permanece cerca de dez dias, altura em que transita para a Escola T\u00e9cnica de Alcoba\u00e7a.<\/strong><\/p><\/div>\r\n                <\/div>\r\n        <\/div><div class=\"twae-year twae-year-container  story-year-7046753\">\r\n                <div class=\"twae-year-label twae-year-text\">1960<\/div>\r\n            <\/div><div id=\"story-7046753\" class=\"twae-story twae-repeater-item twae-story-right twae-story-icon\">\r\n                <div class=\"twae-labels\" ><div class=\"twae-label-big\"><\/div><\/div><div class=\"twae-icon\"><i aria-hidden=\"true\" class=\"far fa-clock\"><\/i><\/div><div class=\"twae-arrow\"><\/div><div class=\"twae-content\"><div class=\"twae-title\">Balada do Outono<\/div><div class=\"twae-media  large\"><img width=\"1024\" height=\"1024\" src=\"https:\/\/aja.pt\/wp-content\/uploads\/2022\/01\/EP-Balada-de-Outono-1960-1024x1024.jpg\" class=\"attachment-large size-large\" alt=\"\" loading=\"lazy\" srcset=\"https:\/\/aja.pt\/wp-content\/uploads\/2022\/01\/EP-Balada-de-Outono-1960-1024x1024.jpg 1024w, https:\/\/aja.pt\/wp-content\/uploads\/2022\/01\/EP-Balada-de-Outono-1960-540x540.jpg 540w, https:\/\/aja.pt\/wp-content\/uploads\/2022\/01\/EP-Balada-de-Outono-1960-240x240.jpg 240w, https:\/\/aja.pt\/wp-content\/uploads\/2022\/01\/EP-Balada-de-Outono-1960-300x300.jpg 300w, https:\/\/aja.pt\/wp-content\/uploads\/2022\/01\/EP-Balada-de-Outono-1960-150x150.jpg 150w, https:\/\/aja.pt\/wp-content\/uploads\/2022\/01\/EP-Balada-de-Outono-1960-768x768.jpg 768w, https:\/\/aja.pt\/wp-content\/uploads\/2022\/01\/EP-Balada-de-Outono-1960-560x560.jpg 560w, https:\/\/aja.pt\/wp-content\/uploads\/2022\/01\/EP-Balada-de-Outono-1960.jpg 1080w\" sizes=\"(max-width: 1024px) 100vw, 1024px\" \/><\/div><div class=\"twae-description\"><p><strong>Colocado na Escola T\u00e9cnica de Alcoba\u00e7a, como professor provis\u00f3rio (oitavo grupo, segundo grau), no ano lectivo de\u00a0<\/strong><strong>1959-60 (3-10-1959 a 30-7-1960).\u00a0<\/strong><strong>Viagem em Agosto com o Orfe\u00e3o Acad\u00e9mico de Coimbra a Angola, integrando um grupo constitu\u00eddo por Jorge Godinho e Jos\u00e9 Niza (guitarras), Levy Baptista e \u00c1lvaro Bandeira (violas) e as vozes de Barros Madeira, Jos\u00e9 Ferreirinha Campos, Ant\u00f3nio Sousa Pereira e Lacerda e Megre. Ainda em 1960 desloca-se a Paris e Genebra, a convite do SNI, integrado num grupo constitu\u00eddo por Fernando Rolim (voz), Ant\u00f3nio Portugal e David Leandro (guitarras) e Paulo Al\u00e3o (viola), onde naquela cidade helv\u00e9tica grava uma serenata para a Eurovis\u00e3o.\u00a0<\/strong><\/p><p><strong><br \/>Discografia:<br \/><\/strong><a href=\"https:\/\/aja.pt\/discografia\/coimbra-1960\/\" target=\"_blank\" rel=\"noopener\">Coimbra<\/a> (Alvorada MEP 60280), gravado em 1956.<strong><br \/><\/strong><a href=\"https:\/\/aja.pt\/discografia\/balada-de-outono\/\" target=\"_blank\" rel=\"noopener\">Balada do Outono<\/a> (Raps\u00f3dia EFP 5.085)<\/p><p><span style=\"font-size: 18px;text-align: var(--tw-cbx-text-align)\"><br \/>\"Eis-me de viagem para Lisboa num barco pequeno cheio de farinha de peixe e sacos de milho. Dormimos em camaratas mesmo por cima do por\u00e3o onde v\u00e3o empilhados os sacos.\" Mais adiante observa: \"Daqui levamos tamb\u00e9m a convic\u00e7\u00e3o de que possu\u00edmos uma mentalidade diferente da do antigo estudante de Coimbra com quem fomos obrigados a alternar na nossa tourn\u00e9e.\" (Carta, sem data, no caminho de Mo\u00e7\u00e2medes para o Lobito.)<\/span><\/p><p><em><br \/>Evas\u00e3o do Forte de Peniche de \u00c1lvaro Cunhal e outros dirigentes do PCP: 3 de Janeiro. Condena\u00e7\u00e3o de Portugal na Assembleia Geral das Na\u00e7\u00f5es Unidas pela sua pol\u00edtica em rela\u00e7\u00e3o aos territ\u00f3rios coloniais: 15 de Dezembro.<\/em><\/p><p><span style=\"font-size: 18px;text-align: var(--tw-cbx-text-align)\"><i><br \/><\/i>Constru\u00e7\u00e3o do muro de Berlim, separando a parte ocupada pelos EUA, Reino Unido e Fran\u00e7a, da ocupada pela Uni\u00e3o Sovi\u00e9tica. <\/span><span style=\"font-size: 18px;text-align: var(--tw-cbx-text-align)\">Cria\u00e7\u00e3o da Organiza\u00e7\u00e3o dos Pa\u00edses Exportadores de Petr\u00f3leo (OPEP).<\/span><\/p><\/div>\r\n                <\/div>\r\n        <\/div><div class=\"twae-year twae-year-container  story-year-b2f743b\">\r\n                <div class=\"twae-year-label twae-year-text\">1961<\/div>\r\n            <\/div><div id=\"story-b2f743b\" class=\"twae-story twae-repeater-item twae-story-left twae-story-icon\">\r\n                <div class=\"twae-labels\" ><div class=\"twae-label-big\"><\/div><\/div><div class=\"twae-icon\"><i aria-hidden=\"true\" class=\"far fa-clock\"><\/i><\/div><div class=\"twae-arrow\"><\/div><div class=\"twae-content\"><div class=\"twae-title\">Z\u00e9lia<\/div><div class=\"twae-media  large\"><img width=\"500\" height=\"500\" src=\"https:\/\/aja.pt\/wp-content\/uploads\/2022\/11\/Crono-1961.jpg\" class=\"attachment-large size-large\" alt=\"\" loading=\"lazy\" srcset=\"https:\/\/aja.pt\/wp-content\/uploads\/2022\/11\/Crono-1961.jpg 500w, https:\/\/aja.pt\/wp-content\/uploads\/2022\/11\/Crono-1961-300x300.jpg 300w, https:\/\/aja.pt\/wp-content\/uploads\/2022\/11\/Crono-1961-150x150.jpg 150w, https:\/\/aja.pt\/wp-content\/uploads\/2022\/11\/Crono-1961-240x240.jpg 240w\" sizes=\"(max-width: 500px) 100vw, 500px\" \/><\/div><div class=\"twae-description\"><p><strong>Professor provis\u00f3rio da Escola Industrial e Comercial de Faro (oitavo grupo, segundo grau) no ano lectivo de 1960-61 (17-10-1960 a 25-7-1961). <\/strong><strong>Zeca conhece a futura mulher: Z\u00e9lia. \"<\/strong><strong>O conhecimento da Z\u00e9lia, num lugar do Algarve, reconciliou-me com a \u00e1gua fresca e com os tons maiores. Passei a fazer can\u00e7\u00f5es maiores.\" (Nota do pr\u00f3prio em A. F., Cantares de Jos\u00e9 Afonso, col. Nova Realidade, s.e., 1967?, p. 61.). <\/strong><strong>Licenciatura em Hist\u00f3rico-Filos\u00f3ficas com a tese Implica\u00e7\u00f5es Substancialistas na Filosofia Sartriana, pronta, ao que parece, desde 1959, obtendo 11 valores: 3 de Novembro. Grava as baladas \"Minha M\u00e3e\" e \"Balada Aleixo\" no Anfiteatro da Faculdade de Letras da UC para a editora Monitor (MP-596) num disco de promo\u00e7\u00e3o de uma viagem do Orfeon Acad\u00e9mico de Coimbra aos Estados Unidos sob o t\u00edtulo \"Coimbra Orfeon of Portugal\" sendo acompanhado \u00e0 viola por Jos\u00e9 Niza e Durval Moreirinhas.<\/strong><\/p><p><span style=\"font-size: 18px;text-align: var(--tw-cbx-text-align-alternate)\"><b><br \/><\/b><\/span><span style=\"font-size: 18px;text-align: var(--tw-cbx-text-align-alternate)\">\"Fui parar \u00e0 casa da D. Maria, situada numa rua um pouco exc\u00eantrica e muito pr\u00f3xima do cais onde partem os barcos para a ilha... Foi uma fase de euforia extremamente gratificante e das coisas mais felizes da minha vida.\" (Jos\u00e9 Afonso)<\/span><\/p><p><em><br \/>Fim de Semana Conv\u00edvio InterAcademias, em Coimbra: Fevereiro: e Carta \u00e0 Jovem Portuguesa (Via Latina, n.\u00ba 130, de 19-4-1961): in\u00edcio da crise acad\u00e9mica. <\/em><em>\u00abEm Portugal n\u00e3o h\u00e1 pena de morte, h\u00e1 Pena de vida\u00bb , legenda de uma \u00ablatada\u00bb de Coimbra, registada Por Miguel Torga, com o seguinte coment\u00e1rio: \u00abEsta legenda que figurava ao lado de outras, igualmente amargas, num cortejo acad\u00e9mico que atravessou hoje as ruas <\/em><em>da cidade, testemunha bem o desespero a que chegou a juventude\u00a0<\/em><em>(Di\u00e1rio, vol. 23-11-1961.)\u00a0<\/em><em>Assalto ao Santa Maria: 21 de Janeiro. <\/em><em>Assalto \u00e0 cadeia de Luanda: 4 de Fevereiro. Repress\u00e3o. In\u00edcio da guerra em Angola, a que se seguir\u00e3o as frentes da Guin\u00e9 (1963) e de Mo\u00e7ambique (1964). Golpe militar conhecido pela \u00abRevolta da S\u00e9\u00bb: 11 de Mar\u00e7o.\u00a0<\/em><em>Golpe de Botelho Moniz: Abril. <\/em><em>Assassinato de Jos\u00e9 Dias Coelho, a tiro, pela PIDE: 19 de Dezembro.\u00a0<\/em><em>Assalto ao Quartel de Beja (Rua 13): 31 de Dezembro.<\/em><\/p><p><span style=\"font-size: 18px;text-align: var(--tw-cbx-text-align-alternate)\"><i><br \/><\/i>Constitui\u00e7\u00e3o em Londres da Amnistia Internacional. <\/span><span style=\"font-size: 18px;text-align: var(--tw-cbx-text-align-alternate)\">Assassinato de Patrice Lumumba, \u00abpai\u00bb da independ\u00eancia\u00a0<\/span><span style=\"font-size: 18px;text-align: var(--tw-cbx-text-align-alternate)\">do ex-Congo Belga: 17 de Janeiro.\u00a0<\/span><span style=\"font-size: 18px;text-align: var(--tw-cbx-text-align-alternate)\">Desastre da Ba\u00eda dos Porcos (derrota da invas\u00e3o de Cuba, preparada pelos EUA): 17 de Abril.\u00a0<\/span><span style=\"font-size: 18px;text-align: var(--tw-cbx-text-align-alternate)\">Invas\u00e3o de Goa, Dam\u00e3o e Diu pela Uni\u00e3o Indiana: 18 de Dezembro.\u00a0<\/span><span style=\"font-size: 18px;text-align: var(--tw-cbx-text-align-alternate)\">\u00abN\u00e3o prevejo possibilidades de tr\u00e9guas, nem de prisioneiros portugueses. N\u00e3o haver\u00e1 navios rendidos. Sinto apenas que <\/span><span style=\"font-size: 18px;text-align: var(--tw-cbx-text-align-alternate)\">pode haver soldados e marinheiros vitoriosos ou mortos.\u00bb (palavras de Salazar, a prop\u00f3sito da invas\u00e3o da \u00ab\u00cdndia Portuguesa\u00bb).<\/span><\/p><\/div>\r\n                <\/div>\r\n        <\/div><div class=\"twae-year twae-year-container  story-year-4314bbb\">\r\n                <div class=\"twae-year-label twae-year-text\">1962<\/div>\r\n            <\/div><div id=\"story-4314bbb\" class=\"twae-story twae-repeater-item twae-story-right twae-story-icon\">\r\n                <div class=\"twae-labels\" ><div class=\"twae-label-big\"><\/div><\/div><div class=\"twae-icon\"><i aria-hidden=\"true\" class=\"far fa-clock\"><\/i><\/div><div class=\"twae-arrow\"><\/div><div class=\"twae-content\"><div class=\"twae-title\">Tenho barcos, tenho remos<\/div><div class=\"twae-media  large\"><img width=\"500\" height=\"500\" src=\"https:\/\/aja.pt\/wp-content\/uploads\/2022\/11\/Crono-1962.jpg\" class=\"attachment-large size-large\" alt=\"\" loading=\"lazy\" srcset=\"https:\/\/aja.pt\/wp-content\/uploads\/2022\/11\/Crono-1962.jpg 500w, https:\/\/aja.pt\/wp-content\/uploads\/2022\/11\/Crono-1962-300x300.jpg 300w, https:\/\/aja.pt\/wp-content\/uploads\/2022\/11\/Crono-1962-150x150.jpg 150w, https:\/\/aja.pt\/wp-content\/uploads\/2022\/11\/Crono-1962-240x240.jpg 240w\" sizes=\"(max-width: 500px) 100vw, 500px\" \/><\/div><div class=\"twae-description\"><p><strong>Professor provis\u00f3rio da Escola Industrial e Comercial de Faro (oitavo grupo, segundo grau) no ano lectivo de 1961-62 <\/strong><strong>(6-11-1961 a 30-7-1962).\u00a0<\/strong><strong>Conv\u00edvio com Lu\u00edsa Neto Jorge, Ant\u00f3nio Barahona, e Pit\u00e9, seu ex-aluno. Grandes passeatas de barco pela ria de Faro. Data <\/strong><strong>tamb\u00e9m desta altura o conhecimento de Ant\u00f3nio Ramos Rosa.\u00a0<\/strong><strong>Em Mar\u00e7o de 1962, nova digress\u00e3o como o Orfeon Acad\u00e9mico, agora \u00e0 Su\u00e9cia, integrado num grupo constitu\u00eddo por Adriano Correia de Oliveira (voz), Jos\u00e9 Niza e Jorge Godinho (guitarras) e Durval Moreirinhas (viola), onde actuam na \"Gala dos Reais Clubes Suecos\". De permeio passam pela Sui\u00e7a onde realizam um programa para a televis\u00e3o helv\u00e9tica (Zurique) e pela Alemanha (Frankfurt) para nova apresenta\u00e7\u00e3o televisiva.\u00a0<\/strong><strong style=\"color: var(--tw-cbx-des-color);font-size: 18px;text-align: var(--tw-cbx-text-align)\">Canta para associa\u00e7\u00f5es acad\u00e9micas, especialmente em Lisboa, organiza\u00e7\u00f5es sindicais, culturais e recreativas, neste caso com maior incid\u00eancia a sul do Tejo, actividade que manter\u00e1 ao longo dos anos.<\/strong><\/p><p><strong><br \/>Discografia:<\/strong><br \/><a href=\"https:\/\/aja.pt\/discografia\/baladas-de-coimbra-1962\/\" target=\"_blank\" rel=\"noopener\">Baladas de Coimbra<\/a>, onde se inclui Menino d'Oiro (Raps\u00f3dia EFP 5182), EP.<\/p><p><em><br \/>Proibi\u00e7\u00e3o do Dia do Estudante (Mar\u00e7o) jornada de conv\u00edvio e de reflex\u00e3o interassociativa a ter lugar em Lisboa \u2014 e agudiza\u00e7\u00e3o da \u00abcrise acad\u00e9mica\u00bb : movimento de protesto em Coimbra e Lisboa, seguidas do Porto. Violenta repress\u00e3o policial. <\/em><em>Inicio da emiss\u00e3o, a partir da Arg\u00e9lia, da R\u00e1dio Portugal Livre.<\/em><\/p><\/div>\r\n                <\/div>\r\n        <\/div><div class=\"twae-year twae-year-container  story-year-682dc21\">\r\n                <div class=\"twae-year-label twae-year-text\">1963<\/div>\r\n            <\/div><div id=\"story-682dc21\" class=\"twae-story twae-repeater-item twae-story-left twae-story-icon\">\r\n                <div class=\"twae-labels\" ><div class=\"twae-label-big\"><\/div><\/div><div class=\"twae-icon\"><i aria-hidden=\"true\" class=\"far fa-clock\"><\/i><\/div><div class=\"twae-arrow\"><\/div><div class=\"twae-content\"><div class=\"twae-title\">Menino do bairro negro<\/div><div class=\"twae-media  large\"><img width=\"500\" height=\"500\" src=\"https:\/\/aja.pt\/wp-content\/uploads\/2022\/11\/Crono-1963-2.jpg\" class=\"attachment-large size-large\" alt=\"\" loading=\"lazy\" srcset=\"https:\/\/aja.pt\/wp-content\/uploads\/2022\/11\/Crono-1963-2.jpg 500w, https:\/\/aja.pt\/wp-content\/uploads\/2022\/11\/Crono-1963-2-300x300.jpg 300w, https:\/\/aja.pt\/wp-content\/uploads\/2022\/11\/Crono-1963-2-150x150.jpg 150w, https:\/\/aja.pt\/wp-content\/uploads\/2022\/11\/Crono-1963-2-240x240.jpg 240w\" sizes=\"(max-width: 500px) 100vw, 500px\" \/><\/div><div class=\"twae-description\"><p><strong>Professor provis\u00f3rio da Escola Industrial e Comercial de Faro (oitavo grupo, segundo grau) no ano lectivo de 1962-63 <\/strong><strong>(19-10-1962 a 31-7-1963).&nbsp;<\/strong><strong>Data da senten\u00e7a de div\u00f3rcio entre Zeca e Maria Am\u00e1lia (interposta no ano anterior): 1 de Junho.&nbsp;<\/strong><strong>\u00abTalvez te interesse saber que vou gravar um outro disco, desta vez com duas ou tr\u00eas can\u00e7\u00f5es totalmente libertas de pruridos coimbr\u00e3os. Segundo dizem as m\u00e1s-l\u00ednguas, uma delas, Menino do <\/strong><strong>Bairro Negro, vai dar muito que falar.\u00bb (Carta ao autor, sem data, de 1963.)<\/strong><\/p><p><strong style=\"color: var(--tw-cbx-des-color);font-size: 18px;text-align: var(--tw-cbx-text-align-alternate)\"><br>Discografia:<\/strong><span style=\"font-size: 18px;text-align: var(--tw-cbx-text-align-alternate)\"> <\/span><a href=\"https:\/\/aja.pt\/discografia\/baladas-de-coimbra-1963\/\" target=\"_blank\" rel=\"noopener\" style=\"font-size: 18px;text-align: var(--tw-cbx-text-align-alternate)\">Dr. <\/a><em style=\"color: var(--tw-cbx-des-color);font-size: 18px;text-align: var(--tw-cbx-text-align-alternate)\"><a href=\"_wp_link_placeholder\">Jos\u00e9 Afonso em Baladas de Coimbra<\/a>, <\/em><span style=\"font-size: 18px;text-align: var(--tw-cbx-text-align-alternate)\">onde se inclui Os <\/span><em style=\"color: var(--tw-cbx-des-color);font-size: 18px;text-align: var(--tw-cbx-text-align-alternate)\">Va<\/em><span style=\"font-size: 18px;text-align: var(--tw-cbx-text-align-alternate)\">mpiros (Raps\u00f3dia EFP 5. 218), EP<\/span><\/p><p><span style=\"font-size: 18px;text-align: var(--tw-cbx-text-align-alternate)\"><br>O presidente dos EUA, John Kennedy, \u00e9 assassinado em Dallas<\/span><\/p><\/div>\r\n                <\/div>\r\n        <\/div><div class=\"twae-year twae-year-container  story-year-3df3eb1\">\r\n                <div class=\"twae-year-label twae-year-text\">1964<\/div>\r\n            <\/div><div id=\"story-3df3eb1\" class=\"twae-story twae-repeater-item twae-story-right twae-story-icon\">\r\n                <div class=\"twae-labels\" ><div class=\"twae-label-big\"><\/div><\/div><div class=\"twae-icon\"><i aria-hidden=\"true\" class=\"far fa-clock\"><\/i><\/div><div class=\"twae-arrow\"><\/div><div class=\"twae-content\"><div class=\"twae-title\">O primeiro LP<\/div><div class=\"twae-media  large\"><img width=\"1024\" height=\"1017\" src=\"https:\/\/aja.pt\/wp-content\/uploads\/2022\/02\/EP-Baladas-1024x1017.jpg\" class=\"attachment-large size-large\" alt=\"\" loading=\"lazy\" srcset=\"https:\/\/aja.pt\/wp-content\/uploads\/2022\/02\/EP-Baladas-1024x1017.jpg 1024w, https:\/\/aja.pt\/wp-content\/uploads\/2022\/02\/EP-Baladas-300x298.jpg 300w, https:\/\/aja.pt\/wp-content\/uploads\/2022\/02\/EP-Baladas-150x150.jpg 150w, https:\/\/aja.pt\/wp-content\/uploads\/2022\/02\/EP-Baladas-768x763.jpg 768w, https:\/\/aja.pt\/wp-content\/uploads\/2022\/02\/EP-Baladas.jpg 1080w\" sizes=\"(max-width: 1024px) 100vw, 1024px\" \/><\/div><div class=\"twae-description\"><p><strong>Professor provis\u00f3rio da Escola Industrial e Comercial de Faro (oitavo grupo, segundo grau) no ano lectivo de 1963-64 <\/strong><strong>(7-10-1963 a 29-7-1964).\u00a0<\/strong><strong>Casamento com Maria Z\u00e9lia Agostinho: 4 de Janeiro. Em Maio, Jos\u00e9 Afonso actua na Sociedade Musical Fraternidade Oper\u00e1ria Grandolense, onde se inspira para fazer a can\u00e7\u00e3o \"Gr\u00e2ndola, Vila Morena\". <\/strong><strong>Embarque com Z\u00e9lia para Mo\u00e7ambique, com um contrato como professor, ao encontro dos filhos, no final do Ver\u00e3o. <\/strong><strong>\u00ab [...] \u00c9 preciso poupar energias para o dia da c\u00e9lebre p\u00e2ndega. Haver\u00e1 vinho e carne picada e n\u00f3s precisamos de mais uma boa mand\u00edbula.\u00bb (Carta de Faro ao irm\u00e3o, de 22-4-1964.)<\/strong><\/p><p><strong><br \/>Discografia:<\/strong><br \/><a href=\"https:\/\/aja.pt\/discografia\/cantares-de-jose-afonso-1964\/\" target=\"_blank\" rel=\"noopener\">Cantares de Jos\u00e9 Afonso<\/a> (<span>Columbia SLEM 2182)<\/span><br \/><a href=\"https:\/\/aja.pt\/discografia\/baladas-e-cancoes-1964\/\" target=\"_blank\" rel=\"noopener\">Baladas e Can\u00e7\u00f5es<\/a> (Ofir AMS 301) LP\u00a0<\/p><p><span style=\"font-size: 18px;text-align: var(--tw-cbx-text-align)\"><br \/>Interven\u00e7\u00e3o armada norte-americana no Vietname.\u00a0<\/span><span style=\"font-size: 18px;text-align: var(--tw-cbx-text-align)\">Enc\u00edclica do Papa Jo\u00e3o XXXIII: Pacem In Terris.<\/span><\/p><\/div>\r\n                <\/div>\r\n        <\/div><div class=\"twae-year twae-year-container  story-year-cc46d5d\">\r\n                <div class=\"twae-year-label twae-year-text\">1965<\/div>\r\n            <\/div><div id=\"story-cc46d5d\" class=\"twae-story twae-repeater-item twae-story-left twae-story-icon\">\r\n                <div class=\"twae-labels\" ><div class=\"twae-label-big\"><\/div><\/div><div class=\"twae-icon\"><i aria-hidden=\"true\" class=\"far fa-clock\"><\/i><\/div><div class=\"twae-arrow\"><\/div><div class=\"twae-content\"><div class=\"twae-title\">L\u00e1 no Xepangara<\/div><div class=\"twae-media  large\"><img width=\"500\" height=\"500\" src=\"https:\/\/aja.pt\/wp-content\/uploads\/2022\/11\/Crono-1965.jpg\" class=\"attachment-large size-large\" alt=\"\" loading=\"lazy\" srcset=\"https:\/\/aja.pt\/wp-content\/uploads\/2022\/11\/Crono-1965.jpg 500w, https:\/\/aja.pt\/wp-content\/uploads\/2022\/11\/Crono-1965-300x300.jpg 300w, https:\/\/aja.pt\/wp-content\/uploads\/2022\/11\/Crono-1965-150x150.jpg 150w, https:\/\/aja.pt\/wp-content\/uploads\/2022\/11\/Crono-1965-240x240.jpg 240w\" sizes=\"(max-width: 500px) 100vw, 500px\" \/><\/div><div class=\"twae-description\"><p><strong>Liceu Salazar, em Louren\u00e7o Marques: cumpre a\u00ed o ano lectivo de 1964-65 (quinto grupo), leccionando Geografia. <\/strong><strong>Exerce pedagogia (aulas nocturnas, gratuitas) no Centro Associativo dos Negros de Mo\u00e7ambique, em consequ\u00eancia do que ser\u00e1 transferido para a Beira, findo o per\u00edodo escolar. <\/strong><strong>Zeca toma contacto com os ritmos musicais africanos que se ouviam na r\u00e1dio ou em disco, no mercado de Xipamanine, em Louren\u00e7o Marques. Canta para estudantes e para militares (neste caso de forma provocat\u00f3ria).\u00a0<\/strong><strong style=\"color: var(--tw-cbx-des-color);font-size: 18px;text-align: var(--tw-cbx-text-align-alternate)\">Nascimento da Joana: 8 de Agosto. \u00abPadrinhos\u00bb do registo: o pintor e poeta Ant\u00f3nio Quadros e o tio Fernando Lima. <\/strong><strong style=\"color: var(--tw-cbx-des-color);font-size: 18px;text-align: var(--tw-cbx-text-align-alternate)\">\u00abFiquei desvanecido com a refer\u00eancia que me faz no belo artigo do Janeiro. Francamente, n\u00e3o me julgo t\u00e3o isento de confrontos com os meus colegas passados e presentes que justifique da sua parte o ep\u00edteto de \"incompar\u00e1vel\". Mas como, apesar da minha aparente mod\u00e9stia, sou vaidoso, n\u00e3o deixei de exibir o trof\u00e9u a estes analfabetos c\u00e1 da terra para mostrar que ainda existem almas sens\u00edveis e temperamentos delicados capazes de glorificar <\/strong><strong style=\"color: var(--tw-cbx-des-color);font-size: 18px;text-align: var(--tw-cbx-text-align-alternate)\">os talentos, infelizmente ignorados, como os do rapaz.\u00bb (Carta a Rocha Pato [pai] escrita de Louren\u00e7o Marques, em 15-7-1965.)<\/strong><\/p><p><span style=\"color: var(--tw-cbx-des-color);font-size: 18px;text-align: var(--tw-cbx-text-align-alternate)\"><b><br \/><\/b><i>O General Humberto Delgado e sua secret\u00e1ria s\u00e3o assassinados pela PIDE em Villanueva dei Fresno, junto \u00e0 fronteira de Badajoz: 13 de Fevereiro.\u00a0<\/i><\/span><em style=\"color: var(--tw-cbx-des-color);font-size: 18px;text-align: var(--tw-cbx-text-align-alternate)\">Assalto pela PIDE \u00e0s instala\u00e7\u00f5es da Sociedade Portuguesa de Escritores e dissolu\u00e7\u00e3o desta, em consequ\u00eancia da atribui\u00e7\u00e3o do pr\u00e9mio Camilo Castelo Branco ao escritor angolano Luandino Vieira: Maio.<\/em><\/p><\/div>\r\n                <\/div>\r\n        <\/div><div class=\"twae-year twae-year-container  story-year-6574388\">\r\n                <div class=\"twae-year-label twae-year-text\">1966<\/div>\r\n            <\/div><div id=\"story-6574388\" class=\"twae-story twae-repeater-item twae-story-right twae-story-icon\">\r\n                <div class=\"twae-labels\" ><div class=\"twae-label-big\"><\/div><\/div><div class=\"twae-icon\"><i aria-hidden=\"true\" class=\"far fa-clock\"><\/i><\/div><div class=\"twae-arrow\"><\/div><div class=\"twae-content\"><div class=\"twae-title\">Na Beira<\/div><div class=\"twae-media  large\"><img width=\"500\" height=\"500\" src=\"https:\/\/aja.pt\/wp-content\/uploads\/2022\/11\/Crono-1966-1.jpg\" class=\"attachment-large size-large\" alt=\"\" loading=\"lazy\" srcset=\"https:\/\/aja.pt\/wp-content\/uploads\/2022\/11\/Crono-1966-1.jpg 500w, https:\/\/aja.pt\/wp-content\/uploads\/2022\/11\/Crono-1966-1-300x300.jpg 300w, https:\/\/aja.pt\/wp-content\/uploads\/2022\/11\/Crono-1966-1-150x150.jpg 150w, https:\/\/aja.pt\/wp-content\/uploads\/2022\/11\/Crono-1966-1-240x240.jpg 240w\" sizes=\"(max-width: 500px) 100vw, 500px\" \/><\/div><div class=\"twae-description\"><p><strong>Liceu Pero de Anaia, na Beira (professor contratado do quinto grupo). Cumpre o ano lectivo de 1965-66 (14-9-1965 a 30-7-1966).&nbsp;<\/strong><strong>Z\u00e9lia emprega-se no tribunal de trabalho. <\/strong><strong>Desloca-se a Tete e a uma miss\u00e3o cat\u00f3lica do planalto para fazer exames.<\/strong><\/p>\n<p><span style=\"font-size: 18px;text-align: var(--tw-cbx-text-align)\"><b><br><\/b>\"Fiquei terrivelmente ligado <\/span><span style=\"font-size: 18px;text-align: var(--tw-cbx-text-align)\">\u00e0quela realidade f\u00edsica que \u00e9 a \u00c1frica, aquilo tem (...) uma for\u00e7a muito grande que <\/span><span style=\"font-size: 18px;text-align: var(--tw-cbx-text-align)\">nos seduz. O meu batismo pol\u00edtico come\u00e7a em \u00c1frica. Estava a dois passos do oprimido.\" (Jos\u00e9 Afonso)<\/span><\/p>\n<p><em><br>Festa comemorativa da inaugura\u00e7\u00e3o da ponte sobre o Tejo (crismada de Ponte Salazar) no Pal\u00e1cio de Queluz: 8 de Agosto. \u00abAl\u00e9m da ceia, serviram aos convidados as can\u00e7\u00f5es do Duo Ouro Negro e os fadinhos da Am\u00e1lia Rodrigues, o supra-sumo art\u00edstico capaz de preencher as exig\u00eancias espirituais dos presentes e ausentes.\u00bb (Jos\u00e9 Gomes Ferreira, Dias Comuns, 1:' vol., col. Autores de L\u00edngua <\/em><em>Portuguesa Obras de Jos\u00e9 Gomes Ferreira, n.f. 19, Lisboa, Dom Quixote, 1990, p. 83.) <\/em><em>Manifesto dos 118; abaixo- -assinado de destacados membros da oposi\u00e7\u00e3o reclamando a instaura\u00e7\u00e3o das liberdades fundamentais e a demiss\u00e3o de Salazar: Dezembro.<\/em><\/p><\/div>\r\n                <\/div>\r\n        <\/div><div class=\"twae-year twae-year-container  story-year-636e3b6\">\r\n                <div class=\"twae-year-label twae-year-text\">1967<\/div>\r\n            <\/div><div id=\"story-636e3b6\" class=\"twae-story twae-repeater-item twae-story-left twae-story-icon\">\r\n                <div class=\"twae-labels\" ><div class=\"twae-label-big\"><\/div><\/div><div class=\"twae-icon\"><i aria-hidden=\"true\" class=\"far fa-clock\"><\/i><\/div><div class=\"twae-arrow\"><\/div><div class=\"twae-content\"><div class=\"twae-title\">Regresso a Portugal<\/div><div class=\"twae-media  large\"><img width=\"500\" height=\"500\" src=\"https:\/\/aja.pt\/wp-content\/uploads\/2022\/11\/Crono-1967-3.jpg\" class=\"attachment-large size-large\" alt=\"\" loading=\"lazy\" srcset=\"https:\/\/aja.pt\/wp-content\/uploads\/2022\/11\/Crono-1967-3.jpg 500w, https:\/\/aja.pt\/wp-content\/uploads\/2022\/11\/Crono-1967-3-300x300.jpg 300w, https:\/\/aja.pt\/wp-content\/uploads\/2022\/11\/Crono-1967-3-150x150.jpg 150w, https:\/\/aja.pt\/wp-content\/uploads\/2022\/11\/Crono-1967-3-240x240.jpg 240w\" sizes=\"(max-width: 500px) 100vw, 500px\" \/><\/div><div class=\"twae-description\"><p><strong>Por acordo com a Administra\u00e7\u00e3o, o contrato administrativo de doc\u00eancia \u00e9 revogado e cumpre a lecciona\u00e7\u00e3o do ano lectivo de 1966-67 como eventual (18-9-1966 a 29-7-1967). <\/strong><strong>Prepara\u00e7\u00e3o de duas can\u00e7\u00f5es para serem cantadas na pe\u00e7a de Bertold Brecht, A Excep\u00e7\u00e3o e a Regra, mais tarde inclu\u00eddas no \u00e1lbum Coro dos Tribunais (1975) e outra, Vejam Bem, para um filme <\/strong><strong>amador (\u00e1lbum Cantares do Andarilho, 1968). Outra can\u00e7\u00e3o da mesma pe\u00e7a, Can\u00e7\u00e3o do Juiz, n\u00e3o foi gravada. <\/strong><strong>Zeca canta para os amigos locais algumas can\u00e7\u00f5es que incorporar\u00e3o discos futuros, acompanhando-se toscamente \u00e0 viola. <\/strong><strong>Importunado pelos males de garganta, faz-se extrair as am\u00edgdalas (uma gadanha apontada aos gorgomilos, sem anestesia). <\/strong><strong>Regresso antecipado a Portugal (em rela\u00e7\u00e3o ao termo inicialmente previsto do contrato), com a Z\u00e9lia e dois filhos, Lena e Joana: Agosto. O filho mais velho, Jos\u00e9 Manuel, s\u00f3 voltar\u00e1 com o tio-av\u00f4 Filomeno quando este regressar de vez a Portugal em 1973. <\/strong><strong>Em Outubro come\u00e7a a dar aulas no Liceu Nacional de Set\u00fabal (hoje escola de Bocage), mas \u00e9 alvo de persegui\u00e7\u00f5es concertadas por alguns influentes da terra com vista ao seu afastamento compulsivo.<\/strong><br \/><strong>Internado na Casa de Sa\u00fade de Belas, logo na primeira semana de internamento \u00e9 notificado da sua exonera\u00e7\u00e3o \"por conveni\u00eancia de servi\u00e7o\". <\/strong><strong>Regressa \u00e0 actividade de explicador. Um dos explicandos \u00e9 filho de um agente da PIDE local, segundo se vir\u00e1 a apurar.<\/strong><\/p><p><em><br \/>Forma\u00e7\u00e3o da LUAR: Liga de Uni\u00e3o e Ac\u00e7\u00e3o Revolucion\u00e1ria e assalto ao Banco de Portugal na Figueira da Foz. <\/em><em>Golpe militar na Gr\u00e9cia e in\u00edcio da \u00abditadura dos coron\u00e9is\u00bb: 22 de Abril.<\/em><\/p><p><span style=\"font-size: 18px;text-align: var(--tw-cbx-text-align-alternate)\"><i><br \/><\/i>Che Guevara \u00e9 assassinado na Bol\u00edvia: 9 de Outubro. Erup\u00e7\u00e3o do movimento hippie nos EUA.\u00a0<\/span><\/p><\/div>\r\n                <\/div>\r\n        <\/div><div class=\"twae-year twae-year-container  story-year-1109f8b\">\r\n                <div class=\"twae-year-label twae-year-text\">1968<\/div>\r\n            <\/div><div id=\"story-1109f8b\" class=\"twae-story twae-repeater-item twae-story-right twae-story-icon\">\r\n                <div class=\"twae-labels\" ><div class=\"twae-label-big\"><\/div><\/div><div class=\"twae-icon\"><i aria-hidden=\"true\" class=\"far fa-clock\"><\/i><\/div><div class=\"twae-arrow\"><\/div><div class=\"twae-content\"><div class=\"twae-title\">Cantares do andarilho<\/div><div class=\"twae-media  large\"><img width=\"1024\" height=\"1024\" src=\"https:\/\/aja.pt\/wp-content\/uploads\/2022\/01\/LP-Cantares-do-andarilho-1024x1024.jpg\" class=\"attachment-large size-large\" alt=\"\" loading=\"lazy\" srcset=\"https:\/\/aja.pt\/wp-content\/uploads\/2022\/01\/LP-Cantares-do-andarilho-1024x1024.jpg 1024w, https:\/\/aja.pt\/wp-content\/uploads\/2022\/01\/LP-Cantares-do-andarilho-540x540.jpg 540w, https:\/\/aja.pt\/wp-content\/uploads\/2022\/01\/LP-Cantares-do-andarilho-240x240.jpg 240w, https:\/\/aja.pt\/wp-content\/uploads\/2022\/01\/LP-Cantares-do-andarilho-300x300.jpg 300w, https:\/\/aja.pt\/wp-content\/uploads\/2022\/01\/LP-Cantares-do-andarilho-150x150.jpg 150w, https:\/\/aja.pt\/wp-content\/uploads\/2022\/01\/LP-Cantares-do-andarilho-768x768.jpg 768w, https:\/\/aja.pt\/wp-content\/uploads\/2022\/01\/LP-Cantares-do-andarilho-560x560.jpg 560w, https:\/\/aja.pt\/wp-content\/uploads\/2022\/01\/LP-Cantares-do-andarilho.jpg 1080w\" sizes=\"(max-width: 1024px) 100vw, 1024px\" \/><\/div><div class=\"twae-description\"><p><strong>Agravam-se as ac\u00e7\u00f5es de intimida\u00e7\u00e3o por parte da pol\u00edcia pol\u00edtica. Interpela\u00e7\u00f5es policiais, cancelamentos de espect\u00e1culos e proibi\u00e7\u00e3o da emiss\u00e3o de can\u00e7\u00f5es em disco pela r\u00e1dio.\u00a0<\/strong><strong>\u00c9 co-fundador do C\u00edrculo Cultural de Set\u00fabal. Colabora nas actividades do Centro, especialmente dando li\u00e7\u00f5es a estudantes-trabalhadores desprovidos de cursos nocturnos (ensino t\u00e9cnico).\u00a0<\/strong><strong>Celebra com Arnaldo Trindade &amp; C. Lda. o primeiro contrato em que se obriga a produzir para a editora, em regime de <\/strong><strong>exclusividade, um ru\u00edmero preciso de t\u00edtulos durante certo tempo. No caso, um n\u00famero m\u00ednimo de tr\u00eas discos long-playing (36 trechos), num prazo de dezoito meses a contar de 1-3-1969, mediante um cachet mais do que modesto (45 000$00 por cada lote de doze can\u00e7\u00f5es): 21 de Dezembro.<\/strong><\/p><p><span style=\"font-size: 18px;text-align: var(--tw-cbx-text-align)\"><br \/><b style=\"color: var(--tw-cbx-des-color)\">Discografia:<\/b><b><br \/><\/b><\/span><a href=\"https:\/\/aja.pt\/discografia\/cantares-do-andarilho-1968\/\" target=\"_blank\" rel=\"noopener\" style=\"font-size: 18px;text-align: var(--tw-cbx-text-align)\">Cantares do Andarilho<\/a><span style=\"font-size: 18px;text-align: var(--tw-cbx-text-align)\"> (Orfeu STAT 002), LP (remunerado ainda pelo sistema do \u00abpagamento \u00e0 pe\u00e7a\u00bb).<\/span><\/p><p><em><br \/>Exonera\u00e7\u00e3o de Salazar por incapacidade f\u00edsica permanente. Marcelo Caetano ocupa, por nomea\u00e7\u00e3o, o seu lugar: 26 de Setembro.\u00a0<\/em><em>\u00abOs \"Agoras\" insistem agora na linguagem da unidade com uma\u00a0<\/em><em>veem\u00eancia proporcional a um certo aperto do recto que parece ter desentido para as fileiras estaduais. Creio que \u00e9 injustificado [...]. A imprensa acusa o toque (alguma imprensa) empilhando o mito no cesto dos pap\u00e9is e ensaiando um novo estilo editorial sugerido por um novo estilo governamental que eu creio ser sol de pouca dura. [...] A quem p<\/em><em>assar\u00e1 a prestar Preito e menagem a prestimagem?\u00bb (Carta de Set\u00fabal <\/em><em>pedimos o que possa parecer imposs\u00edvel, parecendo-nos necess\u00e1rio festejar o que for poss\u00edvel. Alguma coisa j\u00e1 foi poss\u00edvel: escrevermos n\u00f3s pr\u00f3prios estas palavras de que neste momento esperamos n\u00e3o ter que nos arrepender...\u00bb (Extracto do editorial de um jornal da oposi\u00e7\u00e3o \u00e0\u00a0<\/em><em>ditadura a prop\u00f3sito da \u00abprimavera marcelista\u00bb: o Di\u00e1rio de Lisboa <\/em><em>de 30 de Setembro.)<\/em><\/p><p><span style=\"font-size: 18px;text-align: var(--tw-cbx-text-align)\"><i><br \/><\/i>Revolta de Maio em Paris.\u00a0<\/span><span style=\"font-size: 18px;text-align: var(--tw-cbx-text-align)\">Invas\u00e3o da Checoslov\u00e1quia pela URSS.\u00a0<\/span><span style=\"font-size: 18px;text-align: var(--tw-cbx-text-align)\">Assassinato em Memphis, de Martin Luther King.<\/span><\/p><\/div>\r\n                <\/div>\r\n        <\/div><div class=\"twae-year twae-year-container  story-year-4b08ab0\">\r\n                <div class=\"twae-year-label twae-year-text\">1969<\/div>\r\n            <\/div><div id=\"story-4b08ab0\" class=\"twae-story twae-repeater-item twae-story-left twae-story-icon\">\r\n                <div class=\"twae-labels\" ><div class=\"twae-label-big\"><\/div><\/div><div class=\"twae-icon\"><i aria-hidden=\"true\" class=\"far fa-clock\"><\/i><\/div><div class=\"twae-arrow\"><\/div><div class=\"twae-content\"><div class=\"twae-title\">O adeus ao ensino<\/div><div class=\"twae-media  large\"><img width=\"1024\" height=\"1024\" src=\"https:\/\/aja.pt\/wp-content\/uploads\/2022\/01\/LP-Contos-velhos-rumos-novos-1024x1024.jpg\" class=\"attachment-large size-large\" alt=\"\" loading=\"lazy\" srcset=\"https:\/\/aja.pt\/wp-content\/uploads\/2022\/01\/LP-Contos-velhos-rumos-novos-1024x1024.jpg 1024w, https:\/\/aja.pt\/wp-content\/uploads\/2022\/01\/LP-Contos-velhos-rumos-novos-540x540.jpg 540w, https:\/\/aja.pt\/wp-content\/uploads\/2022\/01\/LP-Contos-velhos-rumos-novos-240x240.jpg 240w, https:\/\/aja.pt\/wp-content\/uploads\/2022\/01\/LP-Contos-velhos-rumos-novos-300x300.jpg 300w, https:\/\/aja.pt\/wp-content\/uploads\/2022\/01\/LP-Contos-velhos-rumos-novos-150x150.jpg 150w, https:\/\/aja.pt\/wp-content\/uploads\/2022\/01\/LP-Contos-velhos-rumos-novos-768x768.jpg 768w, https:\/\/aja.pt\/wp-content\/uploads\/2022\/01\/LP-Contos-velhos-rumos-novos-560x560.jpg 560w, https:\/\/aja.pt\/wp-content\/uploads\/2022\/01\/LP-Contos-velhos-rumos-novos.jpg 1080w\" sizes=\"(max-width: 1024px) 100vw, 1024px\" \/><\/div><div class=\"twae-description\"><p><strong>Recolha do folclore beir\u00e3o em Malpica do Tejo (perto de Monsanto) que servir\u00e1 de base a duas can\u00e7\u00f5es inseridas no \u00e1lbum <\/strong><strong>Contos Velhos Rumos Novos. No decurso da peregrina\u00e7\u00e3o Zeca faz o \u00fanico neg\u00f3cio que se lhe conhece da sua iniciativa. Compra por dez contos, mediante ajuste verbal e entrega do dinheiro, urna casa <\/strong><strong>tosca e ex\u00edgua em plena aldeia de Monsanto (sem transmiss\u00e3o de jure). <\/strong><strong>Em consequ\u00eancia dos requerimentos que apresenta anualmente a concurso, \u00e9 admitido como professor provis\u00f3rio do Liceu de Set\u00fabal, mas para leccionar o primeiro grupo (o dos alunos mais <\/strong><strong>mi\u00fados) (7-10-1969 a 31-7-1970), numa \u00e1rea fora da sua compet\u00eancia (ci\u00eancias da natureza), meio astucioso de o obrigar a n\u00e3o se recandidatar. O requerimento que interp\u00f5e no ano seguinte \u00e9, de facto, indeferido, ficando impedido definitivamente de ser professor do ensino p\u00fablico.<\/strong><\/p><p><span><br \/>\"Vinha decidido a ser professor (...). Instalo-me em Set\u00fabal e come\u00e7o a ser convidado para as coletividades da margem sul (...). Comecei a ser chamado \u00e0 PIDE (...), at\u00e9 que finalmente fui corrido do ensino.\" (Jos\u00e9 Afonso)<\/span><\/p><p><span style=\"color: var(--tw-cbx-des-color);font-size: 18px;text-align: var(--tw-cbx-text-align-alternate)\"><br \/><b>Discografia:<\/b><\/span><\/p><p><a href=\"https:\/\/aja.pt\/discografia\/menina-dos-olhos-tristes-1969\/\" target=\"_blank\" rel=\"noopener\"><\/a><a href=\"https:\/\/aja.pt\/discografia\/contos-velhos-rumos-novos-1969\/\" target=\"_blank\" rel=\"noopener\">Contos Velhos Rumos Novos<\/a> (Orfeu STAT 004), LP<a href=\"https:\/\/aja.pt\/discografia\/menina-dos-olhos-tristes-1969\/\" target=\"_blank\" rel=\"noopener\"><br \/>Menina dos Olhos Tristes<\/a> (Orfeu STAT 803), Single<\/p><p><em><br \/>II Congresso Republicano de Aveiro: 15 de Maio.<\/em><br \/><em>Crise acad\u00e9mica: de Abril em diante. Declara\u00e7\u00e3o de Coimbra (conjunto de reivindica\u00e7\u00f5es elaboradas por uma assembleia constitu\u00edda por elementos das tr\u00eas academias: Lisboa, Porto e Coimbra). Greve \u00e0s aulas e aos exames. Grande repress\u00e3o policial e expurgos do ensino universit\u00e1rio. Assassinato pela PIDE, a tiro, do estudante Jos\u00e9 Ribeiro dos Santos e ferimentos em outros, durante as manifesta\u00e7\u00f5es no Instituto Superior de Economia de Lisboa: 12 de Outubro.\u00a0<\/em><em>Grande parte das oposi\u00e7\u00f5es decide-se a ir \u00e0s urnas, na elei\u00e7\u00e3o para deputados \u00e0 Assembleia Nacional, constituindo, de um lado, as Comiss\u00f5es Democr\u00e1ticas Eleitorais (CDE) \u2014 comunistas e outros sectores de esquerda, do outro Comiss\u00f5es Eleitorais da Unidade Democr\u00e1tica (CEUD) \u2014 de influ\u00eancia socialista e outros. A elei\u00e7\u00e3o foi, por\u00e9m, como as anteriores, manipulada e falseada.<\/em><\/p><p><span style=\"font-size: 18px;text-align: var(--tw-cbx-text-align-alternate)\"><i><br \/><\/i>Eduardo Mondlane \u00e9 assassinado, ao que parece, pela PIDE, com uma carta armadilhada, em Dar-es-Salem. <\/span><span style=\"font-size: 18px;text-align: var(--tw-cbx-text-align-alternate)\">Movimento contra a guerra no Vietname nos EUA.\u00a0<\/span><span style=\"font-size: 18px;text-align: var(--tw-cbx-text-align-alternate)\">Neil Armstrong, astronauta norte americano, pisa a superf\u00edcie lunar: 20 de Julho.\u00a0<\/span><span style=\"font-size: 18px;text-align: var(--tw-cbx-text-align-alternate)\">Woodstock, lugar e s\u00edmbolo do festival de rock nos EUA: Agosto<\/span><\/p><\/div>\r\n                <\/div>\r\n        <\/div><div class=\"twae-year twae-year-container  story-year-b5b2bcc\">\r\n                <div class=\"twae-year-label twae-year-text\">1970<\/div>\r\n            <\/div><div id=\"story-b5b2bcc\" class=\"twae-story twae-repeater-item twae-story-right twae-story-icon\">\r\n                <div class=\"twae-labels\" ><div class=\"twae-label-big\"><\/div><\/div><div class=\"twae-icon\"><i aria-hidden=\"true\" class=\"far fa-clock\"><\/i><\/div><div class=\"twae-arrow\"><\/div><div class=\"twae-content\"><div class=\"twae-title\">Traz outro amigo tamb\u00e9m<\/div><div class=\"twae-media  large\"><img width=\"1024\" height=\"1024\" src=\"https:\/\/aja.pt\/wp-content\/uploads\/2022\/02\/LP-Traz-outro-amigo-tambem-1024x1024.jpg\" class=\"attachment-large size-large\" alt=\"\" loading=\"lazy\" srcset=\"https:\/\/aja.pt\/wp-content\/uploads\/2022\/02\/LP-Traz-outro-amigo-tambem-1024x1024.jpg 1024w, https:\/\/aja.pt\/wp-content\/uploads\/2022\/02\/LP-Traz-outro-amigo-tambem-540x540.jpg 540w, https:\/\/aja.pt\/wp-content\/uploads\/2022\/02\/LP-Traz-outro-amigo-tambem-240x240.jpg 240w, https:\/\/aja.pt\/wp-content\/uploads\/2022\/02\/LP-Traz-outro-amigo-tambem-300x300.jpg 300w, https:\/\/aja.pt\/wp-content\/uploads\/2022\/02\/LP-Traz-outro-amigo-tambem-150x150.jpg 150w, https:\/\/aja.pt\/wp-content\/uploads\/2022\/02\/LP-Traz-outro-amigo-tambem-768x768.jpg 768w, https:\/\/aja.pt\/wp-content\/uploads\/2022\/02\/LP-Traz-outro-amigo-tambem-560x560.jpg 560w, https:\/\/aja.pt\/wp-content\/uploads\/2022\/02\/LP-Traz-outro-amigo-tambem.jpg 1080w\" sizes=\"(max-width: 1024px) 100vw, 1024px\" \/><\/div><div class=\"twae-description\"><p><strong>A Casa da Imprensa atribui-lhe o pr\u00e9mio Honra \"pela alta qualidade da sua obra art\u00edstica como autor e int\u00e9rprete e pela decisiva influ\u00eancia que exerce em todo o movimento de renova\u00e7\u00e3o da m\u00fasica popular portuguesa\". A Casa da Imprensa j\u00e1 lhe conferira o pr\u00e9mio da cr\u00edtica para o melhor disco em 1969 e tomar\u00e1 a atribui-lo ainda em 1972 e para a melhor interpreta\u00e7\u00e3o em 1973. <\/strong><strong>Contrato (denominado de trabalho) que inspirar\u00e1 as regras contratuais posteriores \u2014 com a Arnaldo Trindade: obriga\u00e7\u00e3o de grava\u00e7\u00e3o no m\u00ednimo de dois LP no per\u00edodo de dezoito meses (no contrato seguinte o prazo passa para dois anos), por uma quantia fixa, a que acrescem agora dez contos mensais a t\u00ed<\/strong><strong>tulo de remunera\u00e7\u00e3o como consultor musical da empresa: 3 de Setembro.\u00a0<\/strong><strong>Zeca, votado em primeiro lugar pelos leitores do Di\u00e1rio de Lisboa para representar o pa\u00eds no VII Festival Internacional da Can\u00e7\u00e3o Popular do Rio de Janeiro, desloca-se ao Brasil e canta A Morte Saiu \u00e0 Rua. Desloca\u00e7\u00e3o a Londres para gravar Traz Outro Amigo Tamb\u00e9m, no Est\u00fadios Pye Records. Rui Pato, com o passaporte confiscado, \u00e9 substitu\u00eddo por Carlos Correia (B\u00f3ris).<\/strong><\/p><p><span style=\"font-size: 18px;text-align: var(--tw-cbx-text-align)\"><br \/><b style=\"color: var(--tw-cbx-des-color)\">Discografia:<\/b><b><br \/><\/b><\/span><a href=\"https:\/\/aja.pt\/discografia\/traz-outro-amigo-tambem-1970\/\" target=\"_blank\" rel=\"noopener\" style=\"font-size: 18px;text-align: var(--tw-cbx-text-align)\">Traz Outro Amigo Tamb\u00e9m<\/a><span style=\"font-size: 18px;text-align: var(--tw-cbx-text-align)\"> (Orfeu STAT 005), LP<\/span><\/p><p><span style=\"color: var(--tw-cbx-des-color);font-size: 18px;text-align: var(--tw-cbx-text-align)\"><br \/><i>Morte de Salazar: 27 de Julho. \"\u00c0s 9 h e 15 m Salazar morreu acabou de morrer. Pois. Mas levou tempo. A minha teoria \u00e9 que durou assim tanto por ter andado no semin\u00e1rio: o latim mumifica e as m\u00famias n\u00e3o se estragam assim depressa [...] .\" (Verg\u00edlio Ferreira, Conta Corrente 1, col. Obras de Verg\u00edlio Ferreira, Lisboa, Bertrand Editora, 1981, p. 70.) \"O<\/i><\/span><em style=\"color: var(--tw-cbx-des-color);font-size: 18px;text-align: var(--tw-cbx-text-align)\"> Av\u00f4 cavernoso\/ Instituiu a chuva\/ Ratificou a demora\/ Persignou-se\/ Ningu\u00e9m o chora agora [...].\" (Eu Vou Ser como a Toupeira, 1972.) <\/em><em style=\"color: var(--tw-cbx-des-color);font-size: 18px;text-align: var(--tw-cbx-text-align)\">Surgimento da Ac\u00e7\u00e3o Revolucion\u00e1ria Armada (ARA) e das Bri<\/em><em style=\"color: var(--tw-cbx-des-color);font-size: 18px;text-align: var(--tw-cbx-text-align)\">gadas Revolucion\u00e1rias.\u00a0<\/em><em style=\"color: var(--tw-cbx-des-color);font-size: 18px;text-align: var(--tw-cbx-text-align)\">Confer\u00eancia Internacional da Solidariedade para com os\u00a0<\/em><em style=\"color: var(--tw-cbx-des-color);font-size: 18px;text-align: var(--tw-cbx-text-align)\">Povos das Col\u00f3nias Portuguesas, em Roma: Junho.<\/em><\/p><\/div>\r\n                <\/div>\r\n        <\/div><div class=\"twae-year twae-year-container  story-year-be64609\">\r\n                <div class=\"twae-year-label twae-year-text\">1971<\/div>\r\n            <\/div><div id=\"story-be64609\" class=\"twae-story twae-repeater-item twae-story-left twae-story-icon\">\r\n                <div class=\"twae-labels\" ><div class=\"twae-label-big\"><\/div><\/div><div class=\"twae-icon\"><i aria-hidden=\"true\" class=\"far fa-clock\"><\/i><\/div><div class=\"twae-arrow\"><\/div><div class=\"twae-content\"><div class=\"twae-title\">Cantigas do Maio<\/div><div class=\"twae-media  large\"><img width=\"1024\" height=\"1024\" src=\"https:\/\/aja.pt\/wp-content\/uploads\/2022\/01\/EP-Cantigas-do-maio-1973-1024x1024.jpg\" class=\"attachment-large size-large\" alt=\"\" loading=\"lazy\" srcset=\"https:\/\/aja.pt\/wp-content\/uploads\/2022\/01\/EP-Cantigas-do-maio-1973-1024x1024.jpg 1024w, https:\/\/aja.pt\/wp-content\/uploads\/2022\/01\/EP-Cantigas-do-maio-1973-540x540.jpg 540w, https:\/\/aja.pt\/wp-content\/uploads\/2022\/01\/EP-Cantigas-do-maio-1973-240x240.jpg 240w, https:\/\/aja.pt\/wp-content\/uploads\/2022\/01\/EP-Cantigas-do-maio-1973-300x300.jpg 300w, https:\/\/aja.pt\/wp-content\/uploads\/2022\/01\/EP-Cantigas-do-maio-1973-150x150.jpg 150w, https:\/\/aja.pt\/wp-content\/uploads\/2022\/01\/EP-Cantigas-do-maio-1973-768x768.jpg 768w, https:\/\/aja.pt\/wp-content\/uploads\/2022\/01\/EP-Cantigas-do-maio-1973-560x560.jpg 560w, https:\/\/aja.pt\/wp-content\/uploads\/2022\/01\/EP-Cantigas-do-maio-1973.jpg 1080w\" sizes=\"(max-width: 1024px) 100vw, 1024px\" \/><\/div><div class=\"twae-description\"><p><strong>A Voz de Mo\u00e7ambique, seman\u00e1rio da Associa\u00e7\u00e3o dos Naturais de Mo\u00e7ambique, com sede em Louren\u00e7o Marques, rotulad<\/strong><strong>o de \u00abfigura do ano\u00bb na capa ocupada por inteiro com a sua fotografia (n.\u00ba 332, de 7-2-1971). <\/strong><strong>Chegada a Louren\u00e7o Marques, aproveitando uma oferta de passagem. Deten\u00e7\u00e3o na manh\u00e3 do dia seguinte pela pol\u00edcia pol\u00edtica (crismada, desde Novembro, de Direc\u00e7\u00e3o-Geral de Seguran<\/strong><strong>\u00e7a) que o reembarca nesse mesmo dia para Lisboa: 6 e 7 de Junho). <\/strong><strong>Paragem em escala na Beira, prolongada at\u00e9 ao dia seguinte, devido a avaria do avi\u00e3o. Zeca re\u00fane-se em casa do irm\u00e3o (ausente) com os amigos locais.<\/strong><br \/><strong>\u00ab\u00c9 da compet\u00eancia do governador-geral (ou do secret\u00e1rio-geral em que tenha delegado fun\u00e7\u00f5es) determinar a expuls\u00e3o ou recusar a entrada de nacionais ou estrangeiros, se da sua presen\u00e7a ou entrada resultarem graves inconvenientes de ordem interna ou internacional.\u00bb (N.\u00ba 10, art. 12\u00ba, do Estatuto da Prov\u00edncia de Mo\u00e7ambique, aprovado pelo Dec. n.\u00b0 40 226, de 5-7-1955.) A PIDE (por que continuava a ser conhecida) desfrutava, por\u00e9m, de amplos poderes aut\u00f3nomos de restri\u00e7\u00e3o dos direitos e liberdades fundamentais, como resulta dos Decs.-Leis n.\u00ba 35 046 de 22-10-1945, 36 387 de 1-7-1947 (e n.\u00ba 39 749 de 9-8-1954), extensivos a Mo\u00e7ambique e a outras col\u00f3nias. <\/strong><strong>Zeca ser\u00e1, ali\u00e1s, objecto de despacho do Ministro do Ultramar, de 26-6-1972, que lhe interdita a entrada nas \u00abProv\u00edncias <\/strong><strong>Ultramarinas\u00bb, interdi\u00e7\u00e3o que j\u00e1 figurava na Ordem de Servi\u00e7o da PIDE n.\" 151\/71 (conforme of\u00edcio dirigido ao chefe da delega\u00e7\u00e3o de Timor existente na pasta do Arquivo Nacional da Torre do Tombo CI(1)931). Pris\u00e3o pela PIDE, no aeroporto de Lisboa, quando se preparava para seguir para Paris: 4 de Outubro. Posto em liberdade, segue para Fran\u00e7a onde grava, no Strawberry Studio, em Herouville (perto de Paris), Cantigas do Maio (11 de Outubro a 4 de Novembro). De Paris desloca-se a Cuba (Havana) para participar, a convite do Estado Cubano, no festival da can\u00e7\u00e3o pol\u00edtica de Varadero. Zeca adoece e fica impossibilitado de actuar.<\/strong><\/p><p><strong style=\"color: var(--tw-cbx-des-color);font-size: 18px;text-align: var(--tw-cbx-text-align-alternate)\"><br \/>Discografia:<br \/><\/strong><a href=\"https:\/\/aja.pt\/discografia\/cantigas-do-maio-1971\/\" target=\"_blank\" rel=\"noopener\">Cantigas do Maio<\/a> (Orfeu STAT 009), LP. A percuss\u00e3o \u00e9 assegurada por Michel Delaporte, o que suceder\u00e1 com os discos seguintes, at\u00e9 1978, inclusive.<\/p><\/div>\r\n                <\/div>\r\n        <\/div><div class=\"twae-year twae-year-container  story-year-084a6a7\">\r\n                <div class=\"twae-year-label twae-year-text\">1972<\/div>\r\n            <\/div><div id=\"story-084a6a7\" class=\"twae-story twae-repeater-item twae-story-right twae-story-icon\">\r\n                <div class=\"twae-labels\" ><div class=\"twae-label-big\"><\/div><\/div><div class=\"twae-icon\"><i aria-hidden=\"true\" class=\"far fa-clock\"><\/i><\/div><div class=\"twae-arrow\"><\/div><div class=\"twae-content\"><div class=\"twae-title\">Eu vou ser como a toupeira<\/div><div class=\"twae-media  large\"><img width=\"1024\" height=\"1024\" src=\"https:\/\/aja.pt\/wp-content\/uploads\/2022\/01\/LP-Eu-vou-ser-como-a-toupeira-1024x1024.jpg\" class=\"attachment-large size-large\" alt=\"\" loading=\"lazy\" srcset=\"https:\/\/aja.pt\/wp-content\/uploads\/2022\/01\/LP-Eu-vou-ser-como-a-toupeira-1024x1024.jpg 1024w, https:\/\/aja.pt\/wp-content\/uploads\/2022\/01\/LP-Eu-vou-ser-como-a-toupeira-540x540.jpg 540w, https:\/\/aja.pt\/wp-content\/uploads\/2022\/01\/LP-Eu-vou-ser-como-a-toupeira-240x240.jpg 240w, https:\/\/aja.pt\/wp-content\/uploads\/2022\/01\/LP-Eu-vou-ser-como-a-toupeira-300x300.jpg 300w, https:\/\/aja.pt\/wp-content\/uploads\/2022\/01\/LP-Eu-vou-ser-como-a-toupeira-150x150.jpg 150w, https:\/\/aja.pt\/wp-content\/uploads\/2022\/01\/LP-Eu-vou-ser-como-a-toupeira-768x768.jpg 768w, https:\/\/aja.pt\/wp-content\/uploads\/2022\/01\/LP-Eu-vou-ser-como-a-toupeira-560x560.jpg 560w, https:\/\/aja.pt\/wp-content\/uploads\/2022\/01\/LP-Eu-vou-ser-como-a-toupeira.jpg 1080w\" sizes=\"(max-width: 1024px) 100vw, 1024px\" \/><\/div><div class=\"twae-description\"><p><strong>Zeca canta, pela primeira vez, \"Gr\u00e2ndola, Vila Morena\" para estudantes de Santiago de Compostela (Galiza), na sua primeira <\/strong><strong>digress\u00e3o por terras galegas: Maio. A can\u00e7\u00e3o que ser\u00e1 senha do avan\u00e7o militar de 25 de Abril de 1974, havia sido por ele criada depois de uma actua\u00e7\u00e3o na Sociedade Musical Fraternidade <\/strong><strong>Oper\u00e1ria Grandolense (em Maio de 1964).&nbsp;<\/strong><strong>Desloca\u00e7\u00e3o a Madrid para gravar nos Est\u00fadios Celada S. A., de 6 a 13 de Novembro, Eu Vou Ser como a Toupeira.<\/strong><\/p>\n<p><span style=\"font-size: 18px;text-align: var(--tw-cbx-text-align)\"><br><b style=\"color: var(--tw-cbx-des-color)\">Discografia:<\/b><b><br><\/b><\/span><a href=\"https:\/\/aja.pt\/discografia\/eu-vou-ser-como-a-toupeira-1972\/\" target=\"_blank\" rel=\"noopener\" style=\"font-size: 18px;text-align: var(--tw-cbx-text-align)\">Eu <em>Vou Ser como a <\/em>Toupeira<\/a><span style=\"font-size: 18px;text-align: var(--tw-cbx-text-align)\"> (Orfeu STAT 012), LP<\/span><\/p>\n<p><span style=\"color: var(--tw-cbx-des-color);font-size: 18px;text-align: var(--tw-cbx-text-align)\"><br><i>Pris\u00e3o e julgamento pelo Tribunal Militar de Louren\u00e7o Marques dos padres Joaquim Teles Sampaio e Fernando Marques Mendes (da Beira), na sequ\u00eancia de unia homilia denunciadora dos massacres das popula\u00e7\u00f5es civis mo\u00e7ambicanas pelos comandos militares portugueses em Mucumbura (planalto de Tete) : Janeiro de 1972. Outra ac\u00e7\u00e3o entretanto em curso contra os que verificaram in loco os mortic\u00ednios e deles deram conhecimento, os padres mission\u00e1rios Martim Hernandez Robles e Alfonso Valverde Leon, foi objecto de uma conveniente amnistia, sendo os amnistiados depois expulsos de Mo\u00e7ambique. \u00abVig\u00edlia na Capela do Rato\u00bb (Lisboa), onde Zeca cantou, e repress\u00e3o policial: 31 de Dezembro.<\/i><\/span><\/p><\/div>\r\n                <\/div>\r\n        <\/div><div class=\"twae-year twae-year-container  story-year-f912aba\">\r\n                <div class=\"twae-year-label twae-year-text\">1973<\/div>\r\n            <\/div><div id=\"story-f912aba\" class=\"twae-story twae-repeater-item twae-story-left twae-story-icon\">\r\n                <div class=\"twae-labels\" ><div class=\"twae-label-big\"><\/div><\/div><div class=\"twae-icon\"><i aria-hidden=\"true\" class=\"far fa-clock\"><\/i><\/div><div class=\"twae-arrow\"><\/div><div class=\"twae-content\"><div class=\"twae-title\">Venham mais cinco<\/div><div class=\"twae-media  large\"><img width=\"1024\" height=\"1024\" src=\"https:\/\/aja.pt\/wp-content\/uploads\/2022\/11\/LP-Venham-mais-cinco-1024x1024.jpg\" class=\"attachment-large size-large\" alt=\"\" loading=\"lazy\" srcset=\"https:\/\/aja.pt\/wp-content\/uploads\/2022\/11\/LP-Venham-mais-cinco-1024x1024.jpg 1024w, https:\/\/aja.pt\/wp-content\/uploads\/2022\/11\/LP-Venham-mais-cinco-300x300.jpg 300w, https:\/\/aja.pt\/wp-content\/uploads\/2022\/11\/LP-Venham-mais-cinco-150x150.jpg 150w, https:\/\/aja.pt\/wp-content\/uploads\/2022\/11\/LP-Venham-mais-cinco-768x768.jpg 768w, https:\/\/aja.pt\/wp-content\/uploads\/2022\/11\/LP-Venham-mais-cinco-540x540.jpg 540w, https:\/\/aja.pt\/wp-content\/uploads\/2022\/11\/LP-Venham-mais-cinco-240x240.jpg 240w, https:\/\/aja.pt\/wp-content\/uploads\/2022\/11\/LP-Venham-mais-cinco-560x560.jpg 560w, https:\/\/aja.pt\/wp-content\/uploads\/2022\/11\/LP-Venham-mais-cinco.jpg 1080w\" sizes=\"(max-width: 1024px) 100vw, 1024px\" \/><\/div><div class=\"twae-description\"><p><strong>Preso em Caxias pela pol\u00edcia pol\u00edtica desde 30 de Abril at\u00e9 21 do m\u00eas seguinte, sem culpa formada (\u00aba quem foi interdita a assist\u00eancia de advogado ao interrogat\u00f3rio por haver inconveniente para a investiga\u00e7\u00e3o\u00bb) \u2014 tudo pr\u00e1tica corrente \u2014 sai depois de paga a cau\u00e7\u00e3o.\u00a0<\/strong><strong>\u00abDisse-me um dia um careca\/ quando uma cobra tem sede\/ corta-lhe logo a cabe\u00e7a\/ encosta-a bem \u00e0 parede\u00bb.\u00a0Desloca\u00e7\u00e3o a Paris para gravar,\u00a0<\/strong><span style=\"font-family: Jost;font-size: 18px;font-style: normal;font-weight: bold;text-align: var(--tw-cbx-text-align-alternate)\">de 10 a 20 de Novembro,<\/span><strong style=\"color: var(--tw-cbx-des-color);font-size: 18px;text-align: var(--tw-cbx-text-align-alternate)\">\u00a0o LP\u00a0<\/strong><span style=\"color: #60626d;font-family: Jost;font-size: 18px;font-style: normal;text-align: var(--tw-cbx-text-align-alternate);font-weight: bold\">Venham Mais Cinco<\/span><strong style=\"color: var(--tw-cbx-des-color);font-size: 18px;text-align: var(--tw-cbx-text-align-alternate)\">\u00a0no Est\u00fadio Aquarium.<\/strong><\/p><p><span style=\"font-size: 18px;text-align: var(--tw-cbx-text-align-alternate)\"><br \/><b style=\"color: var(--tw-cbx-des-color)\">Discografia:<\/b><b><br \/><\/b><\/span><a href=\"https:\/\/aja.pt\/discografia\/venham-maia-cinco-1973\/\" target=\"_blank\" rel=\"noopener\" style=\"font-size: 18px;text-align: var(--tw-cbx-text-align-alternate)\">Venham Mais Cinco<\/a><span style=\"font-size: 18px;text-align: var(--tw-cbx-text-align-alternate)\"> (Orfeu STAT 017), LP<\/span><\/p><p><span style=\"color: var(--tw-cbx-des-color);font-size: 18px;text-align: var(--tw-cbx-text-align-alternate)\"><br \/><i>Publica\u00e7\u00e3o do Dec.-Lei 353\/73, de 13 de Julho, que vem permitir que os oficiais milicianos acedam ao Quadro Permanente. Da oposi\u00e7\u00e3o que se vai organizando a este normativo, quer no continente quer nas col\u00f3nias em guerra, nasce o \u00abmovimento dos capit\u00e3es\u00bb que acabar\u00e1 por desencadear o golpe de 25 de Abril de 1974, de derrube da ditadura. Encerramento da Associa\u00e7\u00e3o dos Estudantes do Instituto Superior T\u00e9cnico: 25 de Julho.<\/i><\/span><\/p><p><span style=\"font-size: 18px;text-align: var(--tw-cbx-text-align-alternate)\"><i><br \/><\/i>Chile: golpe militar contra o governo democraticamente eleito e morte de Salvador Allende: 11 de Setembro. <\/span><span style=\"font-size: 18px;text-align: var(--tw-cbx-text-align-alternate)\">Assassinato de Am\u00edlcar Cabral: 20 de Janeiro. <\/span><span style=\"font-size: 18px;text-align: var(--tw-cbx-text-align-alternate)\">A OPEP reduz a produ\u00e7\u00e3o de petr\u00f3leo e sobe 70% o pre\u00e7o do barril, dando origem ao chamado \u00abchoque petrol\u00edfero\u00bb e <\/span><span style=\"font-size: 18px;text-align: var(--tw-cbx-text-align-alternate)\">a uma crise econ\u00f3mica mundial: 17 de Outubro.<\/span><\/p><\/div>\r\n                <\/div>\r\n        <\/div><div class=\"twae-year twae-year-container  story-year-f94db60\">\r\n                <div class=\"twae-year-label twae-year-text\">1974<\/div>\r\n            <\/div><div id=\"story-f94db60\" class=\"twae-story twae-repeater-item twae-story-right twae-story-icon\">\r\n                <div class=\"twae-labels\" ><div class=\"twae-label-big\"><\/div><\/div><div class=\"twae-icon\"><i aria-hidden=\"true\" class=\"far fa-clock\"><\/i><\/div><div class=\"twae-arrow\"><\/div><div class=\"twae-content\"><div class=\"twae-title\">Coro dos Tribunais<\/div><div class=\"twae-media  large\"><img width=\"1024\" height=\"1024\" src=\"https:\/\/aja.pt\/wp-content\/uploads\/2022\/01\/LP-Coro-dos-tribunais-1024x1024.jpg\" class=\"attachment-large size-large\" alt=\"\" loading=\"lazy\" srcset=\"https:\/\/aja.pt\/wp-content\/uploads\/2022\/01\/LP-Coro-dos-tribunais-1024x1024.jpg 1024w, https:\/\/aja.pt\/wp-content\/uploads\/2022\/01\/LP-Coro-dos-tribunais-540x540.jpg 540w, https:\/\/aja.pt\/wp-content\/uploads\/2022\/01\/LP-Coro-dos-tribunais-240x240.jpg 240w, https:\/\/aja.pt\/wp-content\/uploads\/2022\/01\/LP-Coro-dos-tribunais-300x300.jpg 300w, https:\/\/aja.pt\/wp-content\/uploads\/2022\/01\/LP-Coro-dos-tribunais-150x150.jpg 150w, https:\/\/aja.pt\/wp-content\/uploads\/2022\/01\/LP-Coro-dos-tribunais-768x768.jpg 768w, https:\/\/aja.pt\/wp-content\/uploads\/2022\/01\/LP-Coro-dos-tribunais-560x560.jpg 560w, https:\/\/aja.pt\/wp-content\/uploads\/2022\/01\/LP-Coro-dos-tribunais.jpg 1080w\" sizes=\"(max-width: 1024px) 100vw, 1024px\" \/><\/div><div class=\"twae-description\"><p><strong>Participa no I Encontro da Can\u00e7\u00e3o Portuguesa que decorre no Coliseu dos Recreios (Lisboa), cercado de grande aparato policial: 28 de Mar\u00e7o. <\/strong><strong>Desloca\u00e7\u00e3o a Londres para gravar, nos Est\u00fadios Pye, o \u00e1lbum Coro dos Tribunais (3 de Novembro a 8 de Dezembro).<\/strong><\/p><p><strong><br \/>Discografia:<\/strong><br \/><a href=\"https:\/\/aja.pt\/discografia\/coro-dos-tribunais-1974\/\" target=\"_blank\" rel=\"noopener\">Coro <em>dos Tribunais <\/em><\/a>(Orfeu STAT 026), LP<\/p><p><span style=\"color: var(--tw-cbx-des-color);font-size: 18px;text-align: var(--tw-cbx-text-align)\"><br \/><i>Apedrejamento da messe dos oficiais da Beira (Mo\u00e7ambique) pelos colonos brancos racistas que acusam os militares de ociosidade e de fugirem aos confrontos com a guerrilha da FRELIMO a onerar, desde h\u00e1 meses, na prov\u00edncia de Manica e Sofala: 17 de Janeiro.\u00a0<\/i><\/span><em style=\"color: var(--tw-cbx-des-color);font-size: 18px;text-align: var(--tw-cbx-text-align)\">Golpe militar das Caldas da Rainha (falhado) : 16 de Mar\u00e7o.\u00a0<\/em><em style=\"color: var(--tw-cbx-des-color);font-size: 18px;text-align: var(--tw-cbx-text-align)\">Golpe militar de 25 de Abril. Gr\u00e2ndola, Vila Morena, can\u00e7\u00e3o n\u00e3o proibida de ser difundida (do \u00e1lbum Cantigas do Maio), serve de senha confirmativa para o avan\u00e7o insurreccional.\u00a0<\/em><em style=\"color: var(--tw-cbx-des-color);font-size: 18px;text-align: var(--tw-cbx-text-align)\">Realiza\u00e7\u00e3o de um painel colectivo, pintado por 48 artistas, na Galeria de Arte Moderna, em Lisboa: 10 de Junho (dia de Cam\u00f5es). <\/em><em style=\"color: var(--tw-cbx-des-color);font-size: 18px;text-align: var(--tw-cbx-text-align)\">Rebeli\u00e3o em Louren\u00e7o Marques dos colonos brancos racistas que pretendem para Mo\u00e7ambique uma independ\u00eancia branca, \u00e0 Ian Smith (Rod\u00e9sia). Recontros mortais com a popula\u00e7\u00e3o negra: 7 de Setembro.\u00a0<\/em><em style=\"color: var(--tw-cbx-des-color);font-size: 18px;text-align: var(--tw-cbx-text-align)\">Reconhecimento pelo Estado Portugu\u00eas da independ\u00eancia da Guin\u00e9-Bissau: 9 de Setembro.\u00a0<\/em><em style=\"color: var(--tw-cbx-des-color);font-size: 18px;text-align: var(--tw-cbx-text-align)\">Levados a cabo pela 5.\" Divis\u00e3o do EMGFA iniciam-se as campanhas de dinamiza\u00e7\u00e3o cultural do pa\u00eds: 25 de Outubro. As mais importantes e profundas ter\u00e3o lugar em 1975: no Minho (\u00abOpera\u00e7\u00e3o Verdade\u00bb) e em Tr\u00e1s-os-Montes (\u00abOpera\u00e7\u00e3o Nortada\u00bb).<\/em><\/p><\/div>\r\n                <\/div>\r\n        <\/div><div class=\"twae-year twae-year-container  story-year-e326852\">\r\n                <div class=\"twae-year-label twae-year-text\">1975<\/div>\r\n            <\/div><div id=\"story-e326852\" class=\"twae-story twae-repeater-item twae-story-left twae-story-icon\">\r\n                <div class=\"twae-labels\" ><div class=\"twae-label-big\"><\/div><\/div><div class=\"twae-icon\"><i aria-hidden=\"true\" class=\"far fa-clock\"><\/i><\/div><div class=\"twae-arrow\"><\/div><div class=\"twae-content\"><div class=\"twae-title\">Viva o Poder Popular<\/div><div class=\"twae-media  large\"><img width=\"1024\" height=\"1024\" src=\"https:\/\/aja.pt\/wp-content\/uploads\/2022\/01\/Single-Viva-o-poder-popular-1024x1024.jpg\" class=\"attachment-large size-large\" alt=\"\" loading=\"lazy\" srcset=\"https:\/\/aja.pt\/wp-content\/uploads\/2022\/01\/Single-Viva-o-poder-popular-1024x1024.jpg 1024w, https:\/\/aja.pt\/wp-content\/uploads\/2022\/01\/Single-Viva-o-poder-popular-540x540.jpg 540w, https:\/\/aja.pt\/wp-content\/uploads\/2022\/01\/Single-Viva-o-poder-popular-240x240.jpg 240w, https:\/\/aja.pt\/wp-content\/uploads\/2022\/01\/Single-Viva-o-poder-popular-300x300.jpg 300w, https:\/\/aja.pt\/wp-content\/uploads\/2022\/01\/Single-Viva-o-poder-popular-150x150.jpg 150w, https:\/\/aja.pt\/wp-content\/uploads\/2022\/01\/Single-Viva-o-poder-popular-768x768.jpg 768w, https:\/\/aja.pt\/wp-content\/uploads\/2022\/01\/Single-Viva-o-poder-popular-560x560.jpg 560w, https:\/\/aja.pt\/wp-content\/uploads\/2022\/01\/Single-Viva-o-poder-popular.jpg 1080w\" sizes=\"(max-width: 1024px) 100vw, 1024px\" \/><\/div><div class=\"twae-description\"><p><strong>Zeca participa na campanha de dinamiza\u00e7\u00e3o cultural \u00abMaio-Nordeste\u00bb, no distrito de Bragan\u00e7a, inserida na iniciativa \u00abNortada\u00bb. Canta e faz pedagogia em iniciativas populares diversas, promovidas pela LUAR, organiza\u00e7\u00f5es sindicais, associa\u00e7\u00f5es e comiss\u00f5es de bairro, etc. No dia 11 de Mar\u00e7o canta para os soldados do RALIS. Visita Angola, juntamente com Adriano e Fausto, a convite do Movimento das For\u00e7as Armadas (MFA), na sequ\u00eancia dos acordos de Alvor. Desloca-se a It\u00e1lia para gravar o LP Rep\u00fablica, cujo produto de venda se destinava, em primeira m\u00e3o, a apoiar a comiss\u00e3o de trabalhadores do jornal portugu\u00eas Rep\u00fablica: 30 de Setembro.\u00a0<\/strong><strong>Morte do pai: 13 de Outubro.<\/strong><\/p><p><span style=\"font-size: 18px;text-align: var(--tw-cbx-text-align-alternate)\"><br \/><b style=\"color: var(--tw-cbx-des-color)\">Discografia:<\/b><b><br \/><\/b><\/span><a href=\"https:\/\/aja.pt\/discografia\/viva-o-poder-popular-1975\/\" target=\"_blank\" rel=\"noopener\" style=\"font-size: 18px;text-align: var(--tw-cbx-text-align-alternate)\">Viva o Poder Popular<\/a><span style=\"font-size: 18px;text-align: var(--tw-cbx-text-align-alternate)\"> (Edi\u00e7\u00e3o LUAR), single.<br \/><\/span><span style=\"font-size: 18px;text-align: var(--tw-cbx-text-align-alternate)\">Rep\u00fablica (Lotta Continua\/Il Manifesto Vanguarda Operaria), LP<\/span><\/p><p><span style=\"font-size: 18px;text-align: var(--tw-cbx-text-align-alternate)\"><br \/><i>Assinatura dos Acordos de Alvor para a independ\u00eancia de Angola entre os representantes do Estado Portugu\u00eas e os dos movimentos angolanos MPLA, FNLA e UNITA: 15 de Janeiro.\u00a0<\/i><\/span><i><span style=\"font-size: 18px;text-align: var(--tw-cbx-text-align-alternate)\">Golpe militar da extrema-direita, abortado: 11 de Mar\u00e7o.\u00a0<\/span><span style=\"font-size: 18px;text-align: var(--tw-cbx-text-align-alternate)\">Elei\u00e7\u00f5es para a Assembleia Constituinte: 25 de Abril.\u00a0<\/span><span style=\"font-size: 18px;text-align: var(--tw-cbx-text-align-alternate)\">Ocupa\u00e7\u00e3o de casas nas zonas urbanas e dos latif\u00fandios alentejanos e ribatejanos. Dec.-Lei n.\u00b0 406-A\/75, de 29 de Julho: lei dita da \u00abreforma agr\u00e1ria\u00bb.\u00a0<\/span><span style=\"font-size: 18px;text-align: var(--tw-cbx-text-align-alternate)\">Golpe militar dos ditos \u00abmoderados\u00bb : 25 de Novembro.\u00a0<\/span><span style=\"font-size: 18px;text-align: var(--tw-cbx-text-align-alternate)\">Golpe militar e in\u00edcio da ditadura na Argentina: 24 de Mar\u00e7o.<\/span><\/i><\/p><p><span style=\"font-size: 18px;text-align: var(--tw-cbx-text-align-alternate)\"><i><br \/><\/i>Independ\u00eancia de Mo\u00e7ambique: 25 de Junho.\u00a0<\/span><span style=\"font-size: 18px;text-align: var(--tw-cbx-text-align-alternate)\">Independ\u00eancia de Cabo Verde: 5 de Julho. <\/span><span style=\"font-size: 18px;text-align: var(--tw-cbx-text-align-alternate)\">Independ\u00eancia de S. Tom\u00e9 e Pr\u00edncipe: 12 de Julho. <\/span><span style=\"font-size: 18px;text-align: var(--tw-cbx-text-align-alternate)\">Proclama\u00e7\u00e3o pelo MPLA da independ\u00eancia de Angola: 11\u00a0<\/span><span style=\"font-size: 18px;text-align: var(--tw-cbx-text-align-alternate)\">de Novembro. <\/span><span style=\"font-size: 18px;text-align: var(--tw-cbx-text-align-alternate)\">Invas\u00e3o e ocupa\u00e7\u00e3o de Timor pela Indon\u00e9sia: 7 de Dezembro.<\/span><\/p><\/div>\r\n                <\/div>\r\n        <\/div><div class=\"twae-year twae-year-container  story-year-023e971\">\r\n                <div class=\"twae-year-label twae-year-text\">1976<\/div>\r\n            <\/div><div id=\"story-023e971\" class=\"twae-story twae-repeater-item twae-story-right twae-story-icon\">\r\n                <div class=\"twae-labels\" ><div class=\"twae-label-big\"><\/div><\/div><div class=\"twae-icon\"><i aria-hidden=\"true\" class=\"far fa-clock\"><\/i><\/div><div class=\"twae-arrow\"><\/div><div class=\"twae-content\"><div class=\"twae-title\">Com as minhas tamanquinhas<\/div><div class=\"twae-media  large\"><img width=\"1024\" height=\"1024\" src=\"https:\/\/aja.pt\/wp-content\/uploads\/2022\/01\/LP-Com-as-minhas-tamanquinhas-1024x1024.jpg\" class=\"attachment-large size-large\" alt=\"\" loading=\"lazy\" srcset=\"https:\/\/aja.pt\/wp-content\/uploads\/2022\/01\/LP-Com-as-minhas-tamanquinhas-1024x1024.jpg 1024w, https:\/\/aja.pt\/wp-content\/uploads\/2022\/01\/LP-Com-as-minhas-tamanquinhas-540x540.jpg 540w, https:\/\/aja.pt\/wp-content\/uploads\/2022\/01\/LP-Com-as-minhas-tamanquinhas-240x240.jpg 240w, https:\/\/aja.pt\/wp-content\/uploads\/2022\/01\/LP-Com-as-minhas-tamanquinhas-300x300.jpg 300w, https:\/\/aja.pt\/wp-content\/uploads\/2022\/01\/LP-Com-as-minhas-tamanquinhas-150x150.jpg 150w, https:\/\/aja.pt\/wp-content\/uploads\/2022\/01\/LP-Com-as-minhas-tamanquinhas-768x768.jpg 768w, https:\/\/aja.pt\/wp-content\/uploads\/2022\/01\/LP-Com-as-minhas-tamanquinhas-560x560.jpg 560w, https:\/\/aja.pt\/wp-content\/uploads\/2022\/01\/LP-Com-as-minhas-tamanquinhas.jpg 1080w\" sizes=\"(max-width: 1024px) 100vw, 1024px\" \/><\/div><div class=\"twae-description\"><p><strong>Viagem \u00e0 Alemanha, onde recebe o pr\u00e9mio Deuscher Scallplatienpreis concedido pela Deutscher Phono-Akademie e grava um disco: 6 de Maio. Fase cronista de Jos\u00e9 Afonso. \u00c9 a \"ressaca\" do PREC.\u00a0<\/strong><strong>Apoia a candidatura de Otelo Saraiva de Carvalho \u00e0 presid\u00eancia da Rep\u00fablica em que este obter\u00e1 16,5% dos votos escrutinados. Foi eleito o General Ramalho Eanes: 27 de Junho<\/strong><\/p><p><span style=\"font-size: 18px;text-align: var(--tw-cbx-text-align)\"><br \/><b style=\"color: var(--tw-cbx-des-color)\">Discografia:<\/b><b><br \/><\/b><\/span><a href=\"https:\/\/aja.pt\/discografia\/com-as-minhas-tamanquinhas-1976\/\" target=\"_blank\" rel=\"noopener\" style=\"font-size: 18px;text-align: var(--tw-cbx-text-align)\">Com as Minhas Tamanquinhas<\/a><span style=\"font-size: 18px;text-align: var(--tw-cbx-text-align)\"> (Orfeu STAT 036), LP<br \/><\/span><span style=\"font-size: 18px;text-align: var(--tw-cbx-text-align)\">Jos\u00e9 Afonso in Hamburg (Portugal Solidaritat AK005), LP<\/span><\/p><p><span style=\"color: var(--tw-cbx-des-color);font-size: 18px;text-align: var(--tw-cbx-text-align)\"><br \/><i>Constitui\u00e7\u00e3o pol\u00edtica aprovada e promulgada: 2 de Abril. <\/i><\/span><em style=\"color: var(--tw-cbx-des-color);font-size: 18px;text-align: var(--tw-cbx-text-align)\">O Estado democr\u00e1tico \u00abtem por objectivo assegurar a transi\u00e7\u00e3o para o socialismo...\u00bb (Art. 2.\u00ba) <\/em><em style=\"color: var(--tw-cbx-des-color);font-size: 18px;text-align: var(--tw-cbx-text-align)\">In\u00edcio dos atentados bombistas, no caso da extrema-direita (ELP e MDLP).\u00a0<\/em><em style=\"color: var(--tw-cbx-des-color);font-size: 18px;text-align: var(--tw-cbx-text-align)\">Otelo Saraiva de Carvalho \u00e9 preso por \u00absuspeita de responsabilidade de natureza militar nos acontecimentos de 25 de Novembro\u00bb : 20 de Fevereiro. Ser\u00e1 libertado do Pres\u00eddio de Santar\u00e9m e colocado sob resid\u00eancia fixa (3 de Mar\u00e7o) , recebendo um testemunho de solidariedade de Fran\u00e7ois <\/em><em style=\"color: var(--tw-cbx-des-color);font-size: 18px;text-align: var(--tw-cbx-text-align)\">Miterrand, ao tempo em Lisboa.<\/em><\/p><\/div>\r\n                <\/div>\r\n        <\/div><div class=\"twae-year twae-year-container  story-year-c72f271\">\r\n                <div class=\"twae-year-label twae-year-text\">1977<\/div>\r\n            <\/div><div id=\"story-c72f271\" class=\"twae-story twae-repeater-item twae-story-left twae-story-icon\">\r\n                <div class=\"twae-labels\" ><div class=\"twae-label-big\"><\/div><\/div><div class=\"twae-icon\"><i aria-hidden=\"true\" class=\"far fa-clock\"><\/i><\/div><div class=\"twae-arrow\"><\/div><div class=\"twae-content\"><div class=\"twae-title\">Mein Schones Portugal<\/div><div class=\"twae-media  large\"><img width=\"500\" height=\"500\" src=\"https:\/\/aja.pt\/wp-content\/uploads\/2022\/11\/Crono-1977.jpg\" class=\"attachment-large size-large\" alt=\"\" loading=\"lazy\" srcset=\"https:\/\/aja.pt\/wp-content\/uploads\/2022\/11\/Crono-1977.jpg 500w, https:\/\/aja.pt\/wp-content\/uploads\/2022\/11\/Crono-1977-300x300.jpg 300w, https:\/\/aja.pt\/wp-content\/uploads\/2022\/11\/Crono-1977-150x150.jpg 150w, https:\/\/aja.pt\/wp-content\/uploads\/2022\/11\/Crono-1977-240x240.jpg 240w\" sizes=\"(max-width: 500px) 100vw, 500px\" \/><\/div><div class=\"twae-description\"><p><em>Acordo financeiro entre o Estado Portugu\u00eas e o FMI.<\/em><\/p><p><span style=\"color: var(--tw-cbx-des-color);font-size: 18px;text-align: var(--tw-cbx-text-align-alternate)\"><i><br><\/i><b>Discografia:<br><\/b><\/span><span style=\"font-size: 18px;text-align: var(--tw-cbx-text-align-alternate)\">Jos\u00e9 Afonso Mein Schones Portugal (Plane S88120), LP (edi\u00e7\u00e3o alem\u00e3 do LP Com As Minhas Tamanquinhas)<\/span><\/p><\/div>\r\n                <\/div>\r\n        <\/div><div class=\"twae-year twae-year-container  story-year-8dd12fb\">\r\n                <div class=\"twae-year-label twae-year-text\">1978<\/div>\r\n            <\/div><div id=\"story-8dd12fb\" class=\"twae-story twae-repeater-item twae-story-right twae-story-icon\">\r\n                <div class=\"twae-labels\" ><div class=\"twae-label-big\"><\/div><\/div><div class=\"twae-icon\"><i aria-hidden=\"true\" class=\"far fa-clock\"><\/i><\/div><div class=\"twae-arrow\"><\/div><div class=\"twae-content\"><div class=\"twae-title\">Enquanto h\u00e1 for\u00e7a<\/div><div class=\"twae-media  large\"><img width=\"1024\" height=\"1024\" src=\"https:\/\/aja.pt\/wp-content\/uploads\/2022\/01\/LP-Enquanto-ha-forca-1024x1024.jpg\" class=\"attachment-large size-large\" alt=\"\" loading=\"lazy\" srcset=\"https:\/\/aja.pt\/wp-content\/uploads\/2022\/01\/LP-Enquanto-ha-forca-1024x1024.jpg 1024w, https:\/\/aja.pt\/wp-content\/uploads\/2022\/01\/LP-Enquanto-ha-forca-540x540.jpg 540w, https:\/\/aja.pt\/wp-content\/uploads\/2022\/01\/LP-Enquanto-ha-forca-240x240.jpg 240w, https:\/\/aja.pt\/wp-content\/uploads\/2022\/01\/LP-Enquanto-ha-forca-300x300.jpg 300w, https:\/\/aja.pt\/wp-content\/uploads\/2022\/01\/LP-Enquanto-ha-forca-150x150.jpg 150w, https:\/\/aja.pt\/wp-content\/uploads\/2022\/01\/LP-Enquanto-ha-forca-768x768.jpg 768w, https:\/\/aja.pt\/wp-content\/uploads\/2022\/01\/LP-Enquanto-ha-forca-560x560.jpg 560w, https:\/\/aja.pt\/wp-content\/uploads\/2022\/01\/LP-Enquanto-ha-forca.jpg 1080w\" sizes=\"(max-width: 1024px) 100vw, 1024px\" \/><\/div><div class=\"twae-description\"><p><strong>Participa, conjuntamente com outros, na forma\u00e7\u00e3o da cooperativa cultural \u00abEra Nova\u00bb, em Lisboa.\u00a0<\/strong><strong>Volta a Angola, desta vez a convite do MPLA. Acompanham<\/strong><strong>-no Fausto e Adriano Correia de Oliveira, tr\u00eas elementos dos <\/strong><strong>Trovante, para participarem na comemora\u00e7\u00e3o do anivers\u00e1rio da <\/strong><strong>funda\u00e7\u00e3o do partido: Dezembro.<br \/>Enquanto h\u00e1 for\u00e7a representa mais um exemplo da fase cronista de Jos\u00e9 Afonso, ligada \u00e0s suas preocupa\u00e7\u00f5es anticoloniais e anti-imperialistas e \u00e0 sua cr\u00edtica mordaz \u00e0 Igreja.<\/strong><\/p><p><strong><br \/>Discografia:<br \/><\/strong><a href=\"https:\/\/aja.pt\/discografia\/enquanto-ha-forca-1978\/\" target=\"_blank\" rel=\"noopener\">Enquanto H\u00e1 For\u00e7a<\/a> (Orfeu STAT 054), LP<\/p><p><strong>\u00a0<\/strong><\/p><\/div>\r\n                <\/div>\r\n        <\/div><div class=\"twae-year twae-year-container  story-year-3a59535\">\r\n                <div class=\"twae-year-label twae-year-text\">1979<\/div>\r\n            <\/div><div id=\"story-3a59535\" class=\"twae-story twae-repeater-item twae-story-left twae-story-icon\">\r\n                <div class=\"twae-labels\" ><div class=\"twae-label-big\"><\/div><\/div><div class=\"twae-icon\"><i aria-hidden=\"true\" class=\"far fa-clock\"><\/i><\/div><div class=\"twae-arrow\"><\/div><div class=\"twae-content\"><div class=\"twae-title\">Fura Fura<\/div><div class=\"twae-media  large\"><img width=\"1024\" height=\"1024\" src=\"https:\/\/aja.pt\/wp-content\/uploads\/2022\/01\/LP-Fura-fura-1024x1024.jpg\" class=\"attachment-large size-large\" alt=\"\" loading=\"lazy\" srcset=\"https:\/\/aja.pt\/wp-content\/uploads\/2022\/01\/LP-Fura-fura-1024x1024.jpg 1024w, https:\/\/aja.pt\/wp-content\/uploads\/2022\/01\/LP-Fura-fura-540x540.jpg 540w, https:\/\/aja.pt\/wp-content\/uploads\/2022\/01\/LP-Fura-fura-240x240.jpg 240w, https:\/\/aja.pt\/wp-content\/uploads\/2022\/01\/LP-Fura-fura-300x300.jpg 300w, https:\/\/aja.pt\/wp-content\/uploads\/2022\/01\/LP-Fura-fura-150x150.jpg 150w, https:\/\/aja.pt\/wp-content\/uploads\/2022\/01\/LP-Fura-fura-768x768.jpg 768w, https:\/\/aja.pt\/wp-content\/uploads\/2022\/01\/LP-Fura-fura-560x560.jpg 560w, https:\/\/aja.pt\/wp-content\/uploads\/2022\/01\/LP-Fura-fura.jpg 1080w\" sizes=\"(max-width: 1024px) 100vw, 1024px\" \/><\/div><div class=\"twae-description\"><p><strong>Digress\u00e3o pela Galiza.<\/strong><br \/><strong>Participa\u00e7\u00e3o no Contra-Festival da Can\u00e7\u00e3o, em Bruxelas.<\/strong><\/p><p><strong><br \/>Discografia:<\/strong><br \/><a href=\"https:\/\/aja.pt\/discografia\/fura-fura\/\" target=\"_blank\" rel=\"noopener\">Fura Fura<\/a> (Orfeu STAT 095), LP<\/p><p><br \/>Acidente na central nuclear dos EUA em Three Miles Island.<br \/>Tomada do poder na Nicar\u00e1gua pela Frente Sandinista.<\/p><\/div>\r\n                <\/div>\r\n        <\/div><div class=\"twae-year twae-year-container  story-year-0d7bebb\">\r\n                <div class=\"twae-year-label twae-year-text\">1980<\/div>\r\n            <\/div><div id=\"story-0d7bebb\" class=\"twae-story twae-repeater-item twae-story-right twae-story-icon\">\r\n                <div class=\"twae-labels\" ><div class=\"twae-label-big\"><\/div><\/div><div class=\"twae-icon\"><i aria-hidden=\"true\" class=\"far fa-clock\"><\/i><\/div><div class=\"twae-arrow\"><\/div><div class=\"twae-content\"><div class=\"twae-title\">Alemanha<\/div><div class=\"twae-media  large\"><img width=\"500\" height=\"500\" src=\"https:\/\/aja.pt\/wp-content\/uploads\/2022\/11\/Crono-1980.jpg\" class=\"attachment-large size-large\" alt=\"\" loading=\"lazy\" srcset=\"https:\/\/aja.pt\/wp-content\/uploads\/2022\/11\/Crono-1980.jpg 500w, https:\/\/aja.pt\/wp-content\/uploads\/2022\/11\/Crono-1980-300x300.jpg 300w, https:\/\/aja.pt\/wp-content\/uploads\/2022\/11\/Crono-1980-150x150.jpg 150w, https:\/\/aja.pt\/wp-content\/uploads\/2022\/11\/Crono-1980-240x240.jpg 240w\" sizes=\"(max-width: 500px) 100vw, 500px\" \/><\/div><div class=\"twae-description\"><p><strong>Concertos na Alemanha Federal.<\/strong><\/p><p><br \/><em>Realiza\u00e7\u00e3o da Queima das Fitas de Coimbra, ignorada desde 1969: Maio.<\/em><\/p><p><br \/>Invas\u00e3o do Ir\u00e3o pelo Iraque e consequente guerra entre os dois pa\u00edses: 22 de Setembro.<\/p><\/div>\r\n                <\/div>\r\n        <\/div><div class=\"twae-year twae-year-container  story-year-18e06e7\">\r\n                <div class=\"twae-year-label twae-year-text\">1981<\/div>\r\n            <\/div><div id=\"story-18e06e7\" class=\"twae-story twae-repeater-item twae-story-left twae-story-icon\">\r\n                <div class=\"twae-labels\" ><div class=\"twae-label-big\"><\/div><\/div><div class=\"twae-icon\"><i aria-hidden=\"true\" class=\"far fa-clock\"><\/i><\/div><div class=\"twae-arrow\"><\/div><div class=\"twae-content\"><div class=\"twae-title\">Fados e Can\u00e7\u00f5es de Coimbra<\/div><div class=\"twae-media  large\"><img width=\"1024\" height=\"1024\" src=\"https:\/\/aja.pt\/wp-content\/uploads\/2022\/01\/LP-Fados-de-Coimbra-1024x1024.jpg\" class=\"attachment-large size-large\" alt=\"\" loading=\"lazy\" srcset=\"https:\/\/aja.pt\/wp-content\/uploads\/2022\/01\/LP-Fados-de-Coimbra-1024x1024.jpg 1024w, https:\/\/aja.pt\/wp-content\/uploads\/2022\/01\/LP-Fados-de-Coimbra-540x540.jpg 540w, https:\/\/aja.pt\/wp-content\/uploads\/2022\/01\/LP-Fados-de-Coimbra-240x240.jpg 240w, https:\/\/aja.pt\/wp-content\/uploads\/2022\/01\/LP-Fados-de-Coimbra-300x300.jpg 300w, https:\/\/aja.pt\/wp-content\/uploads\/2022\/01\/LP-Fados-de-Coimbra-150x150.jpg 150w, https:\/\/aja.pt\/wp-content\/uploads\/2022\/01\/LP-Fados-de-Coimbra-768x768.jpg 768w, https:\/\/aja.pt\/wp-content\/uploads\/2022\/01\/LP-Fados-de-Coimbra-560x560.jpg 560w, https:\/\/aja.pt\/wp-content\/uploads\/2022\/01\/LP-Fados-de-Coimbra.jpg 1080w\" sizes=\"(max-width: 1024px) 100vw, 1024px\" \/><\/div><div class=\"twae-description\"><p><strong>Espect\u00e1culos no Th\u00e9atre de la Ville, Paris. Publica \"Fados de Coimbra e Outras Can\u00e7\u00f5es\" que homenageia o seu pai e Edmundo de Bettencourt.<\/strong><\/p><p><b style=\"color: var(--tw-cbx-des-color);font-family: inherit;font-style: inherit;text-align: var(--tw-cbx-text-align-alternate)\"><br \/>Discografia<\/b><span style=\"font-size: 18px;text-align: var(--tw-cbx-text-align-alternate)\">:<\/span><\/p><p><a href=\"https:\/\/aja.pt\/discografia\/fados-de-coimbra-e-outras-cancoes-1981\/\" target=\"_blank\" rel=\"noopener\">Fados de Coimbra e Outras Can\u00e7\u00f5es<\/a> (Orfeu FP 6011), LP (disco de prata)<\/p><p><span style=\"color: var(--tw-cbx-des-color);font-size: 18px;text-align: var(--tw-cbx-text-align-alternate)\"><br \/><i>\u00abIncumbe ao Estado e \u00e0s autarquias locais proteger o consumidor...\u00bb (Art. I .\" do Dec. -Lei n.\" 29\/81, de 22 de Agosto, a primeira lei sobre a sociedade consumista em Portugal.)\u00a0<\/i><\/span><em style=\"color: var(--tw-cbx-des-color);font-size: 18px;text-align: var(--tw-cbx-text-align-alternate)\">1\u00ba Encontro Nacional do Movimento \u00abN\u00e3o \u00e0s Armas Nucleares\u00bb, em Lisboa: 11 de Julho.<\/em><\/p><p><span style=\"font-size: 18px;text-align: var(--tw-cbx-text-align-alternate)\"><i><br \/><\/i>A ONU reconhece o direito do povo de Timor \u00e0 autodetermina\u00e7\u00e3o: 16 de Outubro<\/span><\/p><\/div>\r\n                <\/div>\r\n        <\/div><div class=\"twae-year twae-year-container  story-year-8c4dffc\">\r\n                <div class=\"twae-year-label twae-year-text\">1982<\/div>\r\n            <\/div><div id=\"story-8c4dffc\" class=\"twae-story twae-repeater-item twae-story-right twae-story-icon\">\r\n                <div class=\"twae-labels\" ><div class=\"twae-label-big\"><\/div><\/div><div class=\"twae-icon\"><i aria-hidden=\"true\" class=\"far fa-clock\"><\/i><\/div><div class=\"twae-arrow\"><\/div><div class=\"twae-content\"><div class=\"twae-title\">Visita a Mo\u00e7ambique<\/div><div class=\"twae-media  large\"><img width=\"500\" height=\"500\" src=\"https:\/\/aja.pt\/wp-content\/uploads\/2022\/11\/Crono-1982-1.jpg\" class=\"attachment-large size-large\" alt=\"\" loading=\"lazy\" srcset=\"https:\/\/aja.pt\/wp-content\/uploads\/2022\/11\/Crono-1982-1.jpg 500w, https:\/\/aja.pt\/wp-content\/uploads\/2022\/11\/Crono-1982-1-300x300.jpg 300w, https:\/\/aja.pt\/wp-content\/uploads\/2022\/11\/Crono-1982-1-150x150.jpg 150w, https:\/\/aja.pt\/wp-content\/uploads\/2022\/11\/Crono-1982-1-240x240.jpg 240w\" sizes=\"(max-width: 500px) 100vw, 500px\" \/><\/div><div class=\"twae-description\"><p><strong>Participa no festival \u00abLe Printemps de Bourges\u00bb (Fran\u00e7a). <\/strong><strong>Contrato com a Sassetti, assinado em 2 de Mar\u00e7o (com data e in\u00edcio de vig\u00eancia a partir do dia anterior e termo a 1-3-1985).\u00a0<\/strong><strong>Visita a Mo\u00e7ambique, a convite do respectivo Governo, na companhia de J\u00falio Pereira, Janita Salom\u00e9 e S\u00e9rgio Mestre. Concertos em Maputo, Beira, Tete e Songo: Abril.\u00a0<\/strong><strong>Primeiros sintomas da doen\u00e7a que o atingiu (esclerose lateral amiotr\u00f3fica). <\/strong><strong>Vai a Londres consultar os m\u00e9dicos.<\/strong><\/p><p><span style=\"color: var(--tw-cbx-des-color);font-size: 18px;text-align: var(--tw-cbx-text-align)\"><b><br \/><\/b><i>Primeira revis\u00e3o da Constitui\u00e7\u00e3o Pol\u00edtica de 1976.<\/i><\/span><\/p><p><span style=\"font-size: 18px;text-align: var(--tw-cbx-text-align)\"><i><br \/><\/i>Guerra das Malvinas entre o Reino Unido e a Argentina<\/span><\/p><\/div>\r\n                <\/div>\r\n        <\/div><div class=\"twae-year twae-year-container  story-year-1b7254c\">\r\n                <div class=\"twae-year-label twae-year-text\">1983<\/div>\r\n            <\/div><div id=\"story-1b7254c\" class=\"twae-story twae-repeater-item twae-story-left twae-story-icon\">\r\n                <div class=\"twae-labels\" ><div class=\"twae-label-big\"><\/div><\/div><div class=\"twae-icon\"><i aria-hidden=\"true\" class=\"far fa-clock\"><\/i><\/div><div class=\"twae-arrow\"><\/div><div class=\"twae-content\"><div class=\"twae-title\">\u00daltimos espect\u00e1culos<\/div><div class=\"twae-media  large\"><img width=\"500\" height=\"500\" src=\"https:\/\/aja.pt\/wp-content\/uploads\/2022\/11\/Crono-1983-3.jpg\" class=\"attachment-large size-large\" alt=\"\" loading=\"lazy\" srcset=\"https:\/\/aja.pt\/wp-content\/uploads\/2022\/11\/Crono-1983-3.jpg 500w, https:\/\/aja.pt\/wp-content\/uploads\/2022\/11\/Crono-1983-3-300x300.jpg 300w, https:\/\/aja.pt\/wp-content\/uploads\/2022\/11\/Crono-1983-3-150x150.jpg 150w, https:\/\/aja.pt\/wp-content\/uploads\/2022\/11\/Crono-1983-3-240x240.jpg 240w\" sizes=\"(max-width: 500px) 100vw, 500px\" \/><\/div><div class=\"twae-description\"><p><strong>Acaba por lhe n\u00e3o ser atribu\u00edda a Ordem da Liberdade por se recusar a preencher os formul\u00e1rios de que depende a outorga. <\/strong><strong>\u00daltimos espect\u00e1culos: Coliseu de Lisboa (29 de Janeiro), Caldas da Rainha (5 de Fevereiro), Coliseu do Porto (25 de Maio), Coimbra (26 de Maio), Beja (1 de Junho). \u00c9 publicado o livro \"Jos\u00e9 Afonso - Textos e Can\u00e7\u00f5es\", com a chancela da Ass\u00edrio e Alvim. Grande movimento de solidariedade an\u00f3nima nacional que se prolonga no tempo, traduzida em apoios de ordem moral e financeira. Estadia na Rom\u00e9nia, num centro de geriatria.<\/strong><\/p><p><strong><br \/>Discografia:<br \/><\/strong><a href=\"https:\/\/aja.pt\/discografia\/ao-vivo-no-coliseu-1983\/\" target=\"_blank\" rel=\"noopener\">Ao Vivo no Coliseu<\/a> (Sassetti DIAP 16050\/1), LP duplo, gravado ao vivo no espect\u00e1culo do Coliseu de Lisboa.<br \/><a href=\"https:\/\/aja.pt\/discografia\/como-se-fora-seu-filho-1983\/\" target=\"_blank\" rel=\"noopener\">Como se Fora Seu Filho<\/a> (Sassetti TR 005), LP<br \/>Zeca em Coimbra (Fotosonoro SPA 83), EP, gravado ao vivo no Parque de Santa Cruz, em Maio.<\/p><p><em><br \/>Congresso Internacional sobre os \u00abDescobrimentos e a Europa do <\/em><em>Renascimento\u00bb (no \u00e2mbito da XVII Exposi\u00e7\u00e3o Europeia) : 19 de Junho.<\/em><strong><br \/><\/strong><\/p><\/div>\r\n                <\/div>\r\n        <\/div><div class=\"twae-year twae-year-container  story-year-560a177\">\r\n                <div class=\"twae-year-label twae-year-text\">1984<\/div>\r\n            <\/div><div id=\"story-560a177\" class=\"twae-story twae-repeater-item twae-story-right twae-story-icon\">\r\n                <div class=\"twae-labels\" ><div class=\"twae-label-big\"><\/div><\/div><div class=\"twae-icon\"><i aria-hidden=\"true\" class=\"far fa-clock\"><\/i><\/div><div class=\"twae-arrow\"><\/div><div class=\"twae-content\"><div class=\"twae-title\">Te sentimos junto a nosotros...<\/div><div class=\"twae-media  large\"><img width=\"500\" height=\"500\" src=\"https:\/\/aja.pt\/wp-content\/uploads\/2022\/11\/Crono-1984-1.jpg\" class=\"attachment-large size-large\" alt=\"\" loading=\"lazy\" srcset=\"https:\/\/aja.pt\/wp-content\/uploads\/2022\/11\/Crono-1984-1.jpg 500w, https:\/\/aja.pt\/wp-content\/uploads\/2022\/11\/Crono-1984-1-300x300.jpg 300w, https:\/\/aja.pt\/wp-content\/uploads\/2022\/11\/Crono-1984-1-150x150.jpg 150w, https:\/\/aja.pt\/wp-content\/uploads\/2022\/11\/Crono-1984-1-240x240.jpg 240w\" sizes=\"(max-width: 500px) 100vw, 500px\" \/><\/div><div class=\"twae-description\"><p><strong>Internamento na Cl\u00ednica Santa Isabel, em Coimbra, onde voltar\u00e1 em outros internamentos. O m\u00e9dico assistente afirma-se confiante na revers\u00e3o da doen\u00e7a. Zeca visita diariamente os res<\/strong><strong>tantes pacientes, afectados pela mesma patologia, aos quais chama \u00abo meu sindicato\u00bb.\u00a0<\/strong><strong>Homenagem popular (onde j\u00e1 n\u00e3o cantou) \u2014 Alentejo.\u00a0<\/strong><strong>R\u00e1pida ida a Nova Iorque para consulta m\u00e9dica, proporcionada por gente amiga.<\/strong><\/p><p><strong><br \/>Man\u00e1gua, 24 de Abril de 1984<br \/><\/strong><br \/><strong>Compa\u00f1ero Jos\u00e9 Afonso:<\/strong><br \/><strong>\u00ab<i>Durante el \"Concerto Por La Paz Y La Interventi\u00f3n En Centroam\u00e9rica\", en La Plaza De La Revoluci\u00f3n Comandante Fonseca Amador, los participantes en el II Festival Foro De La Nueva Canci\u00f3n Latino-Americana, queremos enviarte un abrazo revolucionario y contarte que te sentimos junto a nosotros cant\u00e1ndole al hombre nuevo que, como ahora en Nicar\u00e1gua, um dia h\u00e1 de nacer en Portugal<\/i> [...].\u00bb<\/strong><\/p><p><strong><span><br \/>Telegrama enviado da Nicar\u00e1gua e assinado por<\/span>:<\/strong><br \/><strong>Chico Buarque, Ali Primera, Carlos Mejia Godoy, Silvio Rodriguez, Noel Nicola, Pete Seeger, Amparo Ochoa, Mercedes Sosa, Gabino Palomares, Daniel Vglietti, <\/strong><strong>Isabel Parra e Yolocamba-Ita.<\/strong><\/p><p><em><br \/>Otelo Saraiva de Carvalho e membros das FP 25 de Abril s\u00e3o presos.<\/em><\/p><\/div>\r\n                <\/div>\r\n        <\/div><div class=\"twae-year twae-year-container  story-year-41a26d9\">\r\n                <div class=\"twae-year-label twae-year-text\">1985<\/div>\r\n            <\/div><div id=\"story-41a26d9\" class=\"twae-story twae-repeater-item twae-story-left twae-story-icon\">\r\n                <div class=\"twae-labels\" ><div class=\"twae-label-big\"><\/div><\/div><div class=\"twae-icon\"><i aria-hidden=\"true\" class=\"far fa-clock\"><\/i><\/div><div class=\"twae-arrow\"><\/div><div class=\"twae-content\"><div class=\"twae-title\">Galinhas do mato<\/div><div class=\"twae-media  large\"><img width=\"1024\" height=\"1024\" src=\"https:\/\/aja.pt\/wp-content\/uploads\/2022\/01\/LP-Galinhas-do-mato-1024x1024.jpg\" class=\"attachment-large size-large\" alt=\"\" loading=\"lazy\" srcset=\"https:\/\/aja.pt\/wp-content\/uploads\/2022\/01\/LP-Galinhas-do-mato-1024x1024.jpg 1024w, https:\/\/aja.pt\/wp-content\/uploads\/2022\/01\/LP-Galinhas-do-mato-540x540.jpg 540w, https:\/\/aja.pt\/wp-content\/uploads\/2022\/01\/LP-Galinhas-do-mato-240x240.jpg 240w, https:\/\/aja.pt\/wp-content\/uploads\/2022\/01\/LP-Galinhas-do-mato-300x300.jpg 300w, https:\/\/aja.pt\/wp-content\/uploads\/2022\/01\/LP-Galinhas-do-mato-150x150.jpg 150w, https:\/\/aja.pt\/wp-content\/uploads\/2022\/01\/LP-Galinhas-do-mato-768x768.jpg 768w, https:\/\/aja.pt\/wp-content\/uploads\/2022\/01\/LP-Galinhas-do-mato-560x560.jpg 560w, https:\/\/aja.pt\/wp-content\/uploads\/2022\/01\/LP-Galinhas-do-mato.jpg 1080w\" sizes=\"(max-width: 1024px) 100vw, 1024px\" \/><\/div><div class=\"twae-description\"><p><strong>Homenagem no Th\u00e9atre de Ia Ville, em Paris (28 de Janeiro) e em Amesterd\u00e3o (10 de Abril). <\/strong><strong>Apoio \u00e0 candidatura de Maria de Lurdes Pintassilgo \u00e0 Presid\u00eancia da Rep\u00fablica<\/strong><\/p><p><strong><br \/>Discografia:<\/strong><br \/><a href=\"https:\/\/aja.pt\/discografia\/galinhas-do-mato-1985\/\" target=\"_blank\" rel=\"noopener\">Galinhas do Mato<\/a> (Transm\u00e9dia SLP 007), LP<\/p><p><em><br \/>Assinatura do acto de ades\u00e3o de Portugal \u00e0 Comunidade Econ\u00f3mica Europeia: Julho.<\/em><\/p><\/div>\r\n                <\/div>\r\n        <\/div><div class=\"twae-year twae-year-container  story-year-37256e5\">\r\n                <div class=\"twae-year-label twae-year-text\">1986<\/div>\r\n            <\/div><div id=\"story-37256e5\" class=\"twae-story twae-repeater-item twae-story-right twae-story-icon\">\r\n                <div class=\"twae-labels\" ><div class=\"twae-label-big\"><\/div><\/div><div class=\"twae-icon\"><i aria-hidden=\"true\" class=\"far fa-clock\"><\/i><\/div><div class=\"twae-arrow\"><\/div><div class=\"twae-content\"><div class=\"twae-title\">\u00daltimas can\u00e7\u00f5es<\/div><div class=\"twae-media  large\"><img width=\"500\" height=\"500\" src=\"https:\/\/aja.pt\/wp-content\/uploads\/2022\/11\/Crono-1986.jpg\" class=\"attachment-large size-large\" alt=\"\" loading=\"lazy\" srcset=\"https:\/\/aja.pt\/wp-content\/uploads\/2022\/11\/Crono-1986.jpg 500w, https:\/\/aja.pt\/wp-content\/uploads\/2022\/11\/Crono-1986-300x300.jpg 300w, https:\/\/aja.pt\/wp-content\/uploads\/2022\/11\/Crono-1986-150x150.jpg 150w, https:\/\/aja.pt\/wp-content\/uploads\/2022\/11\/Crono-1986-240x240.jpg 240w\" sizes=\"(max-width: 500px) 100vw, 500px\" \/><\/div><div class=\"twae-description\"><p><strong>Com a ajuda \u00e0 viola de J\u00falio Pereira comp\u00f5e algumas can\u00e7\u00f5es registadas no gravador de casa, tr\u00eas mais ou menos definidas, as restantes em estado bruto.<\/strong><\/p><p><br \/>Morte, num desastre de avia\u00e7\u00e3o suspeito, de Samora Machel. Acidente na central nuclear de Chernobyl da Uni\u00e3o Sovi\u00e9tica. Bombardeamento a\u00e9reo da L\u00edbia pelos EUA: Abril.<\/p><\/div>\r\n                <\/div>\r\n        <\/div><div class=\"twae-year twae-year-container  story-year-4372e61\">\r\n                <div class=\"twae-year-label twae-year-text\">1987<\/div>\r\n            <\/div><div id=\"story-4372e61\" class=\"twae-story twae-repeater-item twae-story-left twae-story-icon\">\r\n                <div class=\"twae-labels\" ><div class=\"twae-label-big\"><\/div><\/div><div class=\"twae-icon\"><i aria-hidden=\"true\" class=\"far fa-clock\"><\/i><\/div><div class=\"twae-arrow\"><\/div><div class=\"twae-content\"><div class=\"twae-title\">Um pano vermelho<\/div><div class=\"twae-media  large\"><img width=\"500\" height=\"500\" src=\"https:\/\/aja.pt\/wp-content\/uploads\/2022\/11\/Crono-1987.jpg\" class=\"attachment-large size-large\" alt=\"\" loading=\"lazy\" srcset=\"https:\/\/aja.pt\/wp-content\/uploads\/2022\/11\/Crono-1987.jpg 500w, https:\/\/aja.pt\/wp-content\/uploads\/2022\/11\/Crono-1987-300x300.jpg 300w, https:\/\/aja.pt\/wp-content\/uploads\/2022\/11\/Crono-1987-150x150.jpg 150w, https:\/\/aja.pt\/wp-content\/uploads\/2022\/11\/Crono-1987-240x240.jpg 240w\" sizes=\"(max-width: 500px) 100vw, 500px\" \/><\/div><div class=\"twae-description\"><p><strong>Morre, em Set\u00fabal, a 23 de Fevereiro. <\/strong><strong>Foi a enterrar no dia seguinte (Cemit\u00e9rio de Set\u00fabal), acompanhado de algumas dezenas de milhares de pessoas, por \u00fanico ornamento um pano vermelho em cima do caix\u00e3o, sem qualquer ins\u00edgnia, de acordo com a sua vontade.<\/strong><\/p><p><br \/>No dia 18 de Novembro de 1987 \u00e9 criada a Associa\u00e7\u00e3o Jos\u00e9 Afonso, uma associa\u00e7\u00e3o cultural e c\u00edvica, n\u00e3o confessional, formada em torno da sua mem\u00f3ria e exemplo.<\/p><p><span><br \/>\"N\u00e3o me arrependo de nada do que fiz. Mais: eu sou aquilo que fiz. Embora com reservas acreditava o suficiente no que estava a fazer, e isso \u00e9 que fica.\" (Jos\u00e9 Afonso)<\/span><\/p><\/div>\r\n                <\/div>\r\n        <\/div><\/div>\r\n    <div class=\"twae-end\"><\/div>\r\n    <\/div><style type=\"text\/css\"><\/style>\t\t<\/div>\n\t\t\t\t<\/div>\n\t\t\t\t\t<\/div>\n\t\t<\/div>\n\t\t\t\t\t\t\t<\/div>\n\t\t<\/section>\n\t\t\t\t<section class=\"elementor-section elementor-top-section elementor-element elementor-element-9824e18 elementor-section-boxed elementor-section-height-default elementor-section-height-default\" data-id=\"9824e18\" data-element_type=\"section\">\n\t\t\t\t\t\t<div class=\"elementor-container elementor-column-gap-default\">\n\t\t\t\t\t<div class=\"elementor-column elementor-col-100 elementor-top-column elementor-element elementor-element-a6b4a56\" data-id=\"a6b4a56\" data-element_type=\"column\">\n\t\t\t<div class=\"elementor-widget-wrap elementor-element-populated\">\n\t\t\t\t\t\t\t\t<div class=\"elementor-element elementor-element-193c9a4 elementor-widget elementor-widget-spacer\" data-id=\"193c9a4\" data-element_type=\"widget\" data-widget_type=\"spacer.default\">\n\t\t\t\t<div class=\"elementor-widget-container\">\n\t\t\t\t\t<div class=\"elementor-spacer\">\n\t\t\t<div class=\"elementor-spacer-inner\"><\/div>\n\t\t<\/div>\n\t\t\t\t<\/div>\n\t\t\t\t<\/div>\n\t\t\t\t\t<\/div>\n\t\t<\/div>\n\t\t\t\t\t\t\t<\/div>\n\t\t<\/section>\n\t\t\t\t\t\t<\/div>\n\t\t\t\t\t<\/div>\n\t\t","protected":false},"excerpt":{"rendered":"<p>Esta cronologia que aqui partilhamos tem como refer\u00eancia a T\u00e1bua Cronol\u00f3gica apresentada por Jo\u00e3o Afonso dos Santos, irm\u00e3o de Jos\u00e9 Afonso, no livro &#8220;Jos\u00e9 Afonso &#8211; Um Olhar Fraterno&#8221; com a seguinte nota: Os acontecimentos indicados s\u00e3o meros t\u00f3picos avusos com conex\u00e3o por vezes indirecta e difusa ao texto, outros nem isso. Optou-se por designar [&hellip;]<\/p>\n","protected":false},"author":3,"featured_media":0,"parent":0,"menu_order":0,"comment_status":"closed","ping_status":"closed","template":"","meta":[],"_links":{"self":[{"href":"https:\/\/aja.pt\/en\/wp-json\/wp\/v2\/pages\/40487"}],"collection":[{"href":"https:\/\/aja.pt\/en\/wp-json\/wp\/v2\/pages"}],"about":[{"href":"https:\/\/aja.pt\/en\/wp-json\/wp\/v2\/types\/page"}],"author":[{"embeddable":true,"href":"https:\/\/aja.pt\/en\/wp-json\/wp\/v2\/users\/3"}],"replies":[{"embeddable":true,"href":"https:\/\/aja.pt\/en\/wp-json\/wp\/v2\/comments?post=40487"}],"version-history":[{"count":626,"href":"https:\/\/aja.pt\/en\/wp-json\/wp\/v2\/pages\/40487\/revisions"}],"predecessor-version":[{"id":45440,"href":"https:\/\/aja.pt\/en\/wp-json\/wp\/v2\/pages\/40487\/revisions\/45440"}],"wp:attachment":[{"href":"https:\/\/aja.pt\/en\/wp-json\/wp\/v2\/media?parent=40487"}],"curies":[{"name":"wp","href":"https:\/\/api.w.org\/{rel}","templated":true}]}}