{"id":30660,"date":"2022-02-05T18:56:07","date_gmt":"2022-02-05T18:56:07","guid":{"rendered":"https:\/\/aja.pt\/?page_id=30660"},"modified":"2022-02-26T11:03:47","modified_gmt":"2022-02-26T11:03:47","slug":"estatutos-aja","status":"publish","type":"page","link":"https:\/\/aja.pt\/en\/estatutos-aja\/","title":{"rendered":"estatutos AJA"},"content":{"rendered":"\t\t<div data-elementor-type=\"wp-page\" data-elementor-id=\"30660\" class=\"elementor elementor-30660\" data-elementor-settings=\"[]\">\n\t\t\t\t\t\t\t<div class=\"elementor-section-wrap\">\n\t\t\t\t\t\t\t<section class=\"elementor-section elementor-top-section elementor-element elementor-element-f1b6007 elementor-section-boxed elementor-section-height-default elementor-section-height-default\" data-id=\"f1b6007\" data-element_type=\"section\">\n\t\t\t\t\t\t<div class=\"elementor-container elementor-column-gap-default\">\n\t\t\t\t\t<div class=\"elementor-column elementor-col-100 elementor-top-column elementor-element elementor-element-88f6f7a\" data-id=\"88f6f7a\" data-element_type=\"column\">\n\t\t\t<div class=\"elementor-widget-wrap elementor-element-populated\">\n\t\t\t\t\t\t\t\t<div class=\"elementor-element elementor-element-18e9b55 elementor-widget elementor-widget-text-editor\" data-id=\"18e9b55\" data-element_type=\"widget\" data-widget_type=\"text-editor.default\">\n\t\t\t\t<div class=\"elementor-widget-container\">\n\t\t\t<style>\/*! elementor - v3.5.6 - 28-02-2022 *\/\n.elementor-widget-text-editor.elementor-drop-cap-view-stacked .elementor-drop-cap{background-color:#818a91;color:#fff}.elementor-widget-text-editor.elementor-drop-cap-view-framed .elementor-drop-cap{color:#818a91;border:3px solid;background-color:transparent}.elementor-widget-text-editor:not(.elementor-drop-cap-view-default) .elementor-drop-cap{margin-top:8px}.elementor-widget-text-editor:not(.elementor-drop-cap-view-default) .elementor-drop-cap-letter{width:1em;height:1em}.elementor-widget-text-editor .elementor-drop-cap{float:left;text-align:center;line-height:1;font-size:50px}.elementor-widget-text-editor .elementor-drop-cap-letter{display:inline-block}<\/style>\t\t\t\t<p>Altera\u00e7\u00e3o de Estatutos conforme Assembleia Geral Extraordin\u00e1ria de 16 de Mar\u00e7o de 2013, integrando a altera\u00e7\u00e3o de Estatutos da assembleia Geral de 3 de Mar\u00e7o de 2012.<\/p>\t\t\t\t\t\t<\/div>\n\t\t\t\t<\/div>\n\t\t\t\t<div class=\"elementor-element elementor-element-40f9ba3 elementor-widget elementor-widget-spacer\" data-id=\"40f9ba3\" data-element_type=\"widget\" data-widget_type=\"spacer.default\">\n\t\t\t\t<div class=\"elementor-widget-container\">\n\t\t\t\t\t<div class=\"elementor-spacer\">\n\t\t\t<div class=\"elementor-spacer-inner\"><\/div>\n\t\t<\/div>\n\t\t\t\t<\/div>\n\t\t\t\t<\/div>\n\t\t\t\t\t<\/div>\n\t\t<\/div>\n\t\t\t\t\t\t\t<\/div>\n\t\t<\/section>\n\t\t\t\t<section class=\"elementor-section elementor-top-section elementor-element elementor-element-936b770 elementor-section-boxed elementor-section-height-default elementor-section-height-default\" data-id=\"936b770\" data-element_type=\"section\">\n\t\t\t\t\t\t<div class=\"elementor-container elementor-column-gap-default\">\n\t\t\t\t\t<div class=\"elementor-column elementor-col-100 elementor-top-column elementor-element elementor-element-6d32762\" data-id=\"6d32762\" data-element_type=\"column\">\n\t\t\t<div class=\"elementor-widget-wrap elementor-element-populated\">\n\t\t\t\t\t\t\t\t<div class=\"elementor-element elementor-element-11de9bd elementor-widget elementor-widget-heading\" data-id=\"11de9bd\" data-element_type=\"widget\" data-widget_type=\"heading.default\">\n\t\t\t\t<div class=\"elementor-widget-container\">\n\t\t\t<style>\/*! elementor - v3.5.6 - 28-02-2022 *\/\n.elementor-heading-title{padding:0;margin:0;line-height:1}.elementor-widget-heading .elementor-heading-title[class*=elementor-size-]>a{color:inherit;font-size:inherit;line-height:inherit}.elementor-widget-heading .elementor-heading-title.elementor-size-small{font-size:15px}.elementor-widget-heading .elementor-heading-title.elementor-size-medium{font-size:19px}.elementor-widget-heading .elementor-heading-title.elementor-size-large{font-size:29px}.elementor-widget-heading .elementor-heading-title.elementor-size-xl{font-size:39px}.elementor-widget-heading .elementor-heading-title.elementor-size-xxl{font-size:59px}<\/style><h4 class=\"elementor-heading-title elementor-size-default\">Cap\u00edtulo primeiro: Princ\u00edpios gerais<\/h4>\t\t<\/div>\n\t\t\t\t<\/div>\n\t\t\t\t\t<\/div>\n\t\t<\/div>\n\t\t\t\t\t\t\t<\/div>\n\t\t<\/section>\n\t\t\t\t<section class=\"elementor-section elementor-top-section elementor-element elementor-element-21608e8 elementor-section-boxed elementor-section-height-default elementor-section-height-default\" data-id=\"21608e8\" data-element_type=\"section\">\n\t\t\t\t\t\t<div class=\"elementor-container elementor-column-gap-default\">\n\t\t\t\t\t<div class=\"elementor-column elementor-col-100 elementor-top-column elementor-element elementor-element-d2d8438\" data-id=\"d2d8438\" data-element_type=\"column\">\n\t\t\t<div class=\"elementor-widget-wrap elementor-element-populated\">\n\t\t\t\t\t\t\t\t<div class=\"elementor-element elementor-element-8127b02 elementor-widget elementor-widget-spacer\" data-id=\"8127b02\" data-element_type=\"widget\" data-widget_type=\"spacer.default\">\n\t\t\t\t<div class=\"elementor-widget-container\">\n\t\t\t\t\t<div class=\"elementor-spacer\">\n\t\t\t<div class=\"elementor-spacer-inner\"><\/div>\n\t\t<\/div>\n\t\t\t\t<\/div>\n\t\t\t\t<\/div>\n\t\t\t\t<div class=\"elementor-element elementor-element-b71cc88 elementor-view-default elementor-widget elementor-widget-wgl-toggle-accordion\" data-id=\"b71cc88\" data-element_type=\"widget\" data-widget_type=\"wgl-toggle-accordion.default\">\n\t\t\t\t<div class=\"elementor-widget-container\">\n\t\t\t<div class=\"wgl-accordion icon-plus\" id=\"wgl-accordion-b71cc88\" data-type=\"toggle\"><div class=\"wgl-accordion_panel\"><h4 id=\"wgl-accordion_header-1921\" class=\"wgl-accordion_header\" data-default=\"\"><span class=\"wgl-accordion_title\">Artigo primeiro:  Denomina\u00e7\u00e3o,  natureza e  dura\u00e7\u00e3o <\/span><i class=\"wgl-accordion_icon elementor-icon \"><\/i><\/h4><div class=\"wgl-accordion_content\"><p>\u00c9 constitu\u00edda, por tempo indeterminado, uma Associa\u00e7\u00e3o sem fins lucrativos, de natureza cultural e c\u00edvica, dotada de personalidade jur\u00eddica, denominada \u201cAssocia\u00e7\u00e3o Jos\u00e9 Afonso\u201d e a seguir denominada AJA.<\/p><\/div><\/div><div class=\"wgl-accordion_panel\"><h4 id=\"wgl-accordion_header-1922\" class=\"wgl-accordion_header\" data-default=\"\"><span class=\"wgl-accordion_title\">Artigo segundo:  Sede e  n\u00facleos <\/span><i class=\"wgl-accordion_icon elementor-icon \"><\/i><\/h4><div class=\"wgl-accordion_content\"><p>A AJA tem sede na Rua Detr\u00e1s da Guarda, 26 a 34, 2900-347, Set\u00fabal.<\/p><p>Par\u00e1grafo Primeiro: Podem ser criados n\u00facleos, sempre em articula\u00e7\u00e3o com a Direc\u00e7\u00e3o da AJA. <br \/><br \/>Par\u00e1grafo Segundo: Os n\u00facleos reger-se-\u00e3o pelo preceituado nos Estatutos e determinar\u00e3o a sua forma de organiza\u00e7\u00e3o e funcionamento. <br \/><br \/>Par\u00e1grafo terceiro: Da actividade dos n\u00facleos dever\u00e1 ser dado conhecimento regular \u00e0 Direc\u00e7\u00e3o.<\/p><\/div><\/div><div class=\"wgl-accordion_panel\"><h4 id=\"wgl-accordion_header-1923\" class=\"wgl-accordion_header\" data-default=\"\"><span class=\"wgl-accordion_title\">Artigo terceiro:  Fins <\/span><i class=\"wgl-accordion_icon elementor-icon \"><\/i><\/h4><div class=\"wgl-accordion_content\"><p>A AJA procurar\u00e1 dar testemunho do exemplo de Jos\u00e9 Afonso como indiv\u00edduo, cidad\u00e3o e artista, no respeito pela liberdade e autenticidade criativa. Subordinar\u00e1 a sua ac\u00e7\u00e3o \u00e0 realiza\u00e7\u00e3o dos valores universais da solidariedade social e ao empenhamento contra a opress\u00e3o e todas as formas de servid\u00e3o, desigualdade e injusti\u00e7a.<\/p><\/div><\/div><div class=\"wgl-accordion_panel\"><h4 id=\"wgl-accordion_header-1924\" class=\"wgl-accordion_header\" data-default=\"\"><span class=\"wgl-accordion_title\">Artigo quarto: Objecto <\/span><i class=\"wgl-accordion_icon elementor-icon \"><\/i><\/h4><div class=\"wgl-accordion_content\"><p>A AJA \u00e9 uma Associa\u00e7\u00e3o de natureza cultural e c\u00edvica sem fins lucrativos, tendo como objectivos:<br \/>a) Perpetuar a mem\u00f3ria viva do homem-poeta-cantor Jos\u00e9 Afonso;<br \/>b) Contribuir para a difus\u00e3o da sua obra e do seu exemplo de cidadania;<br \/>c) Prosseguir, nos planos cultural, social e c\u00edvico, a obra de Jos\u00e9 Afonso.<\/p><\/div><\/div><\/div>\t\t<\/div>\n\t\t\t\t<\/div>\n\t\t\t\t<div class=\"elementor-element elementor-element-36c4507 elementor-widget elementor-widget-spacer\" data-id=\"36c4507\" data-element_type=\"widget\" data-widget_type=\"spacer.default\">\n\t\t\t\t<div class=\"elementor-widget-container\">\n\t\t\t\t\t<div class=\"elementor-spacer\">\n\t\t\t<div class=\"elementor-spacer-inner\"><\/div>\n\t\t<\/div>\n\t\t\t\t<\/div>\n\t\t\t\t<\/div>\n\t\t\t\t\t<\/div>\n\t\t<\/div>\n\t\t\t\t\t\t\t<\/div>\n\t\t<\/section>\n\t\t\t\t<section class=\"elementor-section elementor-top-section elementor-element elementor-element-1cbb3ec elementor-section-boxed elementor-section-height-default elementor-section-height-default\" data-id=\"1cbb3ec\" data-element_type=\"section\">\n\t\t\t\t\t\t<div class=\"elementor-container elementor-column-gap-default\">\n\t\t\t\t\t<div class=\"elementor-column elementor-col-100 elementor-top-column elementor-element elementor-element-5053203\" data-id=\"5053203\" data-element_type=\"column\">\n\t\t\t<div class=\"elementor-widget-wrap elementor-element-populated\">\n\t\t\t\t\t\t\t\t<div class=\"elementor-element elementor-element-210f38d elementor-widget elementor-widget-heading\" data-id=\"210f38d\" data-element_type=\"widget\" data-widget_type=\"heading.default\">\n\t\t\t\t<div class=\"elementor-widget-container\">\n\t\t\t<h4 class=\"elementor-heading-title elementor-size-default\">Cap\u00edtulo segundo: Dos associados<\/h4>\t\t<\/div>\n\t\t\t\t<\/div>\n\t\t\t\t\t<\/div>\n\t\t<\/div>\n\t\t\t\t\t\t\t<\/div>\n\t\t<\/section>\n\t\t\t\t<section class=\"elementor-section elementor-top-section elementor-element elementor-element-f482c10 elementor-section-boxed elementor-section-height-default elementor-section-height-default\" data-id=\"f482c10\" data-element_type=\"section\">\n\t\t\t\t\t\t<div class=\"elementor-container elementor-column-gap-default\">\n\t\t\t\t\t<div class=\"elementor-column elementor-col-100 elementor-top-column elementor-element elementor-element-a33660e\" data-id=\"a33660e\" data-element_type=\"column\">\n\t\t\t<div class=\"elementor-widget-wrap elementor-element-populated\">\n\t\t\t\t\t\t\t\t<div class=\"elementor-element elementor-element-a552a7b elementor-widget elementor-widget-spacer\" data-id=\"a552a7b\" data-element_type=\"widget\" data-widget_type=\"spacer.default\">\n\t\t\t\t<div class=\"elementor-widget-container\">\n\t\t\t\t\t<div class=\"elementor-spacer\">\n\t\t\t<div class=\"elementor-spacer-inner\"><\/div>\n\t\t<\/div>\n\t\t\t\t<\/div>\n\t\t\t\t<\/div>\n\t\t\t\t<div class=\"elementor-element elementor-element-9af6d19 elementor-view-default elementor-widget elementor-widget-wgl-toggle-accordion\" data-id=\"9af6d19\" data-element_type=\"widget\" data-widget_type=\"wgl-toggle-accordion.default\">\n\t\t\t\t<div class=\"elementor-widget-container\">\n\t\t\t<div class=\"wgl-accordion icon-plus\" id=\"wgl-accordion-9af6d19\" data-type=\"toggle\"><div class=\"wgl-accordion_panel\"><h4 id=\"wgl-accordion_header-1621\" class=\"wgl-accordion_header\" data-default=\"\"><span class=\"wgl-accordion_title\">Artigo quinto:  Categoria  dos  Associados <\/span><i class=\"wgl-accordion_icon elementor-icon \"><\/i><\/h4><div class=\"wgl-accordion_content\"><p>A Associa\u00e7\u00e3o compreende tr\u00eas tipos de Associados: singulares, colectivos e vital\u00edcios.<\/p><p>Par\u00e1grafo Primeiro: Os Associados singulares e colectivos s\u00e3o todos aqueles que, sendo admitidos como tal, concordem com os princ\u00edpios estabelecidos nos Estatutos e mantenham a sua quotiza\u00e7\u00e3o actualizada.<br \/><br \/>a) Todos os que, singulares ou colectivos, intervieram na escritura p\u00fablica de constitui\u00e7\u00e3o da Associa\u00e7\u00e3o e mais aqueles que como tal vieram a ser considerados pela Direc\u00e7\u00e3o at\u00e9 30 (trinta) de Mar\u00e7o de mil novecentos e oitenta e oito, s\u00e3o considerados fundadores.<\/p><p>Par\u00e1grafo Segundo: S\u00e3o considerados Associados vital\u00edcios aqueles que prestarem \u00e0 AJA contributos relevantes. Tal qualidade ser\u00e1 outorgada em AG por proposta da Direc\u00e7\u00e3o.<\/p><\/div><\/div><div class=\"wgl-accordion_panel\"><h4 id=\"wgl-accordion_header-1622\" class=\"wgl-accordion_header\" data-default=\"\"><span class=\"wgl-accordion_title\">Artigo sexto: Pressupostos da  qualidade de  Associado <\/span><i class=\"wgl-accordion_icon elementor-icon \"><\/i><\/h4><div class=\"wgl-accordion_content\"><p>Par\u00e1grafo Primeiro: S\u00e3o pressupostos da aquisi\u00e7\u00e3o da qualidade de Associado a identifica\u00e7\u00e3o com os ideais e os fins da AJA e com as suas normas estatut\u00e1rias.<br \/><br \/>a) A atribui\u00e7\u00e3o da qualidade de Associado \u00e9 da compet\u00eancia da Direc\u00e7\u00e3o, sob proposta subscrita pelo pr\u00f3prio; <br \/>b) Da recusa de admiss\u00e3o por parte da Direc\u00e7\u00e3o cabe recurso para a pr\u00f3xima Assembleia Geral.<\/p><p>Par\u00e1grafo Segundo: N\u00e3o poder\u00e3o ser Associadas as pessoas colectivas de car\u00e1cter confessional, partid\u00e1rio ou com fins lucrativos.<\/p><\/div><\/div><div class=\"wgl-accordion_panel\"><h4 id=\"wgl-accordion_header-1623\" class=\"wgl-accordion_header\" data-default=\"\"><span class=\"wgl-accordion_title\">Artigo  s\u00e9timo:  Direitos  dos  Associados <\/span><i class=\"wgl-accordion_icon elementor-icon \"><\/i><\/h4><div class=\"wgl-accordion_content\"><p>S\u00e3o direitos dos Associados:<br \/>a) Eleger e ser eleito para os \u00f3rg\u00e3os sociais; <br \/>b) Participar e exercer o direito de voto em Assembleia Geral; <br \/>c) Participar nas actividades da AJA e seus n\u00facleos.<\/p><\/div><\/div><div class=\"wgl-accordion_panel\"><h4 id=\"wgl-accordion_header-1624\" class=\"wgl-accordion_header\" data-default=\"\"><span class=\"wgl-accordion_title\">Artigo oitavo: Deveres dos  Associados <\/span><i class=\"wgl-accordion_icon elementor-icon \"><\/i><\/h4><div class=\"wgl-accordion_content\"><p>S\u00e3o deveres dos Associados:<br \/>a) Promover o desenvolvimento da AJA e contribuir para a plena realiza\u00e7\u00e3o dos seus objectivos; <br \/>b) Exercer, solidariamente e sem qualquer remunera\u00e7\u00e3o, os cargos para que tenham sido eleitos, designados ou nomeados; <br \/>c) Participar activamente nas comiss\u00f5es ou grupos de trabalho de que aceitem fazer parte; <br \/>d) Pagar as quotas e outras contribui\u00e7\u00f5es fixadas.<\/p><\/div><\/div><\/div>\t\t<\/div>\n\t\t\t\t<\/div>\n\t\t\t\t\t<\/div>\n\t\t<\/div>\n\t\t\t\t\t\t\t<\/div>\n\t\t<\/section>\n\t\t\t\t<section class=\"elementor-section elementor-top-section elementor-element elementor-element-4f4df1d elementor-section-boxed elementor-section-height-default elementor-section-height-default\" data-id=\"4f4df1d\" data-element_type=\"section\">\n\t\t\t\t\t\t<div class=\"elementor-container elementor-column-gap-default\">\n\t\t\t\t\t<div class=\"elementor-column elementor-col-100 elementor-top-column elementor-element elementor-element-701b970\" data-id=\"701b970\" data-element_type=\"column\">\n\t\t\t<div class=\"elementor-widget-wrap elementor-element-populated\">\n\t\t\t\t\t\t\t\t<div class=\"elementor-element elementor-element-5f416ec elementor-widget elementor-widget-spacer\" data-id=\"5f416ec\" data-element_type=\"widget\" data-widget_type=\"spacer.default\">\n\t\t\t\t<div class=\"elementor-widget-container\">\n\t\t\t\t\t<div class=\"elementor-spacer\">\n\t\t\t<div class=\"elementor-spacer-inner\"><\/div>\n\t\t<\/div>\n\t\t\t\t<\/div>\n\t\t\t\t<\/div>\n\t\t\t\t\t<\/div>\n\t\t<\/div>\n\t\t\t\t\t\t\t<\/div>\n\t\t<\/section>\n\t\t\t\t<section class=\"elementor-section elementor-top-section elementor-element elementor-element-9b1ae8b elementor-section-boxed elementor-section-height-default elementor-section-height-default\" data-id=\"9b1ae8b\" data-element_type=\"section\">\n\t\t\t\t\t\t<div class=\"elementor-container elementor-column-gap-default\">\n\t\t\t\t\t<div class=\"elementor-column elementor-col-100 elementor-top-column elementor-element elementor-element-1ca81a7\" data-id=\"1ca81a7\" data-element_type=\"column\">\n\t\t\t<div class=\"elementor-widget-wrap elementor-element-populated\">\n\t\t\t\t\t\t\t\t<div class=\"elementor-element elementor-element-2a4fd95 elementor-widget elementor-widget-heading\" data-id=\"2a4fd95\" data-element_type=\"widget\" data-widget_type=\"heading.default\">\n\t\t\t\t<div class=\"elementor-widget-container\">\n\t\t\t<h4 class=\"elementor-heading-title elementor-size-default\">Cap\u00edtulo terceiro: Dos org\u00e3os sociais<\/h4>\t\t<\/div>\n\t\t\t\t<\/div>\n\t\t\t\t\t<\/div>\n\t\t<\/div>\n\t\t\t\t\t\t\t<\/div>\n\t\t<\/section>\n\t\t\t\t<section class=\"elementor-section elementor-top-section elementor-element elementor-element-06e1386 elementor-section-boxed elementor-section-height-default elementor-section-height-default\" data-id=\"06e1386\" data-element_type=\"section\">\n\t\t\t\t\t\t<div class=\"elementor-container elementor-column-gap-default\">\n\t\t\t\t\t<div class=\"elementor-column elementor-col-100 elementor-top-column elementor-element elementor-element-841b035\" data-id=\"841b035\" data-element_type=\"column\">\n\t\t\t<div class=\"elementor-widget-wrap elementor-element-populated\">\n\t\t\t\t\t\t\t\t<div class=\"elementor-element elementor-element-2f85155 elementor-widget elementor-widget-spacer\" data-id=\"2f85155\" data-element_type=\"widget\" data-widget_type=\"spacer.default\">\n\t\t\t\t<div class=\"elementor-widget-container\">\n\t\t\t\t\t<div class=\"elementor-spacer\">\n\t\t\t<div class=\"elementor-spacer-inner\"><\/div>\n\t\t<\/div>\n\t\t\t\t<\/div>\n\t\t\t\t<\/div>\n\t\t\t\t<div class=\"elementor-element elementor-element-dd9b790 elementor-view-default elementor-widget elementor-widget-wgl-toggle-accordion\" data-id=\"dd9b790\" data-element_type=\"widget\" data-widget_type=\"wgl-toggle-accordion.default\">\n\t\t\t\t<div class=\"elementor-widget-container\">\n\t\t\t<div class=\"wgl-accordion icon-plus\" id=\"wgl-accordion-dd9b790\" data-type=\"toggle\"><div class=\"wgl-accordion_panel\"><h4 id=\"wgl-accordion_header-2321\" class=\"wgl-accordion_header\" data-default=\"\"><span class=\"wgl-accordion_title\">Artigo  nono:  Indica\u00e7\u00e3o dos  \u00f3rg\u00e3os <\/span><i class=\"wgl-accordion_icon elementor-icon \"><\/i><\/h4><div class=\"wgl-accordion_content\"><p>S\u00e3o \u00f3rg\u00e3os da Associa\u00e7\u00e3o:<br \/>a) A Assembleia Geral; <br \/>b) A Direc\u00e7\u00e3o; <br \/>c) O Conselho Fiscal.<\/p><p>Par\u00e1grafo \u00fanico: Das sess\u00f5es destes \u00f3rg\u00e3os e respectivas delibera\u00e7\u00f5es ser\u00e3o lavradas actas que, depois de aprovadas e assinadas, constituir\u00e3o meio de prova nos termos legais.<\/p><\/div><\/div><div class=\"wgl-accordion_panel\"><h4 id=\"wgl-accordion_header-2322\" class=\"wgl-accordion_header\" data-default=\"\"><span class=\"wgl-accordion_title\">Artigo d\u00e9cimo:  Titulares dos  \u00f3rg\u00e3os sociais <\/span><i class=\"wgl-accordion_icon elementor-icon \"><\/i><\/h4><div class=\"wgl-accordion_content\"><p>Os titulares da Mesa da Assembleia Geral, da Direc\u00e7\u00e3o e do Conselho Fiscal s\u00e3o eleitos pela Assembleia Geral por um per\u00edodo de tr\u00eas anos, podendo ser reeleitos.<\/p><p>Par\u00e1grafo Primeiro: Os mandatos dos titulares eleitos s\u00e3o revog\u00e1veis, havendo causa justificativa.<br \/><br \/>Par\u00e1grafo Segundo: Nenhum dos \u00f3rg\u00e3os sociais poder\u00e1 funcionar legitimamente durante mais de tr\u00eas meses, ap\u00f3s demiss\u00e3o ou revoga\u00e7\u00e3o do mandato de mais de metade dos seus titulares. <br \/><br \/>Par\u00e1grafo terceiro: Os titulares dos \u00f3rg\u00e3os sociais cujo mandato tiver findado, mant\u00eam-se em exerc\u00edcio de fun\u00e7\u00f5es at\u00e9 \u00e0 tomada de posse dos novos titulares.<\/p><\/div><\/div><div class=\"wgl-accordion_panel\"><h4 id=\"wgl-accordion_header-2323\" class=\"wgl-accordion_header\" data-default=\"\"><span class=\"wgl-accordion_title\">Artigo  d\u00e9cimo  primeiro:  Assembleia Geral  e  sua  Mesa<\/span><i class=\"wgl-accordion_icon elementor-icon \"><\/i><\/h4><div class=\"wgl-accordion_content\"><p>A Assembleia Geral \u00e9 formada por todos os Associados no pleno gozo dos seus direitos.<\/p><p>Par\u00e1grafo \u00danico: A Assembleia Geral \u00e9 orientada por uma Mesa composta por um presidente, um vicepresidente e um secret\u00e1rio.<\/p><\/div><\/div><div class=\"wgl-accordion_panel\"><h4 id=\"wgl-accordion_header-2324\" class=\"wgl-accordion_header\" data-default=\"\"><span class=\"wgl-accordion_title\">Artigo d\u00e9cimo  segundo: Compet\u00eancia  dos elementos da Mesa <\/span><i class=\"wgl-accordion_icon elementor-icon \"><\/i><\/h4><div class=\"wgl-accordion_content\"><p>Compete ao presidente da Mesa: <br \/>a) Convocar a Assembleia Geral e dirigir os trabalhos das suas sess\u00f5es; <br \/>b) Conferir posse aos titulares dos \u00f3rg\u00e3os sociais, incluindo os da pr\u00f3pria Mesa.<\/p><p>Par\u00e1grafo Primeiro: O vice-presidente assiste ao presidente nas suas fun\u00e7\u00f5es e substitui-o na sua falta ou impedimento. <br \/><br \/>Par\u00e1grafo Segundo: Cabe ao secret\u00e1rio assegurar a elabora\u00e7\u00e3o das notas ou actas das sess\u00f5es e restante expediente relativo \u00e0 convoca\u00e7\u00e3o e funcionamento deste \u00f3rg\u00e3o, sem preju\u00edzo de eventual reajustamento destas tarefas.<\/p><\/div><\/div><div class=\"wgl-accordion_panel\"><h4 id=\"wgl-accordion_header-2325\" class=\"wgl-accordion_header\" data-default=\"\"><span class=\"wgl-accordion_title\">Artigo d\u00e9cimo  terceiro: Compet\u00eancia  da  Assembleia Geral <\/span><i class=\"wgl-accordion_icon elementor-icon \"><\/i><\/h4><div class=\"wgl-accordion_content\"><p>Compete \u00e0 Assembleia Geral deliberar sobre todas as mat\u00e9rias de interesse para a Associa\u00e7\u00e3o, designadamente as seguintes:<br \/>a) Eleger os titulares dos \u00f3rg\u00e3os sociais, incluindo a sua Mesa, e destitu\u00ed-los antes do termo dos respectivos mandatos, caso se justifique; <br \/>b) Aprovar os relat\u00f3rios anuais de actividades e contas; <br \/>c) Fixar os quantitativos das quotas dos Associados; <br \/>d) Conceder autoriza\u00e7\u00e3o para se demandarem, em nome da Assembleia, titulares dos \u00f3rg\u00e3os sociais por actos praticados em exerc\u00edcio dos cargos, designando para o efeito os seus representantes; <br \/>e) Decidir sobre a onera\u00e7\u00e3o e aliena\u00e7\u00e3o de patrim\u00f3nio social significativo, quer no aspecto econ\u00f3mico, quer no aspecto cultural ou hist\u00f3rico, sob proposta da Direc\u00e7\u00e3o e ouvido o Conselho Fiscal; <br \/>f) Analisar e decidir sobre procedimentos de Associados que v\u00e3o contra o objecto da Associa\u00e7\u00e3o; <br \/>g) Decidir sobre a extin\u00e7\u00e3o da Associa\u00e7\u00e3o, de formas de liquida\u00e7\u00e3o e da atribui\u00e7\u00e3o do patrim\u00f3nio.<\/p><\/div><\/div><div class=\"wgl-accordion_panel\"><h4 id=\"wgl-accordion_header-2326\" class=\"wgl-accordion_header\" data-default=\"\"><span class=\"wgl-accordion_title\">Artigo  d\u00e9cimo  quarto: Convoca\u00e7\u00e3o da  Assembleia Geral <\/span><i class=\"wgl-accordion_icon elementor-icon \"><\/i><\/h4><div class=\"wgl-accordion_content\"><p>A Assembleia Geral \u00e9 convocada por aviso postal ou outro meio legalmente admiss\u00edvel, com um m\u00ednimo de quinze dias de anteced\u00eancia, devendo o aviso conter o dia, hora e local da reuni\u00e3o e respectiva ordem de trabalhos.<\/p><p>Par\u00e1grafo \u00danico: A convoca\u00e7\u00e3o ser\u00e1 feita por iniciativa da sua Mesa ou a pedido escrito da Direc\u00e7\u00e3o, do Conselho Fiscal, ou de n\u00famero n\u00e3o inferior a 5% de Associados no pleno gozo dos seus direitos.<\/p><\/div><\/div><div class=\"wgl-accordion_panel\"><h4 id=\"wgl-accordion_header-2327\" class=\"wgl-accordion_header\" data-default=\"\"><span class=\"wgl-accordion_title\">Artigo d\u00e9cimo  quinto: Instala\u00e7\u00e3o da Assembleia Geral <\/span><i class=\"wgl-accordion_icon elementor-icon \"><\/i><\/h4><div class=\"wgl-accordion_content\"><p>Tem-se por devidamente instalada a Assembleia Geral em que compare\u00e7a metade do n\u00famero de Associados na plenitude do exerc\u00edcio de direitos.<\/p><p>Par\u00e1grafo Primeiro: Verificando-se falta de \u201cqu\u00f3rum\u201d, a Assembleia Geral reunir\u00e1, em segunda convocat\u00f3ria, meia hora mais tarde, com qualquer n\u00famero de presentes, ressalvando o que se disp\u00f5e a seguir. <br \/><br \/>Par\u00e1grafo Segundo: No caso da Assembleia Geral ter sido convocada a pedido dos Associados, \u00e9 sempre indispens\u00e1vel a presen\u00e7a de dois ter\u00e7os dos convocantes.<br \/><br \/>Par\u00e1grafo Terceiro: A presen\u00e7a dos Associados \u00e9 comprovada pela aposi\u00e7\u00e3o dos nomes e assinaturas em folhas pr\u00f3prias.<\/p><\/div><\/div><div class=\"wgl-accordion_panel\"><h4 id=\"wgl-accordion_header-2328\" class=\"wgl-accordion_header\" data-default=\"\"><span class=\"wgl-accordion_title\">Artigo d\u00e9cimo  sexto: Esp\u00e9cie  das  sess\u00f5es <\/span><i class=\"wgl-accordion_icon elementor-icon \"><\/i><\/h4><div class=\"wgl-accordion_content\"><p>As sess\u00f5es da Assembleia Geral s\u00e3o ordin\u00e1rias e extraordin\u00e1rias.<\/p><p>Par\u00e1grafo Primeiro: \u00c9 ordin\u00e1ria a sess\u00e3o que tem lugar anualmente at\u00e9 trinta e um de Mar\u00e7o para aprova\u00e7\u00e3o do relat\u00f3rio e contas do ano antecedente, bem como a sess\u00e3o para a elei\u00e7\u00e3o dos titulares dos \u00f3rg\u00e3os sociais. <br \/><br \/>Par\u00e1grafo Segundo: S\u00e3o extraordin\u00e1rias as restantes sess\u00f5es.<\/p><\/div><\/div><div class=\"wgl-accordion_panel\"><h4 id=\"wgl-accordion_header-2329\" class=\"wgl-accordion_header\" data-default=\"\"><span class=\"wgl-accordion_title\">Artigo d\u00e9cimo  s\u00e9timo: Vota\u00e7\u00e3o <\/span><i class=\"wgl-accordion_icon elementor-icon \"><\/i><\/h4><div class=\"wgl-accordion_content\"><p>As delibera\u00e7\u00f5es da Assembleia Geral s\u00e3o tomadas por maioria simples dos Associados presentes.<\/p><p>Par\u00e1grafo Primeiro: Exceptuam-se do disposto no corpo deste artigo, as delibera\u00e7\u00f5es sobre onera\u00e7\u00e3o e aliena\u00e7\u00e3o de patrim\u00f3nio, altera\u00e7\u00f5es de Estatutos da Associa\u00e7\u00e3o, ou dissolu\u00e7\u00e3o da pessoa colectiva, que dependem da vota\u00e7\u00e3o favor\u00e1vel de pelo menos tr\u00eas quartos do n\u00famero de Associados presentes, conforme estipulado nos n\u00fameros 3 e 4 do artigo 175\u00ba do C\u00f3digo Civil.<br \/><br \/>Par\u00e1grafo Segundo: A elei\u00e7\u00e3o dos \u00f3rg\u00e3os sociais, apresentados por lista e n\u00e3o por nomes singulares, \u00e9 feita por voto directo e secreto.<\/p><\/div><\/div><div class=\"wgl-accordion_panel\"><h4 id=\"wgl-accordion_header-23210\" class=\"wgl-accordion_header\" data-default=\"\"><span class=\"wgl-accordion_title\">Artigo d\u00e9cimo  oitavo: Composi\u00e7\u00e3o  da  Direc\u00e7\u00e3o <\/span><i class=\"wgl-accordion_icon elementor-icon \"><\/i><\/h4><div class=\"wgl-accordion_content\"><p>A Direc\u00e7\u00e3o \u00e9 composta por um m\u00ednimo de cinco elementos: um presidente, um vice-presidente, um secret\u00e1rio, um tesoureiro e os restantes vogais, podendo designar, no seu seio, um \u00f3rg\u00e3o coordenador.<\/p><p>Par\u00e1grafo Primeiro: O presidente \u00e9 substitu\u00eddo, na sua falta ou impedimento, pelo vice-presidente e este pelo secret\u00e1rio. <br \/><br \/>Par\u00e1grafo Segundo: A Direc\u00e7\u00e3o re\u00fane, presencialmente ou \u00e0 dist\u00e2ncia, com a maioria dos seus membros e as decis\u00f5es s\u00e3o tomadas tamb\u00e9m por maioria simples. <br \/><br \/>Par\u00e1grafo Terceiro: A Direc\u00e7\u00e3o dever\u00e1 reunir pelo menos uma vez por m\u00eas, nelas podendo tomar parte qualquer membro dos outros \u00f3rg\u00e3os sociais, bem como outros Associados, em ambos os casos com direito a opini\u00e3o mas sem direito a voto. <br \/><br \/>Par\u00e1grafo Quarto: Para obrigar a Associa\u00e7\u00e3o \u00e9 necess\u00e1rio a assinatura de, pelo menos, um ter\u00e7o dos membros da Direc\u00e7\u00e3o, salvo em actos de administra\u00e7\u00e3o corrente ou de mero expediente, caso em que bastar\u00e1 a assinatura do presidente da Direc\u00e7\u00e3o ou de qualquer outro dos seus elementos no \u00e2mbito das compet\u00eancias delegadas.<\/p><\/div><\/div><div class=\"wgl-accordion_panel\"><h4 id=\"wgl-accordion_header-23211\" class=\"wgl-accordion_header\" data-default=\"\"><span class=\"wgl-accordion_title\">Artigo  d\u00e9cimo nono: Compet\u00eancia  da  Direc\u00e7\u00e3o <\/span><i class=\"wgl-accordion_icon elementor-icon \"><\/i><\/h4><div class=\"wgl-accordion_content\"><p>Competem \u00e0 Direc\u00e7\u00e3o as tarefas gestion\u00e1rias e administrativas em geral e, designadamente, as seguintes:<br \/>a) Representar a Associa\u00e7\u00e3o em ju\u00edzo e fora dele, por interm\u00e9dio do seu presidente e eventualmente, por outro dos seus elementos que para o efeito delegue, ou de mandat\u00e1rio forense constitu\u00eddo nos termos de direito aplic\u00e1vel;<br \/>b) Propor \u00e0 Assembleia Geral, ouvido o Conselho Fiscal, a onera\u00e7\u00e3o, ou a aliena\u00e7\u00e3o e troca de bens im\u00f3veis e outros de significativo valor, quer hist\u00f3rico, quer cultural, quer art\u00edstico; <br \/>c) Aceitar doa\u00e7\u00f5es, legados ou heran\u00e7as;<br \/>d) Promover os actos necess\u00e1rios \u00e0 realiza\u00e7\u00e3o dos fins da Associa\u00e7\u00e3o e dar execu\u00e7\u00e3o \u00e0s delibera\u00e7\u00f5es da Assembleia Geral; <br \/>e) Solicitar ao presidente da Assembleia Geral a convoca\u00e7\u00e3o deste \u00f3rg\u00e3o sempre que o julgar necess\u00e1rio; <br \/>f) Admitir os novos Associados; <br \/>g) Apoiar administrativamente a Mesa da Assembleia Geral;<br \/>h) Criar comiss\u00f5es ou grupos de trabalho com fun\u00e7\u00f5es espec\u00edficas; <br \/>i) Criar um Conselho Consultivo com caracter\u00edsticas e compet\u00eancias a estabelecer;<br \/>j) Elaborar e apresentar \u00e0 Assembleia Geral, para aprova\u00e7\u00e3o, o relat\u00f3rio e contas da ger\u00eancia; <br \/>k) Promover a elabora\u00e7\u00e3o do invent\u00e1rio e a sua actualiza\u00e7\u00e3o peri\u00f3dica; <br \/>l) Prover ao regular funcionamento da sede; <br \/>m) Cobrar receitas, efectuar despesas e proceder \u00e0 sua contabiliza\u00e7\u00e3o; <br \/>n) Informar os Associados acerca da situa\u00e7\u00e3o da Associa\u00e7\u00e3o, das suas actividades e dos termos em que delas podem usufruir;<br \/>o) Acompanhar e ajudar a promover a actividade dos n\u00facleos, facultando-lhes acesso aos meios dispon\u00edveis; <br \/>p) Promover as parcerias que se enquadrem nos objectivos da Associa\u00e7\u00e3o; <br \/>q) Contratar pessoal.<\/p><\/div><\/div><div class=\"wgl-accordion_panel\"><h4 id=\"wgl-accordion_header-23212\" class=\"wgl-accordion_header\" data-default=\"\"><span class=\"wgl-accordion_title\">Artigo vig\u00e9simo: Composi\u00e7\u00e3o  do Conselho  Fiscal <\/span><i class=\"wgl-accordion_icon elementor-icon \"><\/i><\/h4><div class=\"wgl-accordion_content\"><p>O Conselho Fiscal \u00e9 constitu\u00eddo por um presidente, um primeiro e um segundo secret\u00e1rio.<\/p><p>Par\u00e1grafo \u00danico: O Presidente \u00e9 substitu\u00eddo, na sua falta ou impedimento, pelo primeiro secret\u00e1rio e este pelo segundo.<\/p><\/div><\/div><div class=\"wgl-accordion_panel\"><h4 id=\"wgl-accordion_header-23213\" class=\"wgl-accordion_header\" data-default=\"\"><span class=\"wgl-accordion_title\">Artigo vig\u00e9simo  primeiro: Compet\u00eancia  do Conselho Fiscal <\/span><i class=\"wgl-accordion_icon elementor-icon \"><\/i><\/h4><div class=\"wgl-accordion_content\"><p>Compete ao Conselho Fiscal certificar-se, a cada passo, da legalidade e conformidade com os Estatutos dos actos de gest\u00e3o e ger\u00eancia administrativa e financeira e designadamente:<br \/>a) Verificar a correc\u00e7\u00e3o das contas, controlar as exist\u00eancias em caixa e a veracidade do invent\u00e1rio; <br \/>b) Emitir parecer sobre as contas anuais a apresentar juntamente com estas \u00e0 Assembleia Geral, na sess\u00e3o destinada \u00e0 sua aprecia\u00e7\u00e3o;<br \/>c) Proferir os pareceres que lhe sejam impostos pelos Estatutos, ou que lhe sejam solicitados pela Direc\u00e7\u00e3o ou pela Mesa da Assembleia Geral: <br \/>d) Solicitar ao presidente da Mesa da Assembleia Geral reuni\u00e3o deste \u00f3rg\u00e3o, sempre que necess\u00e1rio, para tratamento de assuntos que caibam na sua esfera da compet\u00eancia.<\/p><\/div><\/div><\/div>\t\t<\/div>\n\t\t\t\t<\/div>\n\t\t\t\t\t<\/div>\n\t\t<\/div>\n\t\t\t\t\t\t\t<\/div>\n\t\t<\/section>\n\t\t\t\t<section class=\"elementor-section elementor-top-section elementor-element elementor-element-6f188f2 elementor-section-boxed elementor-section-height-default elementor-section-height-default\" data-id=\"6f188f2\" data-element_type=\"section\">\n\t\t\t\t\t\t<div class=\"elementor-container elementor-column-gap-default\">\n\t\t\t\t\t<div class=\"elementor-column elementor-col-100 elementor-top-column elementor-element elementor-element-2b8861d\" data-id=\"2b8861d\" data-element_type=\"column\">\n\t\t\t<div class=\"elementor-widget-wrap elementor-element-populated\">\n\t\t\t\t\t\t\t\t<div class=\"elementor-element elementor-element-e76bd34 elementor-widget elementor-widget-spacer\" data-id=\"e76bd34\" data-element_type=\"widget\" data-widget_type=\"spacer.default\">\n\t\t\t\t<div class=\"elementor-widget-container\">\n\t\t\t\t\t<div class=\"elementor-spacer\">\n\t\t\t<div class=\"elementor-spacer-inner\"><\/div>\n\t\t<\/div>\n\t\t\t\t<\/div>\n\t\t\t\t<\/div>\n\t\t\t\t\t<\/div>\n\t\t<\/div>\n\t\t\t\t\t\t\t<\/div>\n\t\t<\/section>\n\t\t\t\t<section class=\"elementor-section elementor-top-section elementor-element elementor-element-fdb8f86 elementor-section-boxed elementor-section-height-default elementor-section-height-default\" data-id=\"fdb8f86\" data-element_type=\"section\">\n\t\t\t\t\t\t<div class=\"elementor-container elementor-column-gap-default\">\n\t\t\t\t\t<div class=\"elementor-column elementor-col-100 elementor-top-column elementor-element elementor-element-753856d\" data-id=\"753856d\" data-element_type=\"column\">\n\t\t\t<div class=\"elementor-widget-wrap elementor-element-populated\">\n\t\t\t\t\t\t\t\t<div class=\"elementor-element elementor-element-9357c43 elementor-widget elementor-widget-heading\" data-id=\"9357c43\" data-element_type=\"widget\" data-widget_type=\"heading.default\">\n\t\t\t\t<div class=\"elementor-widget-container\">\n\t\t\t<h4 class=\"elementor-heading-title elementor-size-default\">Cap\u00edtulo quarto: Gest\u00e3o financeira e patrimonial<\/h4>\t\t<\/div>\n\t\t\t\t<\/div>\n\t\t\t\t\t<\/div>\n\t\t<\/div>\n\t\t\t\t\t\t\t<\/div>\n\t\t<\/section>\n\t\t\t\t<section class=\"elementor-section elementor-top-section elementor-element elementor-element-0ec2f9d elementor-section-boxed elementor-section-height-default elementor-section-height-default\" data-id=\"0ec2f9d\" data-element_type=\"section\">\n\t\t\t\t\t\t<div class=\"elementor-container elementor-column-gap-default\">\n\t\t\t\t\t<div class=\"elementor-column elementor-col-100 elementor-top-column elementor-element elementor-element-162fd11\" data-id=\"162fd11\" data-element_type=\"column\">\n\t\t\t<div class=\"elementor-widget-wrap elementor-element-populated\">\n\t\t\t\t\t\t\t\t<div class=\"elementor-element elementor-element-fc9d89c elementor-widget elementor-widget-spacer\" data-id=\"fc9d89c\" data-element_type=\"widget\" data-widget_type=\"spacer.default\">\n\t\t\t\t<div class=\"elementor-widget-container\">\n\t\t\t\t\t<div class=\"elementor-spacer\">\n\t\t\t<div class=\"elementor-spacer-inner\"><\/div>\n\t\t<\/div>\n\t\t\t\t<\/div>\n\t\t\t\t<\/div>\n\t\t\t\t\t<\/div>\n\t\t<\/div>\n\t\t\t\t\t\t\t<\/div>\n\t\t<\/section>\n\t\t\t\t<section class=\"elementor-section elementor-top-section elementor-element elementor-element-3cf53da elementor-section-boxed elementor-section-height-default elementor-section-height-default\" data-id=\"3cf53da\" data-element_type=\"section\">\n\t\t\t\t\t\t<div class=\"elementor-container elementor-column-gap-default\">\n\t\t\t\t\t<div class=\"elementor-column elementor-col-100 elementor-top-column elementor-element elementor-element-6641594\" data-id=\"6641594\" data-element_type=\"column\">\n\t\t\t<div class=\"elementor-widget-wrap elementor-element-populated\">\n\t\t\t\t\t\t\t\t<div class=\"elementor-element elementor-element-f1d2575 elementor-view-default elementor-widget elementor-widget-wgl-toggle-accordion\" data-id=\"f1d2575\" data-element_type=\"widget\" data-widget_type=\"wgl-toggle-accordion.default\">\n\t\t\t\t<div class=\"elementor-widget-container\">\n\t\t\t<div class=\"wgl-accordion icon-plus\" id=\"wgl-accordion-f1d2575\" data-type=\"toggle\"><div class=\"wgl-accordion_panel\"><h4 id=\"wgl-accordion_header-2531\" class=\"wgl-accordion_header\" data-default=\"\"><span class=\"wgl-accordion_title\">Artigo vig\u00e9simo  segundo: Receitas <\/span><i class=\"wgl-accordion_icon elementor-icon \"><\/i><\/h4><div class=\"wgl-accordion_content\"><p>Constituem receitas da Associa\u00e7\u00e3o: <br \/>a) O produto das quotas fixadas pela Assembleia Geral; <br \/>b) As contribui\u00e7\u00f5es a partir da ced\u00eancia por empr\u00e9stimo das exposi\u00e7\u00f5es;<br \/>c) Quaisquer outras contribui\u00e7\u00f5es dos Associados; <br \/>d) As doa\u00e7\u00f5es ou os legados e heran\u00e7as aceites pela Direc\u00e7\u00e3o; <br \/>e) O produto da venda de publica\u00e7\u00f5es e as receitas de outras actividades culturais, art\u00edsticas, entre outras; <br \/>f) O rendimento de bens pr\u00f3prios.<\/p><p>Par\u00e1grafo \u00danico: A aceita\u00e7\u00e3o de heran\u00e7as \u00e9 obrigatoriamente feita a benef\u00edcio do invent\u00e1rio.<\/p><\/div><\/div><div class=\"wgl-accordion_panel\"><h4 id=\"wgl-accordion_header-2532\" class=\"wgl-accordion_header\" data-default=\"\"><span class=\"wgl-accordion_title\">Artigo vig\u00e9simo  terceiro: Despesas <\/span><i class=\"wgl-accordion_icon elementor-icon \"><\/i><\/h4><div class=\"wgl-accordion_content\"><p>Constituem despesas da Associa\u00e7\u00e3o os encargos normais do seu funcionamento e os outros determinados em consequ\u00eancia das suas actividades e do cumprimento dos fins associativos.<\/p><\/div><\/div><div class=\"wgl-accordion_panel\"><h4 id=\"wgl-accordion_header-2533\" class=\"wgl-accordion_header\" data-default=\"\"><span class=\"wgl-accordion_title\">Artigo vig\u00e9simo  quarto: Forma da Associa\u00e7\u00e3o  se  obrigar<\/span><i class=\"wgl-accordion_icon elementor-icon \"><\/i><\/h4><div class=\"wgl-accordion_content\"><p>A Associa\u00e7\u00e3o considera-se obrigada, em quaisquer actos que envolvam pagamentos, compromissos financeiros e outros, pelas assinaturas conjuntas do presidente da Direc\u00e7\u00e3o, ou de quem suas vezes fizer, e de mais um outro elemento da Direc\u00e7\u00e3o que, por regra, ser\u00e1 o tesoureiro.<\/p><\/div><\/div><\/div>\t\t<\/div>\n\t\t\t\t<\/div>\n\t\t\t\t\t<\/div>\n\t\t<\/div>\n\t\t\t\t\t\t\t<\/div>\n\t\t<\/section>\n\t\t\t\t<section class=\"elementor-section elementor-top-section elementor-element elementor-element-882f489 elementor-section-boxed elementor-section-height-default elementor-section-height-default\" data-id=\"882f489\" data-element_type=\"section\">\n\t\t\t\t\t\t<div class=\"elementor-container elementor-column-gap-default\">\n\t\t\t\t\t<div class=\"elementor-column elementor-col-100 elementor-top-column elementor-element elementor-element-20f75e7\" data-id=\"20f75e7\" data-element_type=\"column\">\n\t\t\t<div class=\"elementor-widget-wrap elementor-element-populated\">\n\t\t\t\t\t\t\t\t<div class=\"elementor-element elementor-element-6b57dd8 elementor-widget elementor-widget-spacer\" data-id=\"6b57dd8\" data-element_type=\"widget\" data-widget_type=\"spacer.default\">\n\t\t\t\t<div class=\"elementor-widget-container\">\n\t\t\t\t\t<div class=\"elementor-spacer\">\n\t\t\t<div class=\"elementor-spacer-inner\"><\/div>\n\t\t<\/div>\n\t\t\t\t<\/div>\n\t\t\t\t<\/div>\n\t\t\t\t\t<\/div>\n\t\t<\/div>\n\t\t\t\t\t\t\t<\/div>\n\t\t<\/section>\n\t\t\t\t<section class=\"elementor-section elementor-top-section elementor-element elementor-element-539cc03 elementor-section-boxed elementor-section-height-default elementor-section-height-default\" data-id=\"539cc03\" data-element_type=\"section\">\n\t\t\t\t\t\t<div class=\"elementor-container elementor-column-gap-default\">\n\t\t\t\t\t<div class=\"elementor-column elementor-col-100 elementor-top-column elementor-element elementor-element-9f4d514\" data-id=\"9f4d514\" data-element_type=\"column\">\n\t\t\t<div class=\"elementor-widget-wrap elementor-element-populated\">\n\t\t\t\t\t\t\t\t<div class=\"elementor-element elementor-element-0c61a78 elementor-widget elementor-widget-heading\" data-id=\"0c61a78\" data-element_type=\"widget\" data-widget_type=\"heading.default\">\n\t\t\t\t<div class=\"elementor-widget-container\">\n\t\t\t<h4 class=\"elementor-heading-title elementor-size-default\">Cap\u00edtulo quinto: Disposi\u00e7\u00f5es transit\u00f3rias<\/h4>\t\t<\/div>\n\t\t\t\t<\/div>\n\t\t\t\t\t<\/div>\n\t\t<\/div>\n\t\t\t\t\t\t\t<\/div>\n\t\t<\/section>\n\t\t\t\t<section class=\"elementor-section elementor-top-section elementor-element elementor-element-3fcf9d5 elementor-section-boxed elementor-section-height-default elementor-section-height-default\" data-id=\"3fcf9d5\" data-element_type=\"section\">\n\t\t\t\t\t\t<div class=\"elementor-container elementor-column-gap-default\">\n\t\t\t\t\t<div class=\"elementor-column elementor-col-100 elementor-top-column elementor-element elementor-element-3768a20\" data-id=\"3768a20\" data-element_type=\"column\">\n\t\t\t<div class=\"elementor-widget-wrap elementor-element-populated\">\n\t\t\t\t\t\t\t\t<div class=\"elementor-element elementor-element-eb368fc elementor-widget elementor-widget-spacer\" data-id=\"eb368fc\" data-element_type=\"widget\" data-widget_type=\"spacer.default\">\n\t\t\t\t<div class=\"elementor-widget-container\">\n\t\t\t\t\t<div class=\"elementor-spacer\">\n\t\t\t<div class=\"elementor-spacer-inner\"><\/div>\n\t\t<\/div>\n\t\t\t\t<\/div>\n\t\t\t\t<\/div>\n\t\t\t\t\t<\/div>\n\t\t<\/div>\n\t\t\t\t\t\t\t<\/div>\n\t\t<\/section>\n\t\t\t\t<section class=\"elementor-section elementor-top-section elementor-element elementor-element-45bad13 elementor-section-boxed elementor-section-height-default elementor-section-height-default\" data-id=\"45bad13\" data-element_type=\"section\">\n\t\t\t\t\t\t<div class=\"elementor-container elementor-column-gap-default\">\n\t\t\t\t\t<div class=\"elementor-column elementor-col-100 elementor-top-column elementor-element elementor-element-0ca7dd4\" data-id=\"0ca7dd4\" data-element_type=\"column\">\n\t\t\t<div class=\"elementor-widget-wrap elementor-element-populated\">\n\t\t\t\t\t\t\t\t<div class=\"elementor-element elementor-element-a3876bd elementor-view-default elementor-widget elementor-widget-wgl-toggle-accordion\" data-id=\"a3876bd\" data-element_type=\"widget\" data-widget_type=\"wgl-toggle-accordion.default\">\n\t\t\t\t<div class=\"elementor-widget-container\">\n\t\t\t<div class=\"wgl-accordion icon-plus\" id=\"wgl-accordion-a3876bd\" data-type=\"toggle\"><div class=\"wgl-accordion_panel\"><h4 id=\"wgl-accordion_header-1711\" class=\"wgl-accordion_header\" data-default=\"\"><span class=\"wgl-accordion_title\">Artigo vig\u00e9simo  quinto: Casos  n\u00e3o  previstos <\/span><i class=\"wgl-accordion_icon elementor-icon \"><\/i><\/h4><div class=\"wgl-accordion_content\"><p>Os casos n\u00e3o previstos nestes Estatutos ser\u00e3o resolvidos de acordo com a lei e subsidiariamente pelas delibera\u00e7\u00f5es da Assembleia Geral.<\/p><\/div><\/div><\/div>\t\t<\/div>\n\t\t\t\t<\/div>\n\t\t\t\t\t<\/div>\n\t\t<\/div>\n\t\t\t\t\t\t\t<\/div>\n\t\t<\/section>\n\t\t\t\t<section class=\"elementor-section elementor-top-section elementor-element elementor-element-c09ecc3 elementor-section-boxed elementor-section-height-default elementor-section-height-default\" data-id=\"c09ecc3\" data-element_type=\"section\">\n\t\t\t\t\t\t<div class=\"elementor-container elementor-column-gap-default\">\n\t\t\t\t\t<div class=\"elementor-column elementor-col-100 elementor-top-column elementor-element elementor-element-c774b1e\" data-id=\"c774b1e\" data-element_type=\"column\">\n\t\t\t<div class=\"elementor-widget-wrap elementor-element-populated\">\n\t\t\t\t\t\t\t\t<div class=\"elementor-element elementor-element-d15d59a elementor-widget elementor-widget-spacer\" data-id=\"d15d59a\" data-element_type=\"widget\" data-widget_type=\"spacer.default\">\n\t\t\t\t<div class=\"elementor-widget-container\">\n\t\t\t\t\t<div class=\"elementor-spacer\">\n\t\t\t<div class=\"elementor-spacer-inner\"><\/div>\n\t\t<\/div>\n\t\t\t\t<\/div>\n\t\t\t\t<\/div>\n\t\t\t\t\t<\/div>\n\t\t<\/div>\n\t\t\t\t\t\t\t<\/div>\n\t\t<\/section>\n\t\t\t\t\t\t<\/div>\n\t\t\t\t\t<\/div>\n\t\t","protected":false},"excerpt":{"rendered":"<p>Altera\u00e7\u00e3o de Estatutos conforme Assembleia Geral Extraordin\u00e1ria de 16 de Mar\u00e7o de 2013, integrando a altera\u00e7\u00e3o de Estatutos da assembleia Geral de 3 de Mar\u00e7o de 2012. Cap\u00edtulo primeiro: Princ\u00edpios gerais Artigo primeiro: Denomina\u00e7\u00e3o, natureza e dura\u00e7\u00e3o \u00c9 constitu\u00edda, por tempo indeterminado, uma Associa\u00e7\u00e3o sem fins lucrativos, de natureza cultural e c\u00edvica, dotada de personalidade [&hellip;]<\/p>\n","protected":false},"author":3,"featured_media":0,"parent":0,"menu_order":0,"comment_status":"closed","ping_status":"closed","template":"","meta":[],"_links":{"self":[{"href":"https:\/\/aja.pt\/en\/wp-json\/wp\/v2\/pages\/30660"}],"collection":[{"href":"https:\/\/aja.pt\/en\/wp-json\/wp\/v2\/pages"}],"about":[{"href":"https:\/\/aja.pt\/en\/wp-json\/wp\/v2\/types\/page"}],"author":[{"embeddable":true,"href":"https:\/\/aja.pt\/en\/wp-json\/wp\/v2\/users\/3"}],"replies":[{"embeddable":true,"href":"https:\/\/aja.pt\/en\/wp-json\/wp\/v2\/comments?post=30660"}],"version-history":[{"count":9,"href":"https:\/\/aja.pt\/en\/wp-json\/wp\/v2\/pages\/30660\/revisions"}],"predecessor-version":[{"id":36801,"href":"https:\/\/aja.pt\/en\/wp-json\/wp\/v2\/pages\/30660\/revisions\/36801"}],"wp:attachment":[{"href":"https:\/\/aja.pt\/en\/wp-json\/wp\/v2\/media?parent=30660"}],"curies":[{"name":"wp","href":"https:\/\/api.w.org\/{rel}","templated":true}]}}