{"id":30604,"date":"2022-02-05T18:12:01","date_gmt":"2022-02-05T18:12:01","guid":{"rendered":"https:\/\/aja.pt\/?page_id=30604"},"modified":"2024-09-14T15:12:14","modified_gmt":"2024-09-14T15:12:14","slug":"programa-trienio","status":"publish","type":"page","link":"https:\/\/aja.pt\/en\/programa-trienio\/","title":{"rendered":"programa 2024-2027"},"content":{"rendered":"\t\t<div data-elementor-type=\"wp-page\" data-elementor-id=\"30604\" class=\"elementor elementor-30604\" data-elementor-settings=\"[]\">\n\t\t\t\t\t\t\t<div class=\"elementor-section-wrap\">\n\t\t\t\t\t\t\t<section class=\"elementor-section elementor-top-section elementor-element elementor-element-936b770 elementor-section-boxed elementor-section-height-default elementor-section-height-default\" data-id=\"936b770\" data-element_type=\"section\">\n\t\t\t\t\t\t<div class=\"elementor-container elementor-column-gap-default\">\n\t\t\t\t\t<div class=\"elementor-column elementor-col-100 elementor-top-column elementor-element elementor-element-6d32762\" data-id=\"6d32762\" data-element_type=\"column\">\n\t\t\t<div class=\"elementor-widget-wrap elementor-element-populated\">\n\t\t\t\t\t\t\t\t<div class=\"elementor-element elementor-element-11de9bd elementor-widget elementor-widget-heading\" data-id=\"11de9bd\" data-element_type=\"widget\" data-widget_type=\"heading.default\">\n\t\t\t\t<div class=\"elementor-widget-container\">\n\t\t\t<style>\/*! elementor - v3.5.6 - 28-02-2022 *\/\n.elementor-heading-title{padding:0;margin:0;line-height:1}.elementor-widget-heading .elementor-heading-title[class*=elementor-size-]>a{color:inherit;font-size:inherit;line-height:inherit}.elementor-widget-heading .elementor-heading-title.elementor-size-small{font-size:15px}.elementor-widget-heading .elementor-heading-title.elementor-size-medium{font-size:19px}.elementor-widget-heading .elementor-heading-title.elementor-size-large{font-size:29px}.elementor-widget-heading .elementor-heading-title.elementor-size-xl{font-size:39px}.elementor-widget-heading .elementor-heading-title.elementor-size-xxl{font-size:59px}<\/style><h4 class=\"elementor-heading-title elementor-size-default\">Bases program\u00e1ticas\nda candidatura<\/h4>\t\t<\/div>\n\t\t\t\t<\/div>\n\t\t\t\t<div class=\"elementor-element elementor-element-0c6b2e2 elementor-widget elementor-widget-spacer\" data-id=\"0c6b2e2\" data-element_type=\"widget\" data-widget_type=\"spacer.default\">\n\t\t\t\t<div class=\"elementor-widget-container\">\n\t\t\t\t\t<div class=\"elementor-spacer\">\n\t\t\t<div class=\"elementor-spacer-inner\"><\/div>\n\t\t<\/div>\n\t\t\t\t<\/div>\n\t\t\t\t<\/div>\n\t\t\t\t<div class=\"elementor-element elementor-element-3080b7a elementor-widget elementor-widget-text-editor\" data-id=\"3080b7a\" data-element_type=\"widget\" data-widget_type=\"text-editor.default\">\n\t\t\t\t<div class=\"elementor-widget-container\">\n\t\t\t<style>\/*! elementor - v3.5.6 - 28-02-2022 *\/\n.elementor-widget-text-editor.elementor-drop-cap-view-stacked .elementor-drop-cap{background-color:#818a91;color:#fff}.elementor-widget-text-editor.elementor-drop-cap-view-framed .elementor-drop-cap{color:#818a91;border:3px solid;background-color:transparent}.elementor-widget-text-editor:not(.elementor-drop-cap-view-default) .elementor-drop-cap{margin-top:8px}.elementor-widget-text-editor:not(.elementor-drop-cap-view-default) .elementor-drop-cap-letter{width:1em;height:1em}.elementor-widget-text-editor .elementor-drop-cap{float:left;text-align:center;line-height:1;font-size:50px}.elementor-widget-text-editor .elementor-drop-cap-letter{display:inline-block}<\/style>\t\t\t\t<p>A comemora\u00e7\u00e3o do cinquenten\u00e1rio do 25 de Abril vai estar no centro das actividades da AJA durante boa parte do per\u00edodo que corresponde ao mandato que se vai iniciar, assim como o centen\u00e1rio de Jos\u00e9 Afonso, que se assinala em 2029, implicando um trabalho preparat\u00f3rio que se deve iniciar<br \/>atempadamente. Ambos constituem os grandes pilares da actividade no per\u00edodo2024-2027 e encerram grandes potencialidades do ponto de vista da afirma\u00e7\u00e3o, desenvolvimento e consolida\u00e7\u00e3o da AJA, aproximando os n\u00facleos e os s\u00f3cios e dirigindo-se a um vasto p\u00fablico.<br \/>Estes dois pilares traduzem-se necessariamente no programa que agora se apresenta, ainda que mantendo os eixos fundamentais da actividade e os<br \/>projectos-\u00e2ncora da AJA. A sua concretiza\u00e7\u00e3o nos pr\u00f3ximos 3 anos decorre no quadro dos objectivos estatut\u00e1rios da AJA, nomeadamente no que concerne \u00e0 divulga\u00e7\u00e3o da obra e exemplo c\u00edvico de Jos\u00e9 Afonso, evidenciando o seu car\u00e1cter actual e \u00fanico.<br \/>Sendo a AJA uma associa\u00e7\u00e3o sem fins lucrativos, a implementa\u00e7\u00e3o deste programa funda-se em tr\u00eas princ\u00edpios b\u00e1sicos \u2013 activismo, trabalho colectivo e valoriza\u00e7\u00e3o dos n\u00facleos no respeito pela sua autonomia.<br \/>Ao apresentarmo-nos com este programa, pretendemos que a AJA seja um p\u00f3lo din\u00e2mico de actividade cultural e c\u00edvica de base intergeracional, mas capaz de criar condi\u00e7\u00f5es para o seu progressivo alargamento a camadas jovens.<\/p>\t\t\t\t\t\t<\/div>\n\t\t\t\t<\/div>\n\t\t\t\t\t<\/div>\n\t\t<\/div>\n\t\t\t\t\t\t\t<\/div>\n\t\t<\/section>\n\t\t\t\t<section class=\"elementor-section elementor-top-section elementor-element elementor-element-73bf8fd elementor-section-boxed elementor-section-height-default elementor-section-height-default\" data-id=\"73bf8fd\" data-element_type=\"section\">\n\t\t\t\t\t\t<div class=\"elementor-container elementor-column-gap-default\">\n\t\t\t\t\t<div class=\"elementor-column elementor-col-100 elementor-top-column elementor-element elementor-element-79eb333\" data-id=\"79eb333\" data-element_type=\"column\">\n\t\t\t<div class=\"elementor-widget-wrap elementor-element-populated\">\n\t\t\t\t\t\t\t\t<div class=\"elementor-element elementor-element-cd9c151 elementor-widget elementor-widget-spacer\" data-id=\"cd9c151\" data-element_type=\"widget\" data-widget_type=\"spacer.default\">\n\t\t\t\t<div class=\"elementor-widget-container\">\n\t\t\t\t\t<div class=\"elementor-spacer\">\n\t\t\t<div class=\"elementor-spacer-inner\"><\/div>\n\t\t<\/div>\n\t\t\t\t<\/div>\n\t\t\t\t<\/div>\n\t\t\t\t\t<\/div>\n\t\t<\/div>\n\t\t\t\t\t\t\t<\/div>\n\t\t<\/section>\n\t\t\t\t<section class=\"elementor-section elementor-top-section elementor-element elementor-element-05a4386 elementor-section-boxed elementor-section-height-default elementor-section-height-default\" data-id=\"05a4386\" data-element_type=\"section\">\n\t\t\t\t\t\t<div class=\"elementor-container elementor-column-gap-default\">\n\t\t\t\t\t<div class=\"elementor-column elementor-col-100 elementor-top-column elementor-element elementor-element-dad368c\" data-id=\"dad368c\" data-element_type=\"column\">\n\t\t\t<div class=\"elementor-widget-wrap elementor-element-populated\">\n\t\t\t\t\t\t\t\t<div class=\"elementor-element elementor-element-97bcd02 elementor-widget elementor-widget-heading\" data-id=\"97bcd02\" data-element_type=\"widget\" data-widget_type=\"heading.default\">\n\t\t\t\t<div class=\"elementor-widget-container\">\n\t\t\t<h4 class=\"elementor-heading-title elementor-size-default\">I PARTE | Os grandes pilares 2024-2027<\/h4>\t\t<\/div>\n\t\t\t\t<\/div>\n\t\t\t\t<div class=\"elementor-element elementor-element-36c4507 elementor-widget elementor-widget-spacer\" data-id=\"36c4507\" data-element_type=\"widget\" data-widget_type=\"spacer.default\">\n\t\t\t\t<div class=\"elementor-widget-container\">\n\t\t\t\t\t<div class=\"elementor-spacer\">\n\t\t\t<div class=\"elementor-spacer-inner\"><\/div>\n\t\t<\/div>\n\t\t\t\t<\/div>\n\t\t\t\t<\/div>\n\t\t\t\t<div class=\"elementor-element elementor-element-b71cc88 elementor-view-default elementor-widget elementor-widget-wgl-toggle-accordion\" data-id=\"b71cc88\" data-element_type=\"widget\" data-widget_type=\"wgl-toggle-accordion.default\">\n\t\t\t\t<div class=\"elementor-widget-container\">\n\t\t\t<div class=\"wgl-accordion icon-plus\" id=\"wgl-accordion-b71cc88\" data-type=\"toggle\"><div class=\"wgl-accordion_panel\"><h4 id=\"wgl-accordion_header-1921\" class=\"wgl-accordion_header\" data-default=\"\"><span class=\"wgl-accordion_title\">Assinalar o cinquenten\u00e1rio do 25 de Abril<\/span><i class=\"wgl-accordion_icon elementor-icon \"><\/i><\/h4><div class=\"wgl-accordion_content\"><p>Edi\u00e7\u00e3o, em 2024, de uma compila\u00e7\u00e3o de entrevistas a Jos\u00e9 Afonso desde 1962.<\/p><p>Edi\u00e7\u00e3o de um livro intitulado \u201cCompanheiros do Zeca\u201d, com entrevistas sobre Jos\u00e9 Afonso (Francisco Fanhais, Z\u00e9lia Afonso, Janita Salom\u00e9, entre outros).<\/p><p>Elabora\u00e7\u00e3o, em 2024, da exposi\u00e7\u00e3o Jos\u00e9 Afonso e o 25 de Abril.<\/p><p>Elabora\u00e7\u00e3o, em 2026, da exposi\u00e7\u00e3o: \u201cJos\u00e9 Afonso e a solidariedade internacional com a Revolu\u00e7\u00e3o de Abril\u201d.<\/p><p>Contacto e colabora\u00e7\u00e3o com bandas filarm\u00f3nicas, escolas de m\u00fasica e outros colectivos de ensino e pr\u00e1tica musical, no sentido de divulgar a obra de Jos\u00e9 Afonso e incentivar uma explora\u00e7\u00e3o da sua obra por parte de jovens m\u00fasicos.<\/p><p>Desenvolver esfor\u00e7os para a realiza\u00e7\u00e3o, em 2024, do concerto \u201cGera\u00e7\u00f5es de Abril\u201d.<\/p><p>Desenvolver esfor\u00e7os para a realiza\u00e7\u00e3o de um espect\u00e1culo de dan\u00e7a baseado na obra de Jos\u00e9 Afonso.<\/p><p>Realiza\u00e7\u00e3o do Congresso Internacional Jos\u00e9 Afonso, em Set\u00fabal, articulado com iniciativas locais promovidas pelos n\u00facleos com o apoio da Direc\u00e7\u00e3o.<\/p><p>Apresenta\u00e7\u00e3o de um plano nacional de iniciativas que integre as actividades a realizar pela Direc\u00e7\u00e3o e pelos n\u00facleos no \u00e2mbito dos 50 anos do 25 de Abril.<\/p><\/div><\/div><div class=\"wgl-accordion_panel\"><h4 id=\"wgl-accordion_header-1922\" class=\"wgl-accordion_header\" data-default=\"\"><span class=\"wgl-accordion_title\">Preparar o centen\u00e1rio de Jos\u00e9 Afonso<\/span><i class=\"wgl-accordion_icon elementor-icon \"><\/i><\/h4><div class=\"wgl-accordion_content\"><p>Incentivar a realiza\u00e7\u00e3o de uma biografia de Jos\u00e9 Afonso, actualizada e mais aprofundada, que contemple a an\u00e1lise da sua obra nos seus diversos dom\u00ednios.<\/p><p>Lan\u00e7ar as bases program\u00e1ticas para as comemora\u00e7\u00f5es do centen\u00e1rio do nascimento de Jos\u00e9 Afonso (2029), em articula\u00e7\u00e3o com outras institui\u00e7\u00f5es (incluindo o Minist\u00e9rio da Cultura).<\/p><\/div><\/div><\/div>\t\t<\/div>\n\t\t\t\t<\/div>\n\t\t\t\t\t<\/div>\n\t\t<\/div>\n\t\t\t\t\t\t\t<\/div>\n\t\t<\/section>\n\t\t\t\t<section class=\"elementor-section elementor-top-section elementor-element elementor-element-1cbb3ec elementor-section-boxed elementor-section-height-default elementor-section-height-default\" data-id=\"1cbb3ec\" data-element_type=\"section\">\n\t\t\t\t\t\t<div class=\"elementor-container elementor-column-gap-default\">\n\t\t\t\t\t<div class=\"elementor-column elementor-col-100 elementor-top-column elementor-element elementor-element-5053203\" data-id=\"5053203\" data-element_type=\"column\">\n\t\t\t<div class=\"elementor-widget-wrap elementor-element-populated\">\n\t\t\t\t\t\t\t\t<div class=\"elementor-element elementor-element-799c648 elementor-widget elementor-widget-spacer\" data-id=\"799c648\" data-element_type=\"widget\" data-widget_type=\"spacer.default\">\n\t\t\t\t<div class=\"elementor-widget-container\">\n\t\t\t\t\t<div class=\"elementor-spacer\">\n\t\t\t<div class=\"elementor-spacer-inner\"><\/div>\n\t\t<\/div>\n\t\t\t\t<\/div>\n\t\t\t\t<\/div>\n\t\t\t\t\t<\/div>\n\t\t<\/div>\n\t\t\t\t\t\t\t<\/div>\n\t\t<\/section>\n\t\t\t\t<section class=\"elementor-section elementor-top-section elementor-element elementor-element-358a0a9 elementor-section-boxed elementor-section-height-default elementor-section-height-default\" data-id=\"358a0a9\" data-element_type=\"section\">\n\t\t\t\t\t\t<div class=\"elementor-container elementor-column-gap-default\">\n\t\t\t\t\t<div class=\"elementor-column elementor-col-100 elementor-top-column elementor-element elementor-element-18ea8aa\" data-id=\"18ea8aa\" data-element_type=\"column\">\n\t\t\t<div class=\"elementor-widget-wrap elementor-element-populated\">\n\t\t\t\t\t\t\t\t<div class=\"elementor-element elementor-element-d1468bf elementor-widget elementor-widget-heading\" data-id=\"d1468bf\" data-element_type=\"widget\" data-widget_type=\"heading.default\">\n\t\t\t\t<div class=\"elementor-widget-container\">\n\t\t\t<h4 class=\"elementor-heading-title elementor-size-default\">II PARTE | Eixos de actua\u00e7\u00e3o e Projectos-\u00e2ncora<\/h4>\t\t<\/div>\n\t\t\t\t<\/div>\n\t\t\t\t<div class=\"elementor-element elementor-element-90d34eb elementor-widget elementor-widget-spacer\" data-id=\"90d34eb\" data-element_type=\"widget\" data-widget_type=\"spacer.default\">\n\t\t\t\t<div class=\"elementor-widget-container\">\n\t\t\t\t\t<div class=\"elementor-spacer\">\n\t\t\t<div class=\"elementor-spacer-inner\"><\/div>\n\t\t<\/div>\n\t\t\t\t<\/div>\n\t\t\t\t<\/div>\n\t\t\t\t<div class=\"elementor-element elementor-element-5c09ca0 elementor-view-default elementor-widget elementor-widget-wgl-toggle-accordion\" data-id=\"5c09ca0\" data-element_type=\"widget\" data-widget_type=\"wgl-toggle-accordion.default\">\n\t\t\t\t<div class=\"elementor-widget-container\">\n\t\t\t<div class=\"wgl-accordion icon-plus\" id=\"wgl-accordion-5c09ca0\" data-type=\"toggle\"><div class=\"wgl-accordion_panel\"><h4 id=\"wgl-accordion_header-9651\" class=\"wgl-accordion_header\" data-default=\"\"><span class=\"wgl-accordion_title\">Eixo A - Recolha, produ\u00e7\u00e3o e valoriza\u00e7\u00e3o de conhecimento sobre a vida e obra de Jos\u00e9 Afonso<\/span><i class=\"wgl-accordion_icon elementor-icon \"><\/i><\/h4><div class=\"wgl-accordion_content\"><p>Estudar e documentar de modo contextualizado os v\u00e1rios \u00e2mbitos da vida e obra de Jos\u00e9 Afonso.<\/p><p>Prosseguir o trabalho de recolha, organiza\u00e7\u00e3o e sistematiza\u00e7\u00e3o de documenta\u00e7\u00e3o relacionados com Jos\u00e9 Afonso.<\/p><p>Apoiar e divulgar as iniciativas, investiga\u00e7\u00f5es e publica\u00e7\u00f5es dedicadas ao estudo e ao conhecimento da vida e obra de Jos\u00e9 Afonso.<\/p><\/div><\/div><div class=\"wgl-accordion_panel\"><h4 id=\"wgl-accordion_header-9652\" class=\"wgl-accordion_header\" data-default=\"\"><span class=\"wgl-accordion_title\">Eixo B \u2013 Promo\u00e7\u00e3o e divulga\u00e7\u00e3o da obra musical de Jos\u00e9 Afonso junto de diversos p\u00fablicos<\/span><i class=\"wgl-accordion_icon elementor-icon \"><\/i><\/h4><div class=\"wgl-accordion_content\"><p>Prosseguir a divulga\u00e7\u00e3o da obra de Jos\u00e9 Afonso atrav\u00e9s da organiza\u00e7\u00e3o de concertos e outras iniciativas que permitam a descoberta e frui\u00e7\u00e3o da sua m\u00fasica. Entre outras iniciativas, continuar a organizar o concerto anual promovido pela AJA, refor\u00e7ando a intergeracionalidade dos p\u00fablicos e artistas.<\/p><p>No \u00e2mbito dos eventos a organizar pela AJA (incluindo o concerto anual), prev\u00ea-se o refor\u00e7o da componente pedag\u00f3gica na abordagem de aspectos<br \/>tem\u00e1ticos, biogr\u00e1ficos ou outros, intensificando o recurso aos meios audiovisuais e \u00e0s tecnologias de informa\u00e7\u00e3o e comunica\u00e7\u00e3o.<\/p><p>Refor\u00e7ar a divulga\u00e7\u00e3o da obra de Jos\u00e9 Afonso junto de gera\u00e7\u00f5es mais novas, incluindo escolas, associa\u00e7\u00f5es de estudantes e outros colectivos formais e informais. Consolidar esta interven\u00e7\u00e3o n\u00e3o s\u00f3 atrav\u00e9s da resposta a solicita\u00e7\u00f5es, mas tamb\u00e9m atrav\u00e9s da interven\u00e7\u00e3o junto de educadores e professores, designadamente em torno das quest\u00f5es dos direitos humanos e de cidadania.<\/p><p>Promover uma maior liga\u00e7\u00e3o aos estabelecimentos de ensino de m\u00fasica e outras entidades ligadas \u00e0 pr\u00e1tica musical, incluindo bandas filarm\u00f3nicas.<\/p><p>Divulgar concertos e outras iniciativas com ou sobre a obra e o universo de actividades de Jos\u00e9 Afonso.<\/p><\/div><\/div><div class=\"wgl-accordion_panel\"><h4 id=\"wgl-accordion_header-9653\" class=\"wgl-accordion_header\" data-default=\"\"><span class=\"wgl-accordion_title\">Eixo C \u2013 Refor\u00e7o da capacidade institucional da AJA, liga\u00e7\u00e3o aos s\u00f3cios e\ncomunica\u00e7\u00e3o externa<\/span><i class=\"wgl-accordion_icon elementor-icon \"><\/i><\/h4><div class=\"wgl-accordion_content\"><p>Valorizar a actividade dos n\u00facleos da AJA, considerando a sua autonomia de funcionamento, e refor\u00e7ando a articula\u00e7\u00e3o das suas actividades com as actividades da Direc\u00e7\u00e3o.<\/p><p>Apoiar a expans\u00e3o e consolida\u00e7\u00e3o da rede de n\u00facleos.<\/p><p>Melhorar a comunica\u00e7\u00e3o interna e externa, garantindo informa\u00e7\u00e3o regular aos s\u00f3cios sobre as actividades da AJA, mobilizando novos s\u00f3cios e sensibilizando os s\u00f3cios individuais e colectivos para a import\u00e2ncia da regulariza\u00e7\u00e3o das quotas como garante da sustentabilidade financeira da Associa\u00e7\u00e3o.<\/p><p>Refor\u00e7ar a capacidade interna para responder \u00e0s solicita\u00e7\u00f5es dos s\u00f3cios e para concretizar projectos em diversas \u00e1reas, recorrendo \u00e0s v\u00e1rias compet\u00eancias e responsabiliza\u00e7\u00e3o dos membros dos \u00f3rg\u00e3os sociais e de outros associados.<\/p><p>Continuar a assegurar a gest\u00e3o corrente da AJA, nomeadamente atrav\u00e9s da do trabalho do Secretariado em estreita articula\u00e7\u00e3o com os funcion\u00e1rios.<\/p><p>Organizar iniciativas p\u00fablicas que envolvam globalmente as estruturas da AJA, designadamente encontros de n\u00facleos.<\/p><p>Revitalizar o Conselho Consultivo, conferindo-lhe um funcionamento regular.<\/p><p>Garantir a imprescind\u00edvel sustentabilidade financeira da Associa\u00e7\u00e3o, nomeadamente atrav\u00e9s da angaria\u00e7\u00e3o de financiamento para a execu\u00e7\u00e3o de projectos e realiza\u00e7\u00e3o de eventos, contribui\u00e7\u00e3o volunt\u00e1ria dos n\u00facleos, aluguer de exposi\u00e7\u00f5es, contribui\u00e7\u00e3o via consigna\u00e7\u00e3o de IRS, venda de materiais, entre outros.<\/p><p>Refor\u00e7ar a sustentabilidade financeira da AJA apelando \u00e0 consigna\u00e7\u00e3o de IRS por um n\u00famero crescente de s\u00f3cios e apoiantes da AJA, atrav\u00e9s de uma ampla campanha de comunica\u00e7\u00e3o e sensibiliza\u00e7\u00e3o.<\/p><p>Renovar o merchandising da AJA, utilizando a sua promo\u00e7\u00e3o e venda para refor\u00e7ar a visibilidade e sustentabilidade financeira da AJA.<\/p><\/div><\/div><\/div>\t\t<\/div>\n\t\t\t\t<\/div>\n\t\t\t\t\t<\/div>\n\t\t<\/div>\n\t\t\t\t\t\t\t<\/div>\n\t\t<\/section>\n\t\t\t\t<section class=\"elementor-section elementor-top-section elementor-element elementor-element-5e698ad elementor-section-boxed elementor-section-height-default elementor-section-height-default\" data-id=\"5e698ad\" data-element_type=\"section\">\n\t\t\t\t\t\t<div class=\"elementor-container elementor-column-gap-default\">\n\t\t\t\t\t<div class=\"elementor-column elementor-col-100 elementor-top-column elementor-element elementor-element-20f9e62\" data-id=\"20f9e62\" data-element_type=\"column\">\n\t\t\t<div class=\"elementor-widget-wrap elementor-element-populated\">\n\t\t\t\t\t\t\t\t<div class=\"elementor-element elementor-element-7754d5d elementor-widget elementor-widget-spacer\" data-id=\"7754d5d\" data-element_type=\"widget\" data-widget_type=\"spacer.default\">\n\t\t\t\t<div class=\"elementor-widget-container\">\n\t\t\t\t\t<div class=\"elementor-spacer\">\n\t\t\t<div class=\"elementor-spacer-inner\"><\/div>\n\t\t<\/div>\n\t\t\t\t<\/div>\n\t\t\t\t<\/div>\n\t\t\t\t\t<\/div>\n\t\t<\/div>\n\t\t\t\t\t\t\t<\/div>\n\t\t<\/section>\n\t\t\t\t<section class=\"elementor-section elementor-top-section elementor-element elementor-element-5c06f10 elementor-section-boxed elementor-section-height-default elementor-section-height-default\" data-id=\"5c06f10\" data-element_type=\"section\">\n\t\t\t\t\t\t<div class=\"elementor-container elementor-column-gap-default\">\n\t\t\t\t\t<div class=\"elementor-column elementor-col-100 elementor-top-column elementor-element elementor-element-0ca526c\" data-id=\"0ca526c\" data-element_type=\"column\">\n\t\t\t<div class=\"elementor-widget-wrap elementor-element-populated\">\n\t\t\t\t\t\t\t\t<div class=\"elementor-element elementor-element-cb39573 elementor-widget elementor-widget-heading\" data-id=\"cb39573\" data-element_type=\"widget\" data-widget_type=\"heading.default\">\n\t\t\t\t<div class=\"elementor-widget-container\">\n\t\t\t<h4 class=\"elementor-heading-title elementor-size-default\">Projectos-\u00e2ncora e outras actividades<\/h4>\t\t<\/div>\n\t\t\t\t<\/div>\n\t\t\t\t<div class=\"elementor-element elementor-element-6472b54 elementor-widget elementor-widget-spacer\" data-id=\"6472b54\" data-element_type=\"widget\" data-widget_type=\"spacer.default\">\n\t\t\t\t<div class=\"elementor-widget-container\">\n\t\t\t\t\t<div class=\"elementor-spacer\">\n\t\t\t<div class=\"elementor-spacer-inner\"><\/div>\n\t\t<\/div>\n\t\t\t\t<\/div>\n\t\t\t\t<\/div>\n\t\t\t\t<div class=\"elementor-element elementor-element-6a7a1f8 elementor-view-default elementor-widget elementor-widget-wgl-toggle-accordion\" data-id=\"6a7a1f8\" data-element_type=\"widget\" data-widget_type=\"wgl-toggle-accordion.default\">\n\t\t\t\t<div class=\"elementor-widget-container\">\n\t\t\t<div class=\"wgl-accordion icon-plus\" id=\"wgl-accordion-6a7a1f8\" data-type=\"toggle\"><div class=\"wgl-accordion_panel\"><h4 id=\"wgl-accordion_header-1111\" class=\"wgl-accordion_header\" data-default=\"\"><span class=\"wgl-accordion_title\">Centro de Documenta\u00e7\u00e3o Jos\u00e9 Afonso - CDJA\n(Arquivo documental de acesso universal sobre a vida e obra de Jos\u00e9 Afonso)<\/span><i class=\"wgl-accordion_icon elementor-icon \"><\/i><\/h4><div class=\"wgl-accordion_content\"><p>Desenvolvimento do CDJA atrav\u00e9s de uma maior sistematiza\u00e7\u00e3o dos processos de organiza\u00e7\u00e3o f\u00edsica e inventaria\u00e7\u00e3o digital da documenta\u00e7\u00e3o, esta com recurso \u00e0 plataforma online existente.<\/p><p>Elabora\u00e7\u00e3o de um manual de procedimentos do CDJA para utilizadores.<\/p><p>Alargamento dos fundos do CDJA atrav\u00e9s do apelo a s\u00f3cios e n\u00e3o-s\u00f3cios para o envio e\/ou digitaliza\u00e7\u00e3o de documenta\u00e7\u00e3o em diferentes suportes.<\/p><p>Refor\u00e7o das parcerias protocolizadas que assegurem, do ponto de vista t\u00e9cnico, a conserva\u00e7\u00e3o e tratamento da documenta\u00e7\u00e3o recolhida, designadamente com o Instituto de Etnomusicologia da Universidade Nova de Lisboa.<\/p><p>Criar um Centro de Recursos Educativos como parte integrante do CDJA, que integrar\u00e1 documentos produzidos no \u00e2mbito de projectos da AJA, em parceria com escolas ou outras institui\u00e7\u00f5es ou suscept\u00edveis de constituir recursos para o efeito.<\/p><\/div><\/div><div class=\"wgl-accordion_panel\"><h4 id=\"wgl-accordion_header-1112\" class=\"wgl-accordion_header\" data-default=\"\"><span class=\"wgl-accordion_title\">Publica\u00e7\u00f5es (Edi\u00e7\u00f5es pr\u00f3prias e em parceria)<\/span><i class=\"wgl-accordion_icon elementor-icon \"><\/i><\/h4><div class=\"wgl-accordion_content\"><p>Edi\u00e7\u00e3o fac-similada dos Boletins da AJA.<\/p><p>Edi\u00e7\u00e3o de livro com trabalhos acad\u00e9micos in\u00e9ditos sobre Jos\u00e9 Afonso e a sua obra.<\/p><p>Edi\u00e7\u00e3o das obras associadas aos pilares: 50 anos do 25 de Abril; 100 anos de Jos\u00e9 Afonso.<\/p><\/div><\/div><div class=\"wgl-accordion_panel\"><h4 id=\"wgl-accordion_header-1113\" class=\"wgl-accordion_header\" data-default=\"\"><span class=\"wgl-accordion_title\">Exposi\u00e7\u00f5es<\/span><i class=\"wgl-accordion_icon elementor-icon \"><\/i><\/h4><div class=\"wgl-accordion_content\"><p>Promover a circula\u00e7\u00e3o das exposi\u00e7\u00f5es produzidas pela AJA, designadamente: \u201cJos\u00e9 Afonso: andarilho, poeta e cantor , \u201cDesta Can\u00e7\u00e3o que Apete\u00e7o\u201d, \u201cJos\u00e9 Afonso - Geografias de uma vida\u201d,\"Jos\u00e9 Afonso e Rui Pato - uma colabora\u00e7\u00e3o marcante\", \u201cCarlos Paredes: O homem e a obra\u201d, \u201cAl\u00edpio de Freitas - muitas vidas numa s\u00f3\u201d, assim como as exposi\u00e7\u00f5es de fotografia e artesanato realizadas durante o Festival \u201cCantigas do Maio\u201d.<\/p><p>Preparar a elabora\u00e7\u00e3o de uma grande exposi\u00e7\u00e3o destinada prioritariamente a circular nas C\u00e2maras Municipais.<\/p><\/div><\/div><div class=\"wgl-accordion_panel\"><h4 id=\"wgl-accordion_header-1114\" class=\"wgl-accordion_header\" data-default=\"\"><span class=\"wgl-accordion_title\">Actividades com crian\u00e7as e jovens<\/span><i class=\"wgl-accordion_icon elementor-icon \"><\/i><\/h4><div class=\"wgl-accordion_content\"><p>Promover a divulga\u00e7\u00e3o e circula\u00e7\u00e3o de materiais educativos de apoio a iniciativas com jovens, como a Sacola Pedag\u00f3gica, o Manual de Actividades e outros materiais produzidos no \u00e2mbito do Projecto Canto Mo\u00e7o, nomeadamente no site da AJA e atrav\u00e9s da venda de conjuntos coerentes de materiais educativos a autarquias para dissemina\u00e7\u00e3o pelas escolas.<\/p><p>Alargar o conjunto de materiais suscept\u00edveis de utiliza\u00e7\u00e3o em meio de educa\u00e7\u00e3o formal e n\u00e3o formal para apoio a actividades nesses contextos.<\/p><p>Dar resposta a solicita\u00e7\u00f5es das escolas e de outras entidades que integram crian\u00e7as e jovens.<\/p><p>Prosseguir com a realiza\u00e7\u00e3o de Oficinas de forma\u00e7\u00e3o de professores e animadores com vista \u00e0 constitui\u00e7\u00e3o de equipas educativas que desenvolvam projectos e actividades com jovens.<\/p><p>Insistir no di\u00e1logo e parceria com o Plano Nacional das Artes, com vista \u00e0 disponibiliza\u00e7\u00e3o de materiais referentes \u00e0 vida e obra de Jos\u00e9 Afonso no website do PNA e eventualmente realiza\u00e7\u00e3o de outras iniciativas.<\/p><p>Preparar uma exposi\u00e7\u00e3o destinada especificamente \u00e0s escolas, baseada na experi\u00eancia e nos materiais produzidos no projecto Canto Mo\u00e7o.<\/p><\/div><\/div><div class=\"wgl-accordion_panel\"><h4 id=\"wgl-accordion_header-1115\" class=\"wgl-accordion_header\" data-default=\"\"><span class=\"wgl-accordion_title\">Concertos e outros eventos<\/span><i class=\"wgl-accordion_icon elementor-icon \"><\/i><\/h4><div class=\"wgl-accordion_content\"><p>Realizar um concerto anual por ocasi\u00e3o do anivers\u00e1rio da AJA.<\/p><p>Envidar esfor\u00e7os para a realiza\u00e7\u00e3o dos concertos associadas aos pilares: 50 anos do 25 de Abril; 100 anos de Jos\u00e9 Afonso.<\/p><\/div><\/div><div class=\"wgl-accordion_panel\"><h4 id=\"wgl-accordion_header-1116\" class=\"wgl-accordion_header\" data-default=\"\"><span class=\"wgl-accordion_title\">Website, redes sociais e materiais de comunica\u00e7\u00e3o<\/span><i class=\"wgl-accordion_icon elementor-icon \"><\/i><\/h4><div class=\"wgl-accordion_content\"><p>Manter activo o website da AJA como meio privilegiado de comunica\u00e7\u00e3o das suas actividades e reposit\u00f3rio de recursos sobre a vida e obra de Jos\u00e9 Afonso.<\/p><p>Prosseguir na dinamiza\u00e7\u00e3o das Redes Sociais enquanto meio complementar de divulga\u00e7\u00e3o das actividades da AJA.<\/p><\/div><\/div><div class=\"wgl-accordion_panel\"><h4 id=\"wgl-accordion_header-1117\" class=\"wgl-accordion_header\" data-default=\"\"><span class=\"wgl-accordion_title\">Projectos transversais e parcerias<\/span><i class=\"wgl-accordion_icon elementor-icon \"><\/i><\/h4><div class=\"wgl-accordion_content\"><p>Concretiza\u00e7\u00e3o do projecto \u201cGeografias de uma vida\u201d (que integra a exposi\u00e7\u00e3o \u201cJos\u00e9 Afonso - Geografias de uma vida\u201d) que visa identificar os percursos e locais por onde Jos\u00e9 Afonso passou, contemplando a edi\u00e7\u00e3o de publica\u00e7\u00f5es, a elabora\u00e7\u00e3o de exposi\u00e7\u00f5es e outras iniciativas em colabora\u00e7\u00e3o com os n\u00facleos, autarquias e outras entidades.<\/p><p>Concretiza\u00e7\u00e3o do Projecto \u201cAldeias do Zeca\u201d, em parceria com o INATEL ou outra entidade, estabelecendo a liga\u00e7\u00e3o entre \u201ccan\u00e7\u00f5es e lugares\u201d na obra e percurso de Jos\u00e9 Afonso, sob a forma de eventos de \u00e2mbito cultural e da promo\u00e7\u00e3o de produtos e recursos locais em zonas referenciadas.<\/p><p>Colabora\u00e7\u00e3o na dinamiza\u00e7\u00e3o da Casa da Cultura de Set\u00fabal em parceria com a C\u00e2mara Municipal de Set\u00fabal.<\/p><p>Realiza\u00e7\u00e3o do concerto anual \u201cComo se fora seu filho\u201d em parceria com a C\u00e2mara Municipal de Gr\u00e2ndola.<\/p><p>Instala\u00e7\u00e3o de um polo do CDJA numa casa inicialmente adquirida por Jos\u00e9 Afonso em Idanha-a Nova em parceria com a C\u00e2mara Municipal local.<\/p><p>Parcerias no \u00e2mbito da actividade dos n\u00facleos.<\/p><p>Participa\u00e7\u00e3o no Observat\u00f3rio da Can\u00e7\u00e3o de Protesto, designadamente na organiza\u00e7\u00e3o anual do Encontro da Can\u00e7\u00e3o de Protesto, em parceria com a CMG, INET-MD, IHC, CESEM e SMFOG.<\/p><p>Prosseguir com o estabelecimento de protocolos com institui\u00e7\u00f5es acad\u00e9micas, \u00e0 semelhan\u00e7a dos protocolos realizados com a FCSH da Universidade Nova de Lisboa e com a ESE de Set\u00fabal.<\/p><p>Continuar a animar e alargar parcerias ocasionais\u00a0 ou permanentes com sindicatos e colectivos de \u00e2mbito cultural e c\u00edvico, nomeadamente com institui\u00e7\u00f5es como SOS Racismo, Associa\u00e7\u00e3o 25 de Abril, Comiss\u00e3o de Trabalhadores do Arsenal do Alfeite, CGTP, Sindicatos de Professores. Neste \u00e2mbito, prestar ainda especial aten\u00e7\u00e3o ao fortalecimento dos la\u00e7os com os trabalhadores da \u00e1rea da m\u00fasica, do audiovisual e das artes do espect\u00e1culo e respectivas associa\u00e7\u00f5es.<\/p><\/div><\/div><\/div>\t\t<\/div>\n\t\t\t\t<\/div>\n\t\t\t\t\t<\/div>\n\t\t<\/div>\n\t\t\t\t\t\t\t<\/div>\n\t\t<\/section>\n\t\t\t\t<section class=\"elementor-section elementor-top-section elementor-element elementor-element-578a197 elementor-section-boxed elementor-section-height-default elementor-section-height-default\" data-id=\"578a197\" data-element_type=\"section\">\n\t\t\t\t\t\t<div class=\"elementor-container elementor-column-gap-default\">\n\t\t\t\t\t<div class=\"elementor-column elementor-col-100 elementor-top-column elementor-element elementor-element-4235352\" data-id=\"4235352\" data-element_type=\"column\">\n\t\t\t<div class=\"elementor-widget-wrap elementor-element-populated\">\n\t\t\t\t\t\t\t\t<div class=\"elementor-element elementor-element-c270e7a elementor-widget elementor-widget-spacer\" data-id=\"c270e7a\" data-element_type=\"widget\" data-widget_type=\"spacer.default\">\n\t\t\t\t<div class=\"elementor-widget-container\">\n\t\t\t\t\t<div class=\"elementor-spacer\">\n\t\t\t<div class=\"elementor-spacer-inner\"><\/div>\n\t\t<\/div>\n\t\t\t\t<\/div>\n\t\t\t\t<\/div>\n\t\t\t\t\t<\/div>\n\t\t<\/div>\n\t\t\t\t\t\t\t<\/div>\n\t\t<\/section>\n\t\t\t\t\t\t<\/div>\n\t\t\t\t\t<\/div>\n\t\t","protected":false},"excerpt":{"rendered":"<p>Bases program\u00e1ticas da candidatura A comemora\u00e7\u00e3o do cinquenten\u00e1rio do 25 de Abril vai estar no centro das actividades da AJA durante boa parte do per\u00edodo que corresponde ao mandato que se vai iniciar, assim como o centen\u00e1rio de Jos\u00e9 Afonso, que se assinala em 2029, implicando um trabalho preparat\u00f3rio que se deve iniciaratempadamente. Ambos constituem [&hellip;]<\/p>\n","protected":false},"author":3,"featured_media":0,"parent":0,"menu_order":0,"comment_status":"closed","ping_status":"closed","template":"","meta":[],"_links":{"self":[{"href":"https:\/\/aja.pt\/en\/wp-json\/wp\/v2\/pages\/30604"}],"collection":[{"href":"https:\/\/aja.pt\/en\/wp-json\/wp\/v2\/pages"}],"about":[{"href":"https:\/\/aja.pt\/en\/wp-json\/wp\/v2\/types\/page"}],"author":[{"embeddable":true,"href":"https:\/\/aja.pt\/en\/wp-json\/wp\/v2\/users\/3"}],"replies":[{"embeddable":true,"href":"https:\/\/aja.pt\/en\/wp-json\/wp\/v2\/comments?post=30604"}],"version-history":[{"count":34,"href":"https:\/\/aja.pt\/en\/wp-json\/wp\/v2\/pages\/30604\/revisions"}],"predecessor-version":[{"id":45537,"href":"https:\/\/aja.pt\/en\/wp-json\/wp\/v2\/pages\/30604\/revisions\/45537"}],"wp:attachment":[{"href":"https:\/\/aja.pt\/en\/wp-json\/wp\/v2\/media?parent=30604"}],"curies":[{"name":"wp","href":"https:\/\/api.w.org\/{rel}","templated":true}]}}