{"id":22023,"date":"2021-10-15T11:50:19","date_gmt":"2021-10-15T11:50:19","guid":{"rendered":"https:\/\/aja.pt\/?page_id=22023"},"modified":"2025-03-10T12:22:57","modified_gmt":"2025-03-10T12:22:57","slug":"quem-somos","status":"publish","type":"page","link":"https:\/\/aja.pt\/en\/quem-somos\/","title":{"rendered":"quem somos"},"content":{"rendered":"\t\t<div data-elementor-type=\"wp-page\" data-elementor-id=\"22023\" class=\"elementor elementor-22023\" data-elementor-settings=\"[]\">\n\t\t\t\t\t\t\t<div class=\"elementor-section-wrap\">\n\t\t\t\t\t\t\t<section class=\"elementor-section elementor-top-section elementor-element elementor-element-0f010df elementor-section-boxed elementor-section-height-default elementor-section-height-default\" data-id=\"0f010df\" data-element_type=\"section\">\n\t\t\t\t\t\t<div class=\"elementor-container elementor-column-gap-default\">\n\t\t\t\t\t<div class=\"elementor-column elementor-col-50 elementor-top-column elementor-element elementor-element-f7006d3\" data-id=\"f7006d3\" data-element_type=\"column\">\n\t\t\t<div class=\"elementor-widget-wrap elementor-element-populated\">\n\t\t\t\t\t\t\t\t<div class=\"elementor-element elementor-element-df1b845 elementor-widget elementor-widget-text-editor\" data-id=\"df1b845\" data-element_type=\"widget\" data-widget_type=\"text-editor.default\">\n\t\t\t\t<div class=\"elementor-widget-container\">\n\t\t\t<style>\/*! elementor - v3.5.6 - 28-02-2022 *\/\n.elementor-widget-text-editor.elementor-drop-cap-view-stacked .elementor-drop-cap{background-color:#818a91;color:#fff}.elementor-widget-text-editor.elementor-drop-cap-view-framed .elementor-drop-cap{color:#818a91;border:3px solid;background-color:transparent}.elementor-widget-text-editor:not(.elementor-drop-cap-view-default) .elementor-drop-cap{margin-top:8px}.elementor-widget-text-editor:not(.elementor-drop-cap-view-default) .elementor-drop-cap-letter{width:1em;height:1em}.elementor-widget-text-editor .elementor-drop-cap{float:left;text-align:center;line-height:1;font-size:50px}.elementor-widget-text-editor .elementor-drop-cap-letter{display:inline-block}<\/style>\t\t\t\t<p>A Associa\u00e7\u00e3o Jos\u00e9 Afonso \u00e9 uma associa\u00e7\u00e3o cultural e c\u00edvica, n\u00e3o confessional, formada em torno da mem\u00f3ria e do exemplo de Jos\u00e9 Afonso, evocado no dia da apresenta\u00e7\u00e3o p\u00fablica ocorrida em 18 de Novembro de 1987, enquanto artista-militante, expoente de cultura aberta e universalizante, combatente de todas as causas verdadeiramente solid\u00e1rias, como Homem, enfim. Na sua dimens\u00e3o exterior, mas tamb\u00e9m na intimidade dos seus muros. Na irmandade activa com os humilhados, na sintonia com as aspira\u00e7\u00f5es dos povos \u00e0 liberta\u00e7\u00e3o total, nessa luta, em suma, a que nunca virou a cara; mas, igualmente, no cr\u00edtico alertar contra as formas mais subtis de servid\u00e3o das intelig\u00eancias, no esfor\u00e7o de supera\u00e7\u00e3o criativa, no horror \u00e0 hipocrisia intelectual geral, na sua grande fraternidade, na suprema toler\u00e2ncia de esp\u00edrito, inquieto, insatisfeito, permanentemente auto-questionador.<\/p>\n<p><span style=\"font-size: 18px; background: var(--thepascal-body-background);\">&#8220;Transmudar esse legado, que \u00e9 de todos quantos o admiraram e admiram, acrescentava o mesmo documento de apresenta\u00e7\u00e3o, \u2013 em objectivos concretos que caibam no \u00e2mbito das actividades da Associa\u00e7\u00e3o, ser\u00e1 tarefa do dia a dia, para o qual concitamos os esfor\u00e7os de quem esteja verdadeiramente interessado no seu papel e no seu destino&#8221;, sublinhando ainda que a &#8220;Associa\u00e7\u00e3o Jos\u00e9 Afonso \u00e9 uma porta aberta. N\u00e3o se quer feudo de ningu\u00e9m, nem a realiza\u00e7\u00e3o dos seus objectivos se compatibiliza na concep\u00e7\u00e3o circular restrita de aderentes.&#8221;<\/span><\/p>\t\t\t\t\t\t<\/div>\n\t\t\t\t<\/div>\n\t\t\t\t\t<\/div>\n\t\t<\/div>\n\t\t\t\t<div class=\"elementor-column elementor-col-50 elementor-top-column elementor-element elementor-element-0be11b0\" data-id=\"0be11b0\" data-element_type=\"column\">\n\t\t\t<div class=\"elementor-widget-wrap elementor-element-populated\">\n\t\t\t\t\t\t\t\t<div class=\"elementor-element elementor-element-1f44453 elementor-widget elementor-widget-text-editor\" data-id=\"1f44453\" data-element_type=\"widget\" data-widget_type=\"text-editor.default\">\n\t\t\t\t<div class=\"elementor-widget-container\">\n\t\t\t\t\t\t\t<p>ASSOCIA\u00c7\u00c3O JOS\u00c9 AFONSO<\/p>\t\t\t\t\t\t<\/div>\n\t\t\t\t<\/div>\n\t\t\t\t<div class=\"elementor-element elementor-element-9397013 elementor-widget elementor-widget-text-editor\" data-id=\"9397013\" data-element_type=\"widget\" data-widget_type=\"text-editor.default\">\n\t\t\t\t<div class=\"elementor-widget-container\">\n\t\t\t\t\t\t\t<p>Ser s\u00f3cio\/a da AJA<\/p>\t\t\t\t\t\t<\/div>\n\t\t\t\t<\/div>\n\t\t\t\t<div class=\"elementor-element elementor-element-537d048 elementor-widget elementor-widget-text-editor\" data-id=\"537d048\" data-element_type=\"widget\" data-widget_type=\"text-editor.default\">\n\t\t\t\t<div class=\"elementor-widget-container\">\n\t\t\t\t\t\t\t<p>Clique no bot\u00e3o &#8220;Ficha de S\u00f3cio\/a&#8221; e preencha o formul\u00e1rio. Muito obrigado.<\/p>\t\t\t\t\t\t<\/div>\n\t\t\t\t<\/div>\n\t\t\t\t<div class=\"elementor-element elementor-element-8f9883d elementor-widget elementor-widget-text-editor\" data-id=\"8f9883d\" data-element_type=\"widget\" data-widget_type=\"text-editor.default\">\n\t\t\t\t<div class=\"elementor-widget-container\">\n\t\t\t\t\t\t\t<h2>20\u20ac<\/h2>\t\t\t\t\t\t<\/div>\n\t\t\t\t<\/div>\n\t\t\t\t<div class=\"elementor-element elementor-element-8d4a3e8 elementor-widget elementor-widget-text-editor\" data-id=\"8d4a3e8\" data-element_type=\"widget\" data-widget_type=\"text-editor.default\">\n\t\t\t\t<div class=\"elementor-widget-container\">\n\t\t\t\t\t\t\t<h6>(ou 10\u20ac semestral)<\/h6>\t\t\t\t\t\t<\/div>\n\t\t\t\t<\/div>\n\t\t\t\t<div class=\"elementor-element elementor-element-27707c7 aleft elementor-widget elementor-widget-wgl-button\" data-id=\"27707c7\" data-element_type=\"widget\" data-widget_type=\"wgl-button.default\">\n\t\t\t\t<div class=\"elementor-widget-container\">\n\t\t\t<div class=\"button-wrapper\"><a  class=\"wgl-button btn-size-md \" role=\"button\" href=\"https:\/\/docs.google.com\/forms\/d\/e\/1FAIpQLSfOMRNa9edylt-gQD_V8_DU9Bv17k5CvcRaXKwrBsk7OleLiQ\/viewform\" target=\"_blank\"><div class=\"button-content-wrapper \"><span class=\"wgl-button-text\">FICHA DE S\u00d3CIO\/A<\/span><\/div><\/a><\/div>\t\t<\/div>\n\t\t\t\t<\/div>\n\t\t\t\t\t<\/div>\n\t\t<\/div>\n\t\t\t\t\t\t\t<\/div>\n\t\t<\/section>\n\t\t\t\t<section class=\"elementor-section elementor-top-section elementor-element elementor-element-7ae48d8 elementor-section-boxed elementor-section-height-default elementor-section-height-default\" data-id=\"7ae48d8\" data-element_type=\"section\">\n\t\t\t\t\t\t<div class=\"elementor-container elementor-column-gap-default\">\n\t\t\t\t\t<div class=\"elementor-column elementor-col-100 elementor-top-column elementor-element elementor-element-c5c5bbb\" data-id=\"c5c5bbb\" data-element_type=\"column\">\n\t\t\t<div class=\"elementor-widget-wrap elementor-element-populated\">\n\t\t\t\t\t\t\t\t<div class=\"elementor-element elementor-element-5e760fc elementor-widget elementor-widget-spacer\" data-id=\"5e760fc\" data-element_type=\"widget\" data-widget_type=\"spacer.default\">\n\t\t\t\t<div class=\"elementor-widget-container\">\n\t\t\t\t\t<div class=\"elementor-spacer\">\n\t\t\t<div class=\"elementor-spacer-inner\"><\/div>\n\t\t<\/div>\n\t\t\t\t<\/div>\n\t\t\t\t<\/div>\n\t\t\t\t<div class=\"elementor-element elementor-element-1dbafd0 elementor-widget elementor-widget-wgl-tabs\" data-id=\"1dbafd0\" data-element_type=\"widget\" data-widget_type=\"wgl-tabs.default\">\n\t\t\t\t<div class=\"elementor-widget-container\">\n\t\t\t        <div class=\"wgl-tabs icon_position-top tabs_align-left tabs_align-left tabs_align-tablet- tabs_align-mobile- icon_position-top icon_position-tablet- icon_position-mobile-\">\n\n            <div class=\"wgl-tabs_headings\">                    <h4 data-tab-id=\"wgl-tab_3111\" class=\"wgl-tabs_header\">\n                        <span class=\"wgl-tabs_title\">objectivos<\/span>\n\n                        \n                    <\/h4>\n\n                                    <h4 data-tab-id=\"wgl-tab_3112\" class=\"wgl-tabs_header\">\n                        <span class=\"wgl-tabs_title\">org\u00e3os sociais<\/span>\n\n                        \n                    <\/h4>\n\n                                    <h4 data-tab-id=\"wgl-tab_3113\" class=\"wgl-tabs_header\">\n                        <span class=\"wgl-tabs_title\">conselho consultivo<\/span>\n\n                        \n                    <\/h4>\n\n                            <\/div>\n\n            <div class=\"wgl-tabs_content-wrap\">                    <div data-tab-id=\"wgl-tab_3111\" class=\"wgl-tabs_content\">\n                    <ul class=\"thepascal_list thepascal_check\">\n \t<li>Dar a conhecer, nas suas m\u00faltiplas facetas, a personalidade e o papel de Jos\u00e9 Afonso e promover a difus\u00e3o da sua obra;<\/li>\n \t<li>Ampliar e divulgar o Centro de Documenta\u00e7\u00e3o sobre a vida e obra de Jos\u00e9 Afonso, em funcionamento para consultas nas instala\u00e7\u00f5es da AJA;<\/li>\n \t<li>Organizar e apoiar iniciativas v\u00e1lidas de ordem cultural, art\u00edstica e recreativa, dum modo especial as de car\u00e1cter popular, regional e local e praticar, sempre que poss\u00edvel, a coopera\u00e7\u00e3o inter-associativa;<\/li>\n \t<li>Apoiar o desenvolvimento da m\u00fasica popular, com destaque para a portuguesa empenhar-se na eleva\u00e7\u00e3o do seu estatuto, qualidade e difus\u00e3o;<\/li>\n \t<li>Actuar junto dos jovens, procurando estimular ou coadjuvar a sua participa\u00e7\u00e3o cr\u00edtica em redor dos objectivos culturais ou de solidariedade apontados;<\/li>\n \t<li>Estabelecer esquemas de coopera\u00e7\u00e3o com n\u00facleos, grupos ou pessoas, no estrangeiro, que prossigam id\u00eanticos objectivos polarizados na figura de Jos\u00e9 Afonso;<\/li>\n \t<li>Instituir um espa\u00e7o material, moral e cultural de conv\u00edvio em torno das viv\u00eancias e dos ideais comuns.<\/li>\n<\/ul>                    <\/div>\n\n                                    <div data-tab-id=\"wgl-tab_3112\" class=\"wgl-tabs_content\">\n                    <p>DIREC\u00c7\u00c3O<br \/>Presidente: Francisco J\u00falio Amorim Fanhais<br \/>Vice-Presidente: Maria Guadalupe Magalh\u00e3es Portelinha<br \/>Secret\u00e1ria: Ana Filipa Pimenta Coutinho Ribeiro<br \/>Tesoureiro: Henrique da Concei\u00e7\u00e3o Marques<\/p>\n<p>VOGAIS<br \/>Ant\u00f3nio Jos\u00e9 Pimenta Vieira . Filipa Monteiro Matos Ferreira . Jo\u00e3o Manuel Martins Madeira . Jos\u00e9 Ant\u00f3nio do Nascimento . Jos\u00e9 Ant\u00f3nio Santos Rodrigues . Jos\u00e9 Hugo Pires Castro . Jos\u00e9 Rui Raposo . Maria Jorgete Ribeiro de S\u00e1 Teixeira . Ricardo Miguel Bernardes Andrade . S\u00f3nia Maria Costa Passos . Teod\u00f3sio Maria Alcobia . Ana Cristina Palma Afonso (Suplente) . Maria do Carmo de Pinho Marques (Suplente).<\/p>\n<p>MESA DA ASSEMBLEIA GERAL<br \/>Presidente: Manuel Augusto Coentro de Pinho Freire<br \/>Vice-Presidente: Jo\u00e3o Lu\u00eds Madeira Lopes<br \/>Secret\u00e1rio: Jos\u00e9 Pedro Fernandes de Oliveira Baranita<\/p>\n<p>CONSELHO FISCAL<br \/>Presidente: Helena Maria Souto Machado da Fonseca<br \/>Vice-Presidente: Lu\u00eds Miguel Pires Pereira<br \/>Secret\u00e1rio: Pedro Miguel Entrudo Soares<\/p>\n<p><a href=\"https:\/\/aja.pt\/programa-trienio\/\"><strong>Conhe\u00e7a o programa para o tri\u00e9nio 2024-2027<\/strong><\/a><\/p>\n<p><strong><a href=\"https:\/\/aja.pt\/estatutos-aja\" target=\"_blank\" rel=\"noopener\">Consulte os estatutos da Aja<\/a><\/strong><\/p>                    <\/div>\n\n                                    <div data-tab-id=\"wgl-tab_3113\" class=\"wgl-tabs_content\">\n                    <p><span>Adelino Gomes . <\/span><span>Adelino Neves . <\/span><span>Afonso Dias . <\/span><span>Alain Vachier . <\/span><span>Alb\u00e9rico Afonso . <\/span><span>Alice de Brito . <\/span><span>Al\u00edpio de Freitas . <\/span><span>AP Braga . <\/span><span>Arnaldo Vasques . <\/span><span>Arturo Reguera . <\/span><span>Camilo Mort\u00e1gua . <\/span><span>Capicua . <\/span><span>Carlos Beato . <\/span><span>Carlos Guerreiro . <\/span><span>Chullage . <\/span><span>Domingos Morais . <\/span><span>Francisco \/ Chico da Emilinha . <\/span><span>Francisco Naia . <\/span><span>Henrique Guerreiro . <\/span><span>Homero Cardoso . <\/span><span>Irene Pimentel . <\/span><span>Isabel do Carmo . <\/span><span>Jo\u00e3o Afonso . <\/span><span>Joaquim Vieira . <\/span><span>Jos\u00e9 Duarte . <\/span><span>Jos\u00e9 Fanha .<\/span><span>\u00a0<\/span><span>Lu\u00eds C\u00edlia . <\/span><span>Luisa Teot\u00f3nio Pereira . M<\/span><span>anolo Bello . <\/span><span>Manuel Rocha . <\/span><span>Maria do C\u00e9u Guerra . <\/span><span>M\u00e1rio Correia . <\/span><span>M\u00e1rio Dias . <\/span><span>Martins J\u00fanior . <\/span><span>Pedro Fragoso . <\/span><span>Raul Calado . <\/span><span>R\u00faben de Carvalho . <\/span><span>Samuel . <\/span><span>Sofia Vit\u00f3ria .<\/span><span>Tino Flores . <\/span><span>Viriato Teles . <\/span><span>Zeca Medeiros.<\/span><\/p>                    <\/div>\n\n                            <\/div>\n\n        <\/div>\n        \t\t<\/div>\n\t\t\t\t<\/div>\n\t\t\t\t<div class=\"elementor-element elementor-element-8333e58 elementor-widget elementor-widget-spacer\" data-id=\"8333e58\" data-element_type=\"widget\" data-widget_type=\"spacer.default\">\n\t\t\t\t<div class=\"elementor-widget-container\">\n\t\t\t\t\t<div class=\"elementor-spacer\">\n\t\t\t<div class=\"elementor-spacer-inner\"><\/div>\n\t\t<\/div>\n\t\t\t\t<\/div>\n\t\t\t\t<\/div>\n\t\t\t\t\t<\/div>\n\t\t<\/div>\n\t\t\t\t\t\t\t<\/div>\n\t\t<\/section>\n\t\t\t\t<section class=\"elementor-section elementor-top-section elementor-element elementor-element-8e93275 elementor-section-boxed elementor-section-height-default elementor-section-height-default\" data-id=\"8e93275\" data-element_type=\"section\" data-settings=\"{&quot;background_background&quot;:&quot;classic&quot;}\">\n\t\t\t\t\t\t<div class=\"elementor-container elementor-column-gap-default\">\n\t\t\t\t\t<div class=\"elementor-column elementor-col-100 elementor-top-column elementor-element elementor-element-1f93702\" data-id=\"1f93702\" data-element_type=\"column\">\n\t\t\t<div class=\"elementor-widget-wrap elementor-element-populated\">\n\t\t\t\t\t\t\t\t<div class=\"elementor-element elementor-element-368a699 elementor-widget elementor-widget-spacer\" data-id=\"368a699\" data-element_type=\"widget\" data-widget_type=\"spacer.default\">\n\t\t\t\t<div class=\"elementor-widget-container\">\n\t\t\t\t\t<div class=\"elementor-spacer\">\n\t\t\t<div class=\"elementor-spacer-inner\"><\/div>\n\t\t<\/div>\n\t\t\t\t<\/div>\n\t\t\t\t<\/div>\n\t\t\t\t<div class=\"elementor-element elementor-element-eec350e acenter elementor-widget elementor-widget-wgl-double-headings\" data-id=\"eec350e\" data-element_type=\"widget\" data-widget_type=\"wgl-double-headings.default\">\n\t\t\t\t<div class=\"elementor-widget-container\">\n\t\t\t<div class=\"wgl-double_heading\"><div class=\"dbl__subtitle\">Por essas terras al\u00e9m<\/div><h3 class=\"dbl__title-wrapper\"><span class=\"dbl__title dbl__title_1\">conhe\u00e7a os <\/span><span class=\"dbl__title dbl__title_2\">n\u00facleos <\/span><span class=\"dbl__title dbl__title_3\">da AJA\n<\/span><\/h3><\/div>\t\t<\/div>\n\t\t\t\t<\/div>\n\t\t\t\t<div class=\"elementor-element elementor-element-fe4bcf5 elementor-widget elementor-widget-spacer\" data-id=\"fe4bcf5\" data-element_type=\"widget\" data-widget_type=\"spacer.default\">\n\t\t\t\t<div class=\"elementor-widget-container\">\n\t\t\t\t\t<div class=\"elementor-spacer\">\n\t\t\t<div class=\"elementor-spacer-inner\"><\/div>\n\t\t<\/div>\n\t\t\t\t<\/div>\n\t\t\t\t<\/div>\n\t\t\t\t<div class=\"elementor-element elementor-element-2ac984d elementor-widget elementor-widget-wgl-team\" data-id=\"2ac984d\" data-element_type=\"widget\" data-widget_type=\"wgl-team.default\">\n\t\t\t\t<div class=\"elementor-widget-container\">\n\t\t\t        <div class=\"wgl_module_team team-col_4 acenter\">\n            <div class=\"team-items_wrap\">\n                <div class=\"wgl-carousel_wrapper\"><div class=\"wgl-carousel\"><div class=\"wgl-carousel_slick\" data-slick='{\"slidesToShow\":4,\"slidesToScroll\":4,\"infinite\":true,\"variableWidth\":false,\"autoplay\":true,\"autoplaySpeed\":\"3000\",\"speed\":300,\"centerMode\":true,\"centerPadding\":\"0px\",\"arrows\":false,\"dots\":false,\"adaptiveHeight\":false,\"responsive\":[{\"breakpoint\":1170,\"settings\":{\"slidesToShow\":3,\"slidesToScroll\":3}},{\"breakpoint\":1025,\"settings\":{\"slidesToShow\":2,\"slidesToScroll\":2}},{\"breakpoint\":768,\"settings\":{\"slidesToShow\":1,\"slidesToScroll\":1}}]}'><div class=\"team-item\"><div class=\"team-item_wrap\"><div class=\"team__media-wrapper\"><div class=\"team__icons\"><a href=\"https:\/\/pt-pt.facebook.com\/pages\/category\/Community\/N%C3%BAcleo-AJA-Faro-Associa%C3%A7%C3%A3o-Jos%C3%A9-Afonso-1413410455402887\/\" class=\"team-icon fab fa-facebook-f\"><\/a><\/div><div class=\"team__image-wrapper\"><a href=\"https:\/\/aja.pt\/en\/nucleos\/faro\/\" class=\"team__image\"><img src=\"https:\/\/aja.pt\/wp-content\/uploads\/2022\/01\/Nucleo-Faro-540x700.jpg\" alt=\"\" \/><\/a><\/div><\/div><div class=\"team-item_info\"><h2 class=\"team-title\"><a href=\"https:\/\/aja.pt\/en\/nucleos\/faro\/\">Faro<\/a><\/h2><div class=\"team-department\">n\u00facleo criado em 2017<\/div><\/div><\/div><\/div><div class=\"team-item\"><div class=\"team-item_wrap\"><div class=\"team__media-wrapper\"><div class=\"team__icons\"><a href=\"https:\/\/www.facebook.com\/Ajaevora\/\" class=\"team-icon fab fa-facebook-f\"><\/a><\/div><div class=\"team__image-wrapper\"><a href=\"https:\/\/aja.pt\/en\/nucleos\/evora\/\" class=\"team__image\"><img src=\"https:\/\/aja.pt\/wp-content\/uploads\/2022\/01\/Nucleo-Evora-540x700.jpg\" alt=\"\" \/><\/a><\/div><\/div><div class=\"team-item_info\"><h2 class=\"team-title\"><a href=\"https:\/\/aja.pt\/en\/nucleos\/evora\/\">\u00c9vora<\/a><\/h2><div class=\"team-department\">n\u00facleo criado em 2014<\/div><\/div><\/div><\/div><div class=\"team-item\"><div class=\"team-item_wrap\"><div class=\"team__media-wrapper\"><div class=\"team__icons\"><a href=\"https:\/\/pt-pt.facebook.com\/pages\/category\/Community\/AJA-Barreiro-Moita-654474597933197\/\" class=\"team-icon fab fa-facebook-f\"><\/a><\/div><div class=\"team__image-wrapper\"><a href=\"https:\/\/aja.pt\/en\/nucleos\/barreiro-moita\/\" class=\"team__image\"><img src=\"https:\/\/aja.pt\/wp-content\/uploads\/2022\/01\/Nucleo-Barreiro-540x700.jpg\" alt=\"\" \/><\/a><\/div><\/div><div class=\"team-item_info\"><h2 class=\"team-title\"><a href=\"https:\/\/aja.pt\/en\/nucleos\/barreiro-moita\/\">Barreiro\/Moita<\/a><\/h2><div class=\"team-department\">n\u00facleo criado em 2014<\/div><\/div><\/div><\/div><div class=\"team-item\"><div class=\"team-item_wrap\"><div class=\"team__media-wrapper\"><div class=\"team__icons\"><a href=\"https:\/\/www.facebook.com\/ajacoimbra\" class=\"team-icon fab fa-facebook-f\"><\/a><\/div><div class=\"team__image-wrapper\"><a href=\"https:\/\/aja.pt\/en\/nucleos\/coimbra\/\" class=\"team__image\"><img src=\"https:\/\/aja.pt\/wp-content\/uploads\/2022\/01\/Nucleo-Coimbra-540x700.jpg\" alt=\"\" \/><\/a><\/div><\/div><div class=\"team-item_info\"><h2 class=\"team-title\"><a href=\"https:\/\/aja.pt\/en\/nucleos\/coimbra\/\">Coimbra<\/a><\/h2><div class=\"team-department\">n\u00facleo criado em 2014<\/div><\/div><\/div><\/div><div class=\"team-item\"><div class=\"team-item_wrap\"><div class=\"team__media-wrapper\"><div class=\"team__icons\"><a href=\"https:\/\/www.facebook.com\/ajatavira\" class=\"team-icon fab fa-facebook-f\"><\/a><\/div><div class=\"team__image-wrapper\"><a href=\"https:\/\/aja.pt\/en\/nucleos\/tavira\/\" class=\"team__image\"><img src=\"https:\/\/aja.pt\/wp-content\/uploads\/2022\/01\/Nucleo-Tavira-540x700.jpg\" alt=\"\" \/><\/a><\/div><\/div><div class=\"team-item_info\"><h2 class=\"team-title\"><a href=\"https:\/\/aja.pt\/en\/nucleos\/tavira\/\">Tavira<\/a><\/h2><div class=\"team-department\">n\u00facleo criado em 2015<\/div><\/div><\/div><\/div><\/div><\/div><\/div>            <\/div>\n        <\/div>\n        \t\t<\/div>\n\t\t\t\t<\/div>\n\t\t\t\t<div class=\"elementor-element elementor-element-d391a89 elementor-widget elementor-widget-spacer\" data-id=\"d391a89\" data-element_type=\"widget\" data-widget_type=\"spacer.default\">\n\t\t\t\t<div class=\"elementor-widget-container\">\n\t\t\t\t\t<div class=\"elementor-spacer\">\n\t\t\t<div class=\"elementor-spacer-inner\"><\/div>\n\t\t<\/div>\n\t\t\t\t<\/div>\n\t\t\t\t<\/div>\n\t\t\t\t<div class=\"elementor-element elementor-element-f63a588 acenter elementor-widget elementor-widget-wgl-button\" data-id=\"f63a588\" data-element_type=\"widget\" data-widget_type=\"wgl-button.default\">\n\t\t\t\t<div class=\"elementor-widget-container\">\n\t\t\t<div class=\"button-wrapper\"><a  class=\"wgl-button btn-size-md \" role=\"button\" href=\"https:\/\/aja.pt\/nucleos\/\"><div class=\"button-content-wrapper \"><span class=\"wgl-button-text\">VER TODOS<\/span><\/div><\/a><\/div>\t\t<\/div>\n\t\t\t\t<\/div>\n\t\t\t\t<div class=\"elementor-element elementor-element-3a5ebdd elementor-widget elementor-widget-spacer\" data-id=\"3a5ebdd\" data-element_type=\"widget\" data-widget_type=\"spacer.default\">\n\t\t\t\t<div class=\"elementor-widget-container\">\n\t\t\t\t\t<div class=\"elementor-spacer\">\n\t\t\t<div class=\"elementor-spacer-inner\"><\/div>\n\t\t<\/div>\n\t\t\t\t<\/div>\n\t\t\t\t<\/div>\n\t\t\t\t\t<\/div>\n\t\t<\/div>\n\t\t\t\t\t\t\t<\/div>\n\t\t<\/section>\n\t\t\t\t<section class=\"elementor-section elementor-top-section elementor-element elementor-element-76e0408 elementor-section-boxed elementor-section-height-default elementor-section-height-default\" data-id=\"76e0408\" data-element_type=\"section\">\n\t\t\t\t\t\t<div class=\"elementor-container elementor-column-gap-default\">\n\t\t\t\t\t<div class=\"elementor-column elementor-col-100 elementor-top-column elementor-element elementor-element-75e8e78\" data-id=\"75e8e78\" data-element_type=\"column\">\n\t\t\t<div class=\"elementor-widget-wrap elementor-element-populated\">\n\t\t\t\t\t\t\t\t<div class=\"elementor-element elementor-element-cc71ef9 elementor-widget elementor-widget-spacer\" data-id=\"cc71ef9\" data-element_type=\"widget\" data-widget_type=\"spacer.default\">\n\t\t\t\t<div class=\"elementor-widget-container\">\n\t\t\t\t\t<div class=\"elementor-spacer\">\n\t\t\t<div class=\"elementor-spacer-inner\"><\/div>\n\t\t<\/div>\n\t\t\t\t<\/div>\n\t\t\t\t<\/div>\n\t\t\t\t\t<\/div>\n\t\t<\/div>\n\t\t\t\t\t\t\t<\/div>\n\t\t<\/section>\n\t\t\t\t<section class=\"elementor-section elementor-top-section elementor-element elementor-element-0e96ec9 elementor-section-boxed elementor-section-height-default elementor-section-height-default\" data-id=\"0e96ec9\" data-element_type=\"section\">\n\t\t\t\t\t\t<div class=\"elementor-container elementor-column-gap-default\">\n\t\t\t\t\t<div class=\"elementor-column elementor-col-100 elementor-top-column elementor-element elementor-element-52f4c45\" data-id=\"52f4c45\" data-element_type=\"column\">\n\t\t\t<div class=\"elementor-widget-wrap elementor-element-populated\">\n\t\t\t\t\t\t\t\t<div class=\"elementor-element elementor-element-3a6d62c acenter elementor-widget elementor-widget-wgl-double-headings\" data-id=\"3a6d62c\" data-element_type=\"widget\" data-widget_type=\"wgl-double-headings.default\">\n\t\t\t\t<div class=\"elementor-widget-container\">\n\t\t\t<div class=\"wgl-double_heading\"><div class=\"dbl__subtitle\">do blogue<\/div><a class=\"dbl__link\" href=\"https:\/\/aja.pt\/blogue\/\"><h3 class=\"dbl__title-wrapper\"><span class=\"dbl__title dbl__title_1\">\u00daltimas <\/span><span class=\"dbl__title dbl__title_2\">not\u00edcias<\/span><\/h3><\/a><\/div>\t\t<\/div>\n\t\t\t\t<\/div>\n\t\t\t\t<div class=\"elementor-element elementor-element-ca1d9d4 elementor-widget elementor-widget-mgposts_tab\" data-id=\"ca1d9d4\" data-element_type=\"widget\" data-settings=\"{&quot;_animation&quot;:&quot;none&quot;}\" data-widget_type=\"mgposts_tab.default\">\n\t\t\t\t<div class=\"elementor-widget-container\">\n\t\t\t\r\n\r\n        \r\n            <div class=\"mpt-tabs mpt-shadow mpdtabs-style3 mpt-tab-horizontal\">\r\n\r\n                \r\n                <!-- Horijontal tab start -->\r\n                \r\n\r\n                        <div class=\"mpdtab-nav-wrap bsknav-fit navalign-center\">\r\n                            <ul class=\"nav nav-tabs \" id=\"myTab\" role=\"tablist\">\r\n\r\n                                \r\n                                    <li class=\"nav-item\" role=\"presentation\">\r\n                                        <a class=\"nav-link active\" id=\"tab-552145430\" data-bs-toggle=\"tab\" data-bs-target=\"#mapt_552145430\" href=\"#\" role=\"tab\" aria-controls=\"mapt_552145430\" aria-selected=\"true\">\r\n                                                                                        <span>N\u00facleos AJA<\/span>\r\n                                                                                    <\/a>\r\n                                    <\/li>\r\n                                \r\n                                    <li class=\"nav-item\" role=\"presentation\">\r\n                                        <a class=\"nav-link\" id=\"tab-552145431\" data-bs-toggle=\"tab\" data-bs-target=\"#mapt_552145431\" href=\"#\" role=\"tab\" aria-controls=\"mapt_552145431\" aria-selected=\"false\">\r\n                                                                                        <span>Associa\u00e7\u00e3o Jos\u00e9 Afonso<\/span>\r\n                                                                                    <\/a>\r\n                                    <\/li>\r\n                                \r\n                            <\/ul>\r\n                        <\/div>\r\n\r\n\r\n                        <!-- Horijontal tab start -->\r\n                                                                        <div class=\"tab-content mpdtab-content\">\r\n                                                                                        <div id=\"mapt_552145430\" class=\"tab-pane fade in show active\" role=\"tabpanel\" aria-labelledby=\"home-tab\">\r\n                                    <div  class=\"mgp-unique6436126 mgpostd mgpde-items style1 mgpostd-grid \">\r\n\r\n                                        <div class=\"row\">\r\n\r\n\r\n                                                                                                <div class=\"col-lg-4\">\r\n                                                        <div class=\"card mg-card mg-shadow mgp-card mb-4\">\r\n                                                                        <div class=\"mp-post-img mp-card-img\">\r\n                <figure>\r\n                    <img width=\"1240\" height=\"1708\" src=\"https:\/\/aja.pt\/wp-content\/uploads\/2026\/04\/unnamed.png\" class=\"attachment-full size-full wp-post-image\" alt=\"\" loading=\"lazy\" srcset=\"https:\/\/aja.pt\/wp-content\/uploads\/2026\/04\/unnamed.png 1240w, https:\/\/aja.pt\/wp-content\/uploads\/2026\/04\/unnamed-218x300.png 218w, https:\/\/aja.pt\/wp-content\/uploads\/2026\/04\/unnamed-743x1024.png 743w, https:\/\/aja.pt\/wp-content\/uploads\/2026\/04\/unnamed-768x1058.png 768w, https:\/\/aja.pt\/wp-content\/uploads\/2026\/04\/unnamed-1115x1536.png 1115w, https:\/\/aja.pt\/wp-content\/uploads\/2026\/04\/unnamed-1140x1570.png 1140w\" sizes=\"(max-width: 1240px) 100vw, 1240px\" \/>                <\/figure>\r\n            <\/div>\r\n                                                                    <div class=\"mg-card-text card-body\">\r\n                                                                            <div class=\"mppost-cats mpcat-all mp-post-cat\">\r\n                <span class=\"mgp-post-cats\"> <a href=\"https:\/\/aja.pt\/en\/category\/aja-bruxelas\/\" rel=\"category tag\">AJA Bruxelas<\/a>, <a href=\"https:\/\/aja.pt\/en\/category\/nucleos-aja\/\" rel=\"category tag\">N\u00facleos AJA<\/a><\/span>            <\/div>\r\n\r\n                                                                            <a class=\"mpp-title-link mp-post-title\" href=\"https:\/\/aja.pt\/en\/25-de-abril-em-bruxelas\/\">\r\n                <h4 class=\"mgp-ptitle\">25 de Abril em Bruxelas<\/h4>            <\/a>\r\n                                                                                <div class=\"mp-meta bottom-meta mb-2\">\r\n            <span class=\"mp-posts-date\"><i class=\"icon-mp-clock\"><\/i> 20\/04\/2026<\/span>        <\/div>\r\n                                                                    \r\n\r\n                                                                                                                            <\/div>\r\n\r\n                                                        <\/div>\r\n                                                    <\/div>\r\n                                                                                                    <div class=\"col-lg-4\">\r\n                                                        <div class=\"card mg-card mg-shadow mgp-card mb-4\">\r\n                                                                        <div class=\"mp-post-img mp-card-img\">\r\n                <figure>\r\n                    <img width=\"1280\" height=\"1600\" src=\"https:\/\/aja.pt\/wp-content\/uploads\/2026\/04\/sessao-cultural-aja-norte.jpg\" class=\"attachment-full size-full wp-post-image\" alt=\"\" loading=\"lazy\" srcset=\"https:\/\/aja.pt\/wp-content\/uploads\/2026\/04\/sessao-cultural-aja-norte.jpg 1280w, https:\/\/aja.pt\/wp-content\/uploads\/2026\/04\/sessao-cultural-aja-norte-240x300.jpg 240w, https:\/\/aja.pt\/wp-content\/uploads\/2026\/04\/sessao-cultural-aja-norte-819x1024.jpg 819w, https:\/\/aja.pt\/wp-content\/uploads\/2026\/04\/sessao-cultural-aja-norte-768x960.jpg 768w, https:\/\/aja.pt\/wp-content\/uploads\/2026\/04\/sessao-cultural-aja-norte-1229x1536.jpg 1229w, https:\/\/aja.pt\/wp-content\/uploads\/2026\/04\/sessao-cultural-aja-norte-1140x1425.jpg 1140w\" sizes=\"(max-width: 1280px) 100vw, 1280px\" \/>                <\/figure>\r\n            <\/div>\r\n                                                                    <div class=\"mg-card-text card-body\">\r\n                                                                            <div class=\"mppost-cats mpcat-all mp-post-cat\">\r\n                <span class=\"mgp-post-cats\"> <a href=\"https:\/\/aja.pt\/en\/category\/aja-norte\/\" rel=\"category tag\">AJA Norte<\/a>, <a href=\"https:\/\/aja.pt\/en\/category\/nucleos-aja\/\" rel=\"category tag\">N\u00facleos AJA<\/a><\/span>            <\/div>\r\n\r\n                                                                            <a class=\"mpp-title-link mp-post-title\" href=\"https:\/\/aja.pt\/en\/sessao-na-escola-soares-dos-reis-porto\/\">\r\n                <h4 class=\"mgp-ptitle\">Sess\u00e3o na Escola Soares dos Reis&hellip;<\/h4>            <\/a>\r\n                                                                                <div class=\"mp-meta bottom-meta mb-2\">\r\n            <span class=\"mp-posts-date\"><i class=\"icon-mp-clock\"><\/i> 16\/04\/2026<\/span>        <\/div>\r\n                                                                    \r\n\r\n                                                                                                                            <\/div>\r\n\r\n                                                        <\/div>\r\n                                                    <\/div>\r\n                                                                                                    <div class=\"col-lg-4\">\r\n                                                        <div class=\"card mg-card mg-shadow mgp-card mb-4\">\r\n                                                                        <div class=\"mp-post-img mp-card-img\">\r\n                <figure>\r\n                    <img width=\"1080\" height=\"1350\" src=\"https:\/\/aja.pt\/wp-content\/uploads\/2026\/04\/Concerto-25-abril.png\" class=\"attachment-full size-full wp-post-image\" alt=\"\" loading=\"lazy\" srcset=\"https:\/\/aja.pt\/wp-content\/uploads\/2026\/04\/Concerto-25-abril.png 1080w, https:\/\/aja.pt\/wp-content\/uploads\/2026\/04\/Concerto-25-abril-240x300.png 240w, https:\/\/aja.pt\/wp-content\/uploads\/2026\/04\/Concerto-25-abril-819x1024.png 819w, https:\/\/aja.pt\/wp-content\/uploads\/2026\/04\/Concerto-25-abril-768x960.png 768w\" sizes=\"(max-width: 1080px) 100vw, 1080px\" \/>                <\/figure>\r\n            <\/div>\r\n                                                                    <div class=\"mg-card-text card-body\">\r\n                                                                            <div class=\"mppost-cats mpcat-all mp-post-cat\">\r\n                <span class=\"mgp-post-cats\"> <a href=\"https:\/\/aja.pt\/en\/category\/aja-setubal\/\" rel=\"category tag\">AJA Set\u00fabal<\/a>, <a href=\"https:\/\/aja.pt\/en\/category\/nucleos-aja\/\" rel=\"category tag\">N\u00facleos AJA<\/a><\/span>            <\/div>\r\n\r\n                                                                            <a class=\"mpp-title-link mp-post-title\" href=\"https:\/\/aja.pt\/en\/concerto-fados-de-coimbra-no-sado\/\">\r\n                <h4 class=\"mgp-ptitle\">Concerto | Fados de Coimbra no&hellip;<\/h4>            <\/a>\r\n                                                                                <div class=\"mp-meta bottom-meta mb-2\">\r\n            <span class=\"mp-posts-date\"><i class=\"icon-mp-clock\"><\/i> 16\/04\/2026<\/span>        <\/div>\r\n                                                                    \r\n\r\n                                                                                                                            <\/div>\r\n\r\n                                                        <\/div>\r\n                                                    <\/div>\r\n                                                                                                                                    <\/div>\r\n\r\n                                    <\/div>\r\n                                <\/div>\r\n\r\n\r\n                                                            <div id=\"mapt_552145431\" class=\"tab-pane fade in \" role=\"tabpanel\" aria-labelledby=\"home-tab\">\r\n                                    <div  class=\"mgp-unique6436126 mgpostd mgpde-items style1 mgpostd-grid \">\r\n\r\n                                        <div class=\"row\">\r\n\r\n\r\n                                                                                                <div class=\"col-lg-4\">\r\n                                                        <div class=\"card mg-card mg-shadow mgp-card mb-4\">\r\n                                                                        <div class=\"mp-post-img mp-card-img\">\r\n                <figure>\r\n                    <img width=\"1080\" height=\"1350\" src=\"https:\/\/aja.pt\/wp-content\/uploads\/2026\/04\/COMUNICADO-SOLIDARIEDADE-COM-A-COOPERATIVA-ANTONIO-SERGIO-PARA-A-ECONOMIA-SOCIAL.png\" class=\"attachment-full size-full wp-post-image\" alt=\"\" loading=\"lazy\" srcset=\"https:\/\/aja.pt\/wp-content\/uploads\/2026\/04\/COMUNICADO-SOLIDARIEDADE-COM-A-COOPERATIVA-ANTONIO-SERGIO-PARA-A-ECONOMIA-SOCIAL.png 1080w, https:\/\/aja.pt\/wp-content\/uploads\/2026\/04\/COMUNICADO-SOLIDARIEDADE-COM-A-COOPERATIVA-ANTONIO-SERGIO-PARA-A-ECONOMIA-SOCIAL-240x300.png 240w, https:\/\/aja.pt\/wp-content\/uploads\/2026\/04\/COMUNICADO-SOLIDARIEDADE-COM-A-COOPERATIVA-ANTONIO-SERGIO-PARA-A-ECONOMIA-SOCIAL-819x1024.png 819w, https:\/\/aja.pt\/wp-content\/uploads\/2026\/04\/COMUNICADO-SOLIDARIEDADE-COM-A-COOPERATIVA-ANTONIO-SERGIO-PARA-A-ECONOMIA-SOCIAL-768x960.png 768w\" sizes=\"(max-width: 1080px) 100vw, 1080px\" \/>                <\/figure>\r\n            <\/div>\r\n                                                                    <div class=\"mg-card-text card-body\">\r\n                                                                            <div class=\"mppost-cats mpcat-all mp-post-cat\">\r\n                <span class=\"mgp-post-cats\"> <a href=\"https:\/\/aja.pt\/en\/category\/associacao-jose-afonso\/\" rel=\"category tag\">Associa\u00e7\u00e3o Jos\u00e9 Afonso<\/a><\/span>            <\/div>\r\n\r\n                                                                            <a class=\"mpp-title-link mp-post-title\" href=\"https:\/\/aja.pt\/en\/solidariedade-com-a-cooperativa-antonio-sergio-para-a-economia-social\/\">\r\n                <h4 class=\"mgp-ptitle\">SOLIDARIEDADE COM A COOPERATIVA ANT\u00d3NIO S\u00c9RGIO&hellip;<\/h4>            <\/a>\r\n                                                                                <div class=\"mp-meta bottom-meta mb-2\">\r\n            <span class=\"mp-posts-date\"><i class=\"icon-mp-clock\"><\/i> 16\/04\/2026<\/span>        <\/div>\r\n                                                                    \r\n\r\n                                                                                                                            <\/div>\r\n\r\n                                                        <\/div>\r\n                                                    <\/div>\r\n                                                                                                    <div class=\"col-lg-4\">\r\n                                                        <div class=\"card mg-card mg-shadow mgp-card mb-4\">\r\n                                                                        <div class=\"mp-post-img mp-card-img\">\r\n                <figure>\r\n                    <img width=\"1080\" height=\"1350\" src=\"https:\/\/aja.pt\/wp-content\/uploads\/2026\/03\/comunicado-repudia-.png\" class=\"attachment-full size-full wp-post-image\" alt=\"\" loading=\"lazy\" srcset=\"https:\/\/aja.pt\/wp-content\/uploads\/2026\/03\/comunicado-repudia-.png 1080w, https:\/\/aja.pt\/wp-content\/uploads\/2026\/03\/comunicado-repudia--240x300.png 240w, https:\/\/aja.pt\/wp-content\/uploads\/2026\/03\/comunicado-repudia--819x1024.png 819w, https:\/\/aja.pt\/wp-content\/uploads\/2026\/03\/comunicado-repudia--768x960.png 768w\" sizes=\"(max-width: 1080px) 100vw, 1080px\" \/>                <\/figure>\r\n            <\/div>\r\n                                                                    <div class=\"mg-card-text card-body\">\r\n                                                                            <div class=\"mppost-cats mpcat-all mp-post-cat\">\r\n                <span class=\"mgp-post-cats\"> <a href=\"https:\/\/aja.pt\/en\/category\/associacao-jose-afonso\/\" rel=\"category tag\">Associa\u00e7\u00e3o Jos\u00e9 Afonso<\/a><\/span>            <\/div>\r\n\r\n                                                                            <a class=\"mpp-title-link mp-post-title\" href=\"https:\/\/aja.pt\/en\/associacao-jose-afonso-repudia-a-utilizacao-abusiva-e-insultuosa-da-figura-de-zeca-na-manifestacao-do-movimento-pro-vida\/\">\r\n                <h4 class=\"mgp-ptitle\">Associa\u00e7\u00e3o Jos\u00e9 Afonso repudia a utiliza\u00e7\u00e3o&hellip;<\/h4>            <\/a>\r\n                                                                                <div class=\"mp-meta bottom-meta mb-2\">\r\n            <span class=\"mp-posts-date\"><i class=\"icon-mp-clock\"><\/i> 30\/03\/2026<\/span>        <\/div>\r\n                                                                    \r\n\r\n                                                                                                                            <\/div>\r\n\r\n                                                        <\/div>\r\n                                                    <\/div>\r\n                                                                                                    <div class=\"col-lg-4\">\r\n                                                        <div class=\"card mg-card mg-shadow mgp-card mb-4\">\r\n                                                                        <div class=\"mp-post-img mp-card-img\">\r\n                <figure>\r\n                    <img width=\"1080\" height=\"1350\" src=\"https:\/\/aja.pt\/wp-content\/uploads\/2025\/12\/1.png\" class=\"attachment-full size-full wp-post-image\" alt=\"\" loading=\"lazy\" srcset=\"https:\/\/aja.pt\/wp-content\/uploads\/2025\/12\/1.png 1080w, https:\/\/aja.pt\/wp-content\/uploads\/2025\/12\/1-240x300.png 240w, https:\/\/aja.pt\/wp-content\/uploads\/2025\/12\/1-819x1024.png 819w, https:\/\/aja.pt\/wp-content\/uploads\/2025\/12\/1-768x960.png 768w\" sizes=\"(max-width: 1080px) 100vw, 1080px\" \/>                <\/figure>\r\n            <\/div>\r\n                                                                    <div class=\"mg-card-text card-body\">\r\n                                                                            <div class=\"mppost-cats mpcat-all mp-post-cat\">\r\n                <span class=\"mgp-post-cats\"> <a href=\"https:\/\/aja.pt\/en\/category\/associacao-jose-afonso\/\" rel=\"category tag\">Associa\u00e7\u00e3o Jos\u00e9 Afonso<\/a><\/span>            <\/div>\r\n\r\n                                                                            <a class=\"mpp-title-link mp-post-title\" href=\"https:\/\/aja.pt\/en\/promocoes-de-natal-na-loja-da-aja\/\">\r\n                <h4 class=\"mgp-ptitle\">Promo\u00e7\u00f5es de Natal na loja da&hellip;<\/h4>            <\/a>\r\n                                                                                <div class=\"mp-meta bottom-meta mb-2\">\r\n            <span class=\"mp-posts-date\"><i class=\"icon-mp-clock\"><\/i> 17\/12\/2025<\/span>        <\/div>\r\n                                                                    \r\n\r\n                                                                                                                            <\/div>\r\n\r\n                                                        <\/div>\r\n                                                    <\/div>\r\n                                                                                                                                    <\/div>\r\n\r\n                                    <\/div>\r\n                                <\/div>\r\n\r\n\r\n                            \r\n                        <\/div>\r\n\r\n                        <!-- Horijontal tab start -->\r\n                        \r\n\r\n\r\n            <\/div>\r\n        \r\n\t\t<\/div>\n\t\t\t\t<\/div>\n\t\t\t\t\t<\/div>\n\t\t<\/div>\n\t\t\t\t\t\t\t<\/div>\n\t\t<\/section>\n\t\t\t\t\t\t<\/div>\n\t\t\t\t\t<\/div>\n\t\t","protected":false},"excerpt":{"rendered":"<p>A Associa\u00e7\u00e3o Jos\u00e9 Afonso \u00e9 uma associa\u00e7\u00e3o cultural e c\u00edvica, n\u00e3o confessional, formada em torno da mem\u00f3ria e do exemplo de Jos\u00e9 Afonso, evocado no dia da apresenta\u00e7\u00e3o p\u00fablica ocorrida em 18 de Novembro de 1987, enquanto artista-militante, expoente de cultura aberta e universalizante, combatente de todas as causas verdadeiramente solid\u00e1rias, como Homem, enfim. Na [&hellip;]<\/p>\n","protected":false},"author":3,"featured_media":0,"parent":0,"menu_order":0,"comment_status":"closed","ping_status":"closed","template":"","meta":[],"_links":{"self":[{"href":"https:\/\/aja.pt\/en\/wp-json\/wp\/v2\/pages\/22023"}],"collection":[{"href":"https:\/\/aja.pt\/en\/wp-json\/wp\/v2\/pages"}],"about":[{"href":"https:\/\/aja.pt\/en\/wp-json\/wp\/v2\/types\/page"}],"author":[{"embeddable":true,"href":"https:\/\/aja.pt\/en\/wp-json\/wp\/v2\/users\/3"}],"replies":[{"embeddable":true,"href":"https:\/\/aja.pt\/en\/wp-json\/wp\/v2\/comments?post=22023"}],"version-history":[{"count":73,"href":"https:\/\/aja.pt\/en\/wp-json\/wp\/v2\/pages\/22023\/revisions"}],"predecessor-version":[{"id":46399,"href":"https:\/\/aja.pt\/en\/wp-json\/wp\/v2\/pages\/22023\/revisions\/46399"}],"wp:attachment":[{"href":"https:\/\/aja.pt\/en\/wp-json\/wp\/v2\/media?parent=22023"}],"curies":[{"name":"wp","href":"https:\/\/api.w.org\/{rel}","templated":true}]}}